{"id":4198,"date":"2019-01-15T09:42:00","date_gmt":"2019-01-15T08:42:00","guid":{"rendered":"https:\/\/www.mudanzascontrol.com\/mudanzas-oficinas\/"},"modified":"2025-09-13T15:12:02","modified_gmt":"2025-09-13T14:12:02","slug":"mudances-oficina","status":"publish","type":"page","link":"https:\/\/www.mudanzascontrol.com\/ca\/mudances-oficina\/","title":{"rendered":"Mudan\u00e7a d&#8217;Oficina i Empresa"},"content":{"rendered":"<div class=\"wpb-content-wrapper\"><p>[vc_row full_width=&#8221;stretch_row_content_no_spaces&#8221; css=&#8221;.vc_custom_1561451831463{background-image: url(https:\/\/www.mudanzascontrol.com\/wp-content\/uploads\/2019\/03\/oficinas-agbar2.jpg?id=1576) !important;background-position: center !important;background-repeat: no-repeat !important;background-size: cover !important;}&#8221;][vc_column][vc_empty_space height=&#8221;4em&#8221; alter_height=&#8221;none&#8221; hide_on_mobile=&#8221;&#8221;][vc_empty_space height=&#8221;10em&#8221; alter_height=&#8221;none&#8221; hide_on_mobile=&#8221;1&#8243;][vc_custom_heading text=&#8221;Mudances d&apos;Oficines a Barcelona&#8221; font_container=&#8221;tag:h1|text_align:center|color:%23ffffff&#8221; use_theme_fonts=&#8221;yes&#8221; css=&#8221;.vc_custom_1609092782974{background-color: rgba(0,0,0,0.13) !important;*background-color: rgb(0,0,0) !important;}&#8221;][vc_empty_space height=&#8221;4em&#8221; alter_height=&#8221;none&#8221; hide_on_mobile=&#8221;&#8221;]<div class=\"sc_item_button sc_button_wrap sc_align_center\"><a href=\"#form\" id=\"sc_button_1217862195\" class=\"sc_button sc_button_default sc_button_size_normal sc_button_icon_left\"><span class=\"sc_button_text sc_align_center\" data-text=\"Formulario de Contacto\"><span class=\"sc_button_title\">Formulario de Contacto<\/span><\/span><!-- \/.sc_button_text --><\/a><!-- \/.sc_button --><\/div><!-- \/.sc_item_button -->[vc_empty_space height=&#8221;4em&#8221; alter_height=&#8221;none&#8221; hide_on_mobile=&#8221;&#8221;][vc_empty_space height=&#8221;10em&#8221; alter_height=&#8221;none&#8221; hide_on_mobile=&#8221;1&#8243;][\/vc_column][\/vc_row][vc_row css=&#8221;.vc_custom_1559902562368{margin-top: -20px !important;background-position: center !important;background-repeat: no-repeat !important;background-size: cover !important;}&#8221;][vc_column width=&#8221;2\/3&#8243; css=&#8221;.vc_custom_1547546572410{margin-top: 10px !important;margin-left: 0px !important;}&#8221; el_class=&#8221;margin_left_0&#8243;][vc_column_text]<\/p>\n<h2>Trasllats d&#8217;Empresa i Oficina<\/h2>\n<p>L&#8217; especialitzaci\u00f3 de Control en el trasllat d&#8217; empreses i mudances d&#8217; oficines a Barcelona li permet disposar d&#8217; una soluci\u00f3 integral per al trasllat del seu negoci. Li oferim un ampli ventall de serveis i una adaptaci\u00f3 a mida, podent cobrir des de petites mudances fins a trasllats corporatius de m\u00e9s de mil llocs de treball.[\/vc_column_text][vc_empty_space height=&#8221;2em&#8221; alter_height=&#8221;none&#8221; hide_on_mobile=&#8221;&#8221;][vc_row_inner][vc_column_inner width=&#8221;1\/2&#8243;][vc_column_text]<\/p>\n<ul class=\"trx_addons_list trx_addons_list_success\">\n<li>Mudances d&#8217;Oficines<\/li>\n<li>Trasllat de Servidors i Racks<\/li>\n<li>Transport d&#8217; Equips Inform\u00e0tics<\/li>\n<\/ul>\n<p>[\/vc_column_text][vc_empty_space height=&#8221;1em&#8221; alter_height=&#8221;none&#8221; hide_on_mobile=&#8221;&#8221;][\/vc_column_inner][vc_column_inner width=&#8221;1\/2&#8243;][vc_column_text]<\/p>\n<ul class=\"trx_addons_list trx_addons_list_success\">\n<li>Guardamobles<\/li>\n<li>Digitalitzaci\u00f3 i Cust\u00f2dia d&#8217; Arxius<\/li>\n<li>Mudances Especials<\/li>\n<\/ul>\n<p>[\/vc_column_text][\/vc_column_inner][\/vc_row_inner][\/vc_column][vc_column width=&#8221;1\/3&#8243;][vc_empty_space height=&#8221;2em&#8221; alter_height=&#8221;none&#8221; hide_on_mobile=&#8221;&#8221;][vc_empty_space height=&#8221;4em&#8221; alter_height=&#8221;none&#8221; hide_on_mobile=&#8221;1&#8243;][vc_single_image image=&#8221;4808&#8243; img_size=&#8221;full&#8221;][\/vc_column][\/vc_row][vc_row][vc_column][vc_empty_space height=&#8221;2em&#8221; alter_height=&#8221;none&#8221; hide_on_mobile=&#8221;1&#8243;][vc_row_inner][vc_column_inner width=&#8221;1\/3&#8243;][vc_single_image image=&#8221;4160&#8243; img_size=&#8221;full&#8221; alignment=&#8221;center&#8221;][\/vc_column_inner][vc_column_inner width=&#8221;1\/3&#8243;][vc_single_image image=&#8221;4159&#8243; img_size=&#8221;full&#8221; alignment=&#8221;center&#8221;][\/vc_column_inner][vc_column_inner width=&#8221;1\/3&#8243;][vc_single_image image=&#8221;4522&#8243; img_size=&#8221;full&#8221; alignment=&#8221;center&#8221;][\/vc_column_inner][\/vc_row_inner][vc_empty_space height=&#8221;3em&#8221; alter_height=&#8221;none&#8221; hide_on_mobile=&#8221;&#8221;][\/vc_column][\/vc_row][vc_row full_width=&#8221;stretch_row_content_no_spaces&#8221; css=&#8221;.vc_custom_1607016378695{border-top-width: 10px !important;border-bottom-width: 10px !important;border-top-color: #10228a !important;border-top-style: solid !important;border-bottom-color: #10228a !important;border-bottom-style: solid !important;}&#8221;][vc_column][vc_empty_space height=&#8221;2em&#8221; alter_height=&#8221;none&#8221; hide_on_mobile=&#8221;&#8221;][vc_custom_heading text=&#8221;Som especialistes en Mudances d&apos;Oficines&#8221; font_container=&#8221;tag:h2|text_align:center&#8221; use_theme_fonts=&#8221;yes&#8221; css=&#8221;.vc_custom_1607016510503{margin-top: 0px !important;margin-bottom: 0px !important;}&#8221;][vc_empty_space height=&#8221;2em&#8221; alter_height=&#8221;none&#8221; hide_on_mobile=&#8221;&#8221;][\/vc_column][\/vc_row][vc_row][vc_column][vc_empty_space height=&#8221;2em&#8221; alter_height=&#8221;none&#8221; hide_on_mobile=&#8221;1&#8243;][vc_video link=&#8221;https:\/\/www.youtube.com\/watch?v=jYPfbXjRle4&amp;t=9s&#8221; el_width=&#8221;70&#8243; align=&#8221;center&#8221;][vc_empty_space height=&#8221;2em&#8221; alter_height=&#8221;none&#8221; hide_on_mobile=&#8221;1&#8243;][\/vc_column][\/vc_row][vc_row css=&#8221;.vc_custom_1550065349328{margin-right: 0px !important;margin-left: 0px !important;border-right-width: 0px !important;border-left-width: 0px !important;padding-right: 0px !important;padding-left: 0px !important;}&#8221;][vc_column width=&#8221;1\/4&#8243; offset=&#8221;vc_hidden-xs&#8221;][vc_single_image image=&#8221;2557&#8243; img_size=&#8221;large&#8221;][vc_empty_space height=&#8221;2em&#8221; hide_on_mobile=&#8221;&#8221;][\/vc_column][vc_column width=&#8221;3\/4&#8243; css=&#8221;.vc_custom_1548405643297{padding-right: 10% !important;padding-left: 10% !important;}&#8221;][vc_tta_accordion spacing=&#8221;10&#8243; gap=&#8221;10&#8243; c_align=&#8221;center&#8221; active_section=&#8221;1&#8243; css=&#8221;.vc_custom_1550065255638{margin-right: 0px !important;margin-left: 0px !important;border-right-width: 0px !important;border-left-width: 0px !important;padding-right: 0px !important;padding-left: 0px !important;}&#8221;][vc_tta_section title=&#8221;Experi\u00e8ncia&#8221; tab_id=&#8221;1550064730449-6c659f88-744e&#8221;][vc_column_text css=&#8221;.vc_custom_1606564739439{padding-top: 20px !important;padding-bottom: 20px !important;}&#8221;]<b>Experi\u00e8ncia:  <\/b><span style=\"font-weight: 400;\">Des de 1988 hem traslladat desenes d&#8217;empreses de tot tipus i dimensions. Destaquem entre els \u00faltims projectes de mudances d&#8217;oficines: El <a href=\"https:\/\/www.mudanzascontrol.com\/ca\/trasllat-corporatiu-de-la-torre-agbar\/\">trasllat integral de la Torre Agbar<\/a> a les seves noves oficines de la Zona Franca, el <a href=\"https:\/\/www.mudanzascontrol.com\/ca\/trasllat-de-llibres-i-oficines-dels-registres-de-la-propietat-de-barcelona\/\">trasllat dels Registres de la Propietat de Barcelona<\/a> i el projecte clau en m\u00e0 per a la <a href=\"https:\/\/www.mudanzascontrol.com\/ca\/trasllat-oficines-en-temps-record\/\">reorganitzaci\u00f3 d&#8217;espais de l&#8217;Institut Municipal d&#8217;Inform\u00e0tica de l&#8217;Ajuntament de Barcelona<\/a>.<br \/>\n<\/span>[\/vc_column_text][\/vc_tta_section][vc_tta_section title=&#8221;professionalitat&#8221; tab_id=&#8221;1550064730611-bf6ff4aa-25e2&#8243;][vc_column_text]<b>Professionalitat<\/b><span style=\"font-weight: 400;\">  Els equips de treball de Mudances Control estan formats per professionals altament qualificats i formats espec\u00edficament per a les tasques m\u00e9s complexes d&#8217; una mudan\u00e7a. Els nostres processos de treball estan estudiats i perfeccionats al llarg de la nostra traject\u00f2ria, la qual cosa, juntament amb els mitjans m\u00e9s innovadors i una planificaci\u00f3 adequada, ens permeten dur a terme un trasllat efectiu i amb el menor impacte per a l&#8217; activitat del seu negoci.<br \/>\n<\/span>[\/vc_column_text][\/vc_tta_section][vc_tta_section title=&#8221;Fiabilitat&#8221; tab_id=&#8221;1550064805327-47abc1b4-99d7&#8243;][vc_column_text]<b>Fiabilitat<\/b><span style=\"font-weight: 400;\">: El nostre principal comprom\u00eds \u00e9s aconseguir la satisfacci\u00f3 del client, el que ho \u00e9s a trav\u00e9s de la millora continuada dels nostres processos. Aix\u00ed, despr\u00e9s de m\u00e9s de 30 anys d&#8217;experi\u00e8ncia, Mudances Control \u00e9s garantia d&#8217;un resultat satisfactori. La nostra efic\u00e0cia en la realitzaci\u00f3 de mudances d&#8217; oficines a Barcelona ha estat reconeguda per importants empreses i organismes p\u00fablics.   A m\u00e9s de la confian\u00e7a dipositada pels nostres clients de manera recurrent, comptem amb els m\u00e9s prestigiosos certificats de qualitat, gesti\u00f3 de l&#8217;impacte en el medi ambient i Prevenci\u00f3 de Riscos Laborals (normes ISO 9001, ISO 14001, ISO 45001).<\/span>[\/vc_column_text][\/vc_tta_section][vc_tta_section title=&#8221;Capacitat&#8221; tab_id=&#8221;1550064826137-a770ed66-6aa3&#8243;][vc_column_text]<b>Capacitat:<\/b><span style=\"font-weight: 400;\">  Disposem dels mitjans humans i t\u00e8cnics per dur a terme amb \u00e8xit des de petites mudances d&#8217;oficines fins a grans trasllats corporatius. Des de les nostres oficines de Barcelona coordinem trasllats integrals d&#8217;empresa a les principals ciutats espanyoles. Li garantim un servei r\u00e0pid i efectiu, adaptant-nos a les necessitats del client per aconseguir la seva satisfacci\u00f3.  <\/span>[\/vc_column_text][\/vc_tta_section][\/vc_tta_accordion][\/vc_column][\/vc_row][vc_row full_width=&#8221;stretch_row_content_no_spaces&#8221;][vc_column][vc_empty_space height=&#8221;4em&#8221; alter_height=&#8221;none&#8221; hide_on_mobile=&#8221;&#8221;][\/vc_column][\/vc_row][vc_row css=&#8221;.vc_custom_1607016328176{background-color: #10228a !important;}&#8221;][vc_column][vc_empty_space height=&#8221;2em&#8221; alter_height=&#8221;none&#8221; hide_on_mobile=&#8221;&#8221;][vc_custom_heading text=&#8221;Una soluci\u00f3 integral per al seu trasllat&#8221; font_container=&#8221;tag:h3|text_align:center|color:%23ffffff&#8221; use_theme_fonts=&#8221;yes&#8221; css=&#8221;.vc_custom_1607016519934{margin-top: 0px !important;margin-bottom: 0px !important;}&#8221;][vc_empty_space height=&#8221;2em&#8221; alter_height=&#8221;none&#8221; hide_on_mobile=&#8221;&#8221;][\/vc_column][\/vc_row][vc_row css=&#8221;.vc_custom_1607016365450{padding-bottom: 20px !important;background-color: #10228a !important;}&#8221;][vc_column width=&#8221;1\/2&#8243;][vc_column_text css=&#8221;.vc_custom_1548411175747{padding-right: 10% !important;padding-left: 10% !important;}&#8221;]<span style=\"font-weight: 400; color: #ffffff;\">Pressupostos personalitzats en funci\u00f3 de les seves necessitats, incloent planificaci\u00f3 i horaris.<\/span><\/p>\n<p><span style=\"font-weight: 400; color: #ffffff;\">Assessor personal durant tot el proc\u00e9s per a la coordinaci\u00f3 del trasllat.<\/span><\/p>\n<p><span style=\"font-weight: 400; color: #ffffff;\">Coordinaci\u00f3 d&#8217;Activitats Empresarials per part del nostre departament de Prevenci\u00f3 de Riscos Laborals (P.R.L.)<\/span><\/p>\n<p><span style=\"font-weight: 400; color: #ffffff;\">Guardamobles i Cust\u00f2dia d&#8217; Arxiu confidencial.<\/span>[\/vc_column_text][vc_empty_space height=&#8221;2em&#8221; alter_height=&#8221;none&#8221; hide_on_mobile=&#8221;&#8221;][\/vc_column][vc_column width=&#8221;1\/2&#8243;][vc_column_text css=&#8221;.vc_custom_1548411165084{padding-right: 10% !important;padding-left: 10% !important;}&#8221;]<span style=\"font-weight: 400; color: #ffffff;\">Plataformes elevadores i mitjans innovadors per facilitar el treball en tot tipus d&#8217; edificis.<\/span><\/p>\n<p><span style=\"font-weight: 400; color: #ffffff;\">Desmuntatge, trasllat i muntatge de mobiliari d&#8217;oficina i magatzem: taules, armaris, cadires, prestatgeries, &#8230;<\/span><\/p>\n<p><span style=\"font-weight: 400; color: #ffffff;\">Desconnexi\u00f3 i connexi\u00f3 d&#8217; equips inform\u00e0tics.<\/span><\/p>\n<p><span style=\"font-weight: 400; color: #ffffff;\">Transport de servidors, racks i equips delicats.<\/span><\/p>\n<p><span style=\"font-weight: 400; color: #ffffff;\">Trasllat d&#8217; arxius, biblioteques i fons documentals.<\/span>[\/vc_column_text][\/vc_column][\/vc_row][vc_row css=&#8221;.vc_custom_1556268312825{margin-bottom: 20px !important;background-position: center !important;background-repeat: no-repeat !important;background-size: cover !important;}&#8221;][vc_column][vc_column_text css=&#8221;&#8221;]<\/p>\n<h3 style=\"text-align: justify;\">Mudances d&#8217;Oficines<\/h3>\n<p style=\"text-align: justify;\"><img loading=\"lazy\" decoding=\"async\" class=\"wp-image-1608 size-wisemove-thumb-masonry alignright\" src=\"https:\/\/www.mudanzascontrol.com\/wp-content\/uploads\/2019\/03\/Oficinas-Blue-Building-Barcelona-web-370x278.jpg\" alt=\"Mudances d'Oficines a Barcelona\" width=\"370\" height=\"278\" srcset=\"https:\/\/www.mudanzascontrol.com\/wp-content\/uploads\/2019\/03\/Oficinas-Blue-Building-Barcelona-web-370x278.jpg 370w, https:\/\/www.mudanzascontrol.com\/wp-content\/uploads\/2019\/03\/Oficinas-Blue-Building-Barcelona-web-300x225.jpg 300w, https:\/\/www.mudanzascontrol.com\/wp-content\/uploads\/2019\/03\/Oficinas-Blue-Building-Barcelona-web-768x576.jpg 768w, https:\/\/www.mudanzascontrol.com\/wp-content\/uploads\/2019\/03\/Oficinas-Blue-Building-Barcelona-web-1024x768.jpg 1024w, https:\/\/www.mudanzascontrol.com\/wp-content\/uploads\/2019\/03\/Oficinas-Blue-Building-Barcelona-web-770x578.jpg 770w\" sizes=\"auto, (max-width: 370px) 100vw, 370px\" \/>Una llarga experi\u00e8ncia en trasllats d&#8217;empreses ens permet oferir-li una mudan\u00e7a d&#8217;oficines ben organitzada i en conseq\u00fc\u00e8ncia r\u00e0pida i efectiva.<\/p>\n<p style=\"text-align: justify;\"><strong>El nostre equip aconseguir\u00e0 que la productivitat de la seva empresa no es vegi afectada per motiu del trasllat.<\/strong><\/p>\n<p style=\"text-align: justify;\">Realitzem mudances d&#8217;oficines a Barcelona per a tota mena d&#8217;empreses, des de petits trasllats fins a mudances corporatives completes. Li demostrarem \u00e0mplia experi\u00e8ncia en mudances de qualsevol nombre de llocs de treball, arxius i magatzems. Per al <span style=\"color: #000000;\"><a style=\"color: #000000;\" href=\"https:\/\/www.mudanzascontrol.com\/ca\/trasllat-d-arxius-i-biblioteques\/\">trasllat de documentaci\u00f3<\/a> <\/span>confidencial li oferim un sistema que garanteix la privacitat durant el transport dels seus arxius.  <\/p>\n<h4>Soluci\u00f3 integral per a la seva mudan\u00e7a d&#8217; oficina<\/h4>\n<p>Un assessor especialitzat l&#8217; informar\u00e0 dels serveis a disposici\u00f3 de la seva empresa: embalatge i desembalatge d&#8217; arxius i documentaci\u00f3, desconnexi\u00f3 i connexi\u00f3 d&#8217; equips inform\u00e0tics, subministrament anticipat de materials d&#8217; embalatge, <span style=\"color: #000000;\"><a style=\"color: #000000;\" href=\"https:\/\/www.mudanzascontrol.com\/ca\/permis-de-mudanca-a-barcelona\/\">sol.licitud de permisos municipals<\/a><\/span>, contractaci\u00f3 d&#8217; assegurances de transport de mercaderies, solucions espec\u00edfiques per <span style=\"color: #000000;\"><a style=\"color: #000000;\" href=\"https:\/\/www.mudanzascontrol.com\/ca\/trasllat-de-caixes-fortes\/\">a trasllats de caixes fortes<\/a><\/span> i maquin\u00e0ria fr\u00e0gil o pesada, etc.<\/p>\n<h3>Mudances Especials<\/h3>\n<p><img loading=\"lazy\" decoding=\"async\" class=\"wp-image-1606 size-wisemove-thumb-masonry alignright\" src=\"https:\/\/www.mudanzascontrol.com\/wp-content\/uploads\/2019\/03\/Traslado-robot-laboratorio-web-370x235.jpg\" alt=\"Trasllat robot laboratori\" width=\"370\" height=\"235\" srcset=\"https:\/\/www.mudanzascontrol.com\/wp-content\/uploads\/2019\/03\/Traslado-robot-laboratorio-web-370x235.jpg 370w, https:\/\/www.mudanzascontrol.com\/wp-content\/uploads\/2019\/03\/Traslado-robot-laboratorio-web-300x191.jpg 300w, https:\/\/www.mudanzascontrol.com\/wp-content\/uploads\/2019\/03\/Traslado-robot-laboratorio-web-768x488.jpg 768w, https:\/\/www.mudanzascontrol.com\/wp-content\/uploads\/2019\/03\/Traslado-robot-laboratorio-web-1024x650.jpg 1024w, https:\/\/www.mudanzascontrol.com\/wp-content\/uploads\/2019\/03\/Traslado-robot-laboratorio-web-770x489.jpg 770w, https:\/\/www.mudanzascontrol.com\/wp-content\/uploads\/2019\/03\/Traslado-robot-laboratorio-web.jpg 1600w\" sizes=\"auto, (max-width: 370px) 100vw, 370px\" \/>La divisi\u00f3 de transport delicat li oferir\u00e0 la millor soluci\u00f3 per <span style=\"color: #000000;\"><a style=\"color: #000000;\" href=\"https:\/\/www.mudanzascontrol.com\/ca\/trasllat-laboratoris\/\"><b>a trasllats de laboratoris<\/b><\/a> <\/span>i per <b><a href=\"https:\/\/www.mudanzascontrol.com\/ca\/trasllat-de-maquinaria\/\"><span style=\"color: #000000;\">a transport d&#8217;equips delicats<\/span><\/a>.<\/b> Grans projectes avalen la nostra professionalitat en aquest camp. Durant m\u00e9s de 30 anys d&#8217;experi\u00e8ncia hem traslladat tota mena d&#8217;objectes en laboratoris, magatzems, centres de recerca i oficines a Barcelona. <\/p>\n<p>El 1999 vam ser la 1a empresa de mudances a Catalunya a obtenir el Certificat ISO 9001. A dia d&#8217; avui, la gesti\u00f3 de Mudances Control es realitza basant-se en les m\u00e9s estrictes exig\u00e8ncies dels certificats ISO 9001, ISO 14001 i la ISO 45001. <\/p>\n<p>Com a conseq\u00fc\u00e8ncia, tot el nostre personal rep peri\u00f2dicament formaci\u00f3 t\u00e8cnica de prevenci\u00f3 de riscos laborals, de cura del medi ambient i d&#8217; aplicaci\u00f3 de les normes de qualitat. Nom\u00e9s aix\u00ed ho volem mantenir l&#8217;alt nivell de qualitat que volem oferir en cadascun dels nostres serveis. <\/p>\n<h3>Cust\u00f2dia d&#8217; Arxiu<\/h3>\n<p><img loading=\"lazy\" decoding=\"async\" class=\"wp-image-1604 size-wisemove-thumb-masonry alignright\" src=\"https:\/\/www.mudanzascontrol.com\/wp-content\/uploads\/2019\/03\/gestion-archivo-cod-barras-fb-370x247.jpg\" alt=\"cust\u00f2dia d' arxius\" width=\"370\" height=\"247\" srcset=\"https:\/\/www.mudanzascontrol.com\/wp-content\/uploads\/2019\/03\/gestion-archivo-cod-barras-fb-370x247.jpg 370w, https:\/\/www.mudanzascontrol.com\/wp-content\/uploads\/2019\/03\/gestion-archivo-cod-barras-fb-300x200.jpg 300w, https:\/\/www.mudanzascontrol.com\/wp-content\/uploads\/2019\/03\/gestion-archivo-cod-barras-fb.jpg 675w\" sizes=\"auto, (max-width: 370px) 100vw, 370px\" \/>Amb un total de tres naus industrials de diferents tipologies i amb una capacitat de m\u00e9s de 20.000m3 ens trobem en disposici\u00f3 d&#8217; oferir solucions d&#8217; emmagatzematge a mida de la seva empresa.<\/p>\n<p>Mitjan\u00e7ant el servei de cust\u00f2dia de documentaci\u00f3 confidencial li oferim un pla a mida per externalitzar la gesti\u00f3 documental de la seva organitzaci\u00f3. El nostre proc\u00e9s inclou la recollida de documentaci\u00f3 a les seves instal\u00b7lacions, inventariat, etiquetatge i referenciat per facilitar la consulta quan el client ho sol\u00b7liciti. Opcionalment podem encarregar-nos de la digitalitzaci\u00f3 dels documents, podent consultar una c\u00f2pia digital sempre que un usuari ho necessiti.  <\/p>\n<p>La nostra diferenciaci\u00f3 respecte a la compet\u00e8ncia rau en la plena adaptaci\u00f3 a les seves necessitats, podent destinar zones en exclusiva per al seu \u00fas privatiu. Consulteu un dels nostres assessors i li oferirem una soluci\u00f3 de cust\u00f2dia a mida.[\/vc_column_text][vc_empty_space height=&#8221;3em&#8221; alter_height=&#8221;none&#8221; hide_on_mobile=&#8221;&#8221;][\/vc_column][\/vc_row][vc_row css=&#8221;.vc_custom_1556268432160{padding-right: 20px !important;padding-left: 20px !important;background-position: center !important;background-repeat: no-repeat !important;background-size: cover !important;}&#8221;][vc_column]<div id=\"sc_content_1857651961\"\n\t\tclass=\"sc_content sc_content_default sc_content_width_1_1\"><div class=\"sc_content_container\">[vc_row_inner][vc_column_inner width=&#8221;1\/2&#8243;][vc_empty_space height=&#8221;4em&#8221; alter_height=&#8221;none&#8221; hide_on_mobile=&#8221;1&#8243;][vc_custom_heading text=&#8221;Sol\u00b7licita pressupost gratu\u00eft&#8221; font_container=&#8221;tag:h3|text_align:left|color:%2310228a&#8221; use_theme_fonts=&#8221;yes&#8221; css=&#8221;.vc_custom_1606564931420{margin-top: 0px !important;margin-bottom: 0px !important;}&#8221;][vc_empty_space height=&#8221;0.35em&#8221; alter_height=&#8221;none&#8221; hide_on_mobile=&#8221;&#8221;][vc_custom_heading text=&#8221;Un assessor personal l&apos; informar\u00e0 en detall&#8221; font_container=&#8221;tag:h5|text_align:left|color:%23d7d3cd&#8221; use_theme_fonts=&#8221;yes&#8221; css=&#8221;.vc_custom_1606564923252{margin-top: 0px !important;margin-bottom: 0px !important;}&#8221;][vc_empty_space height=&#8221;2.2em&#8221; alter_height=&#8221;none&#8221; hide_on_mobile=&#8221;&#8221;][vc_column_text]<span style=\"font-weight: 400;\">Conegui la difer\u00e8ncia de treballar amb Mudances Control de la m\u00e0 d&#8217;un dels nostres assessors personals.  <\/span><\/p>\n<p><span style=\"font-weight: 400;\">Gr\u00e0cies a la figura de l&#8217;assessor personal vost\u00e8 estar\u00e0 acompanyat des del primer moment i fins a finalitzar la mudan\u00e7a. Primer durant la fase d&#8217; informaci\u00f3 i consulta, per oferir-li les millors condicions per a la seva mudan\u00e7a. Seguidament, en cas d&#8217; acceptaci\u00f3 de la nostra oferta, tamb\u00e9 durant la resta del proc\u00e9s fins a finalitzar el trasllat de la seva oficina. <\/span><\/p>\n<p><span style=\"font-weight: 400;\">No dubti a demanar pressupost, l&#8217;atendrem encantats i li proposarem la millor soluci\u00f3 en base de la nostra experi\u00e8ncia per realitzar una mudan\u00e7a d&#8217;oficines efica\u00e7.<\/span>[\/vc_column_text][vc_empty_space height=&#8221;3.15em&#8221; alter_height=&#8221;none&#8221; hide_on_mobile=&#8221;&#8221;]<div id=\"sc_icons_1131910468\" \n\tclass=\"sc_icons sc_icons_default sc_icons_size_small sc_align_left  vc_custom_1567697265265\"><div class=\"sc_icons_item sc_icons_item_linked\"><h4 class=\"sc_icons_title\"\n\n                 style=\"color: #97b628\"\n                    ><span>Tel\u00e9fono: 93 334 01 00<\/span><\/h4><a href=\"tel:+34933340100\" class=\"sc_icons_link\"><\/a><\/div><\/div><!-- \/.sc_icons -->[vc_empty_space height=&#8221;4.2em&#8221; alter_height=&#8221;none&#8221; hide_on_mobile=&#8221;&#8221;][\/vc_column_inner][vc_column_inner el_class=&#8221;contact_form_7 form1&#8243; width=&#8221;1\/2&#8243; scheme=&#8221;dark&#8221; css=&#8221;.vc_custom_1481896835553{padding-left: 115px !important;}&#8221;][vc_empty_space height=&#8221;3.85em&#8221; alter_height=&#8221;none&#8221; hide_on_mobile=&#8221;&#8221; el_id=&#8221;form&#8221;][vc_empty_space height=&#8221;1.85em&#8221; alter_height=&#8221;none&#8221; hide_on_mobile=&#8221;&#8221;]\n<div class=\"wpcf7 no-js\" id=\"wpcf7-f920-o1\" lang=\"en-US\" dir=\"ltr\" data-wpcf7-id=\"920\">\n<div class=\"screen-reader-response\"><p role=\"status\" aria-live=\"polite\" aria-atomic=\"true\"><\/p> <ul><\/ul><\/div>\n<form action=\"\/ca\/wp-json\/wp\/v2\/pages\/4198#wpcf7-f920-o1\" method=\"post\" class=\"wpcf7-form init wpcf7-acceptance-as-validation\" aria-label=\"Contact form\" novalidate=\"novalidate\" data-status=\"init\">\n<fieldset class=\"hidden-fields-container\"><input type=\"hidden\" name=\"_wpcf7\" value=\"920\" \/><input type=\"hidden\" name=\"_wpcf7_version\" value=\"6.1.5\" \/><input type=\"hidden\" name=\"_wpcf7_locale\" value=\"en_US\" \/><input type=\"hidden\" name=\"_wpcf7_unit_tag\" value=\"wpcf7-f920-o1\" \/><input type=\"hidden\" name=\"_wpcf7_container_post\" value=\"0\" \/><input type=\"hidden\" name=\"_wpcf7_posted_data_hash\" value=\"\" \/>\n<\/fieldset>\n<div class=\"formulario_contacto\">\n\t<label> <span class=\"wpcf7-form-control-wrap\" data-name=\"nombre\"><input size=\"40\" maxlength=\"400\" class=\"wpcf7-form-control wpcf7-text wpcf7-validates-as-required\" aria-required=\"true\" aria-invalid=\"false\" placeholder=\"Nombre:\" value=\"\" type=\"text\" name=\"nombre\" \/><\/span> <\/label>\n\t<label>\t<span class=\"wpcf7-form-control-wrap\" data-name=\"tel\"><input size=\"40\" maxlength=\"400\" class=\"wpcf7-form-control wpcf7-text wpcf7-validates-as-required\" aria-required=\"true\" aria-invalid=\"false\" placeholder=\"Tel\u00e9fono\" value=\"\" type=\"text\" name=\"tel\" \/><\/span> <\/label>\n\t<label> <span class=\"wpcf7-form-control-wrap\" data-name=\"email\"><input size=\"40\" maxlength=\"400\" class=\"wpcf7-form-control wpcf7-text wpcf7-validates-as-required\" aria-required=\"true\" aria-invalid=\"false\" placeholder=\"email\" value=\"\" type=\"text\" name=\"email\" \/><\/span> <\/label>\n\t<label> <span class=\"wpcf7-form-control-wrap\" data-name=\"fecha\"><input size=\"40\" maxlength=\"400\" class=\"wpcf7-form-control wpcf7-text\" aria-invalid=\"false\" placeholder=\"Fecha prevista del servicio\" value=\"\" type=\"text\" name=\"fecha\" \/><\/span><\/label>\n\t<label><span class=\"wpcf7-form-control-wrap\" data-name=\"comentarios\"><textarea cols=\"40\" rows=\"10\" maxlength=\"2000\" class=\"wpcf7-form-control wpcf7-textarea\" aria-invalid=\"false\" placeholder=\"Comentarios\" name=\"comentarios\"><\/textarea><\/span><\/label>\n\n\t<span class=\"wpcf7-form-control-wrap\" data-name=\"acceptance-129\"><span class=\"wpcf7-form-control wpcf7-acceptance optional\"><span class=\"wpcf7-list-item\"><label><input type=\"checkbox\" name=\"acceptance-129\" value=\"1\" aria-invalid=\"false\" \/><span class=\"wpcf7-list-item-label\">Acepto la <a rel=\"nofollow\" href=\"\/politica-privacidad.pdf\" target=\"_blank\">Pol\u00edtica de Privacidad<\/a>.<\/span><\/label><\/span><\/span><\/span>\n\n\t<div class=\"clear sc_item_button sc_button_wrap\"><input class=\"wpcf7-form-control wpcf7-submit has-spinner sc_button_default2\" type=\"submit\" value=\"Solicitar presupuesto\" \/><\/div>\n<\/div><div class=\"wpcf7-response-output\" aria-hidden=\"true\"><\/div>\n<\/form>\n<\/div>\n[\/vc_column_inner][\/vc_row_inner]<\/div><\/div><!-- \/.sc_content -->[\/vc_column][\/vc_row][vc_row][vc_column][vc_empty_space height=&#8221;2em&#8221; alter_height=&#8221;none&#8221; hide_on_mobile=&#8221;&#8221;][vc_empty_space height=&#8221;2em&#8221; alter_height=&#8221;none&#8221; hide_on_mobile=&#8221;1&#8243;][\/vc_column][\/vc_row][vc_row css=&#8221;.vc_custom_1570918820832{padding-right: 20px !important;padding-left: 20px !important;background-color: #f5f4f3 !important;}&#8221;][vc_column][vc_empty_space height=&#8221;1.9em&#8221; alter_height=&#8221;none&#8221; hide_on_mobile=&#8221;&#8221;]<div id=\"sc_content_692481075\"\n\t\tclass=\"sc_content sc_content_default sc_content_width_1_1\"><div class=\"sc_content_container\">[vc_row_inner][vc_column_inner width=&#8221;1\/2&#8243;][vc_empty_space height=&#8221;2em&#8221; alter_height=&#8221;none&#8221; hide_on_mobile=&#8221;1&#8243;][vc_custom_heading text=&#8221;Projectes recents&#8221; font_container=&#8221;tag:h4|text_align:left|color:%2344413e&#8221; use_theme_fonts=&#8221;yes&#8221; css=&#8221;.vc_custom_1606564908254{margin-top: 0px !important;margin-bottom: 0px !important;}&#8221;][vc_empty_space height=&#8221;2em&#8221; alter_height=&#8221;none&#8221; hide_on_mobile=&#8221;&#8221;][\/vc_column_inner][vc_column_inner width=&#8221;1\/2&#8243; offset=&#8221;vc_hidden-xs&#8221;][vc_empty_space height=&#8221;2em&#8221; alter_height=&#8221;none&#8221; hide_on_mobile=&#8221;1&#8243;]<div class=\"sc_item_button sc_button_wrap sc_align_center\"><a href=\"\/ca\/projectes-recents\/\" id=\"sc_button_1321598609\" class=\"sc_button sc_button_default sc_button_size_normal sc_button_icon_left\"><span class=\"sc_button_text sc_align_center\" data-text=\"Veure m\u00e9s Projectes\"><span class=\"sc_button_title\">Veure m\u00e9s Projectes<\/span><\/span><!-- \/.sc_button_text --><\/a><!-- \/.sc_button --><\/div><!-- \/.sc_item_button -->[vc_empty_space height=&#8221;2em&#8221; alter_height=&#8221;none&#8221; hide_on_mobile=&#8221;&#8221;][\/vc_column_inner][\/vc_row_inner][vc_empty_space height=&#8221;2em&#8221; alter_height=&#8221;none&#8221; hide_on_mobile=&#8221;&#8221;][vc_basic_grid post_type=&#8221;ids&#8221; item=&#8221;basicGrid_NoAnimation&#8221; grid_id=&#8221;vc_gid:1757772761673-0bc298b8-91fe-4&#8243; include=&#8221;4763, 2879, 2412&#8243;]<\/div><\/div><!-- \/.sc_content -->[vc_empty_space height=&#8221;5em&#8221; alter_height=&#8221;none&#8221; hide_on_mobile=&#8221;&#8221;][\/vc_column][\/vc_row][vc_row][vc_column][vc_empty_space height=&#8221;6em&#8221; alter_height=&#8221;none&#8221; hide_on_mobile=&#8221;&#8221;][\/vc_column][\/vc_row][vc_row full_width=&#8221;stretch_row_content_no_spaces&#8221; css=&#8221;.vc_custom_1569595290067{background-image: url(https:\/\/www.mudanzascontrol.com\/wp-content\/uploads\/2019\/09\/oficinas-idealista.jpg?id=2740) !important;background-position: center !important;background-repeat: no-repeat !important;background-size: cover !important;}&#8221;][vc_column]<div id=\"sc_content_1268157411\"\n\t\tclass=\"sc_content sc_content_default sc_content_width_1_1\"><div class=\"sc_content_container\">[vc_empty_space height=&#8221;2.4em&#8221; alter_height=&#8221;none&#8221; hide_on_mobile=&#8221;1&#8243;][vc_empty_space height=&#8221;1em&#8221; alter_height=&#8221;none&#8221; hide_on_mobile=&#8221;&#8221;][vc_custom_heading text=&#8221;L&apos;ajudem a organitzar la seva mudan\u00e7a d&apos;oficines?&#8221; font_container=&#8221;tag:h3|text_align:center&#8221; use_theme_fonts=&#8221;yes&#8221;][vc_row_inner el_class=&#8221;mobile_center&#8221;][vc_column_inner][vc_empty_space height=&#8221;0.6em&#8221; alter_height=&#8221;none&#8221; hide_on_mobile=&#8221;&#8221;]<div class=\"sc_item_button sc_button_wrap sc_align_center\"><a href=\"#form\" id=\"sc_button_1425594380\" class=\"sc_button sc_button_default  vc_custom_1757772782455 sc_button_size_normal sc_button_icon_left\"><span class=\"sc_button_text sc_align_right\" data-text=\"Contacte\"><span class=\"sc_button_title\">Contacte<\/span><\/span><!-- \/.sc_button_text --><\/a><!-- \/.sc_button --><\/div><!-- \/.sc_item_button -->[\/vc_column_inner][\/vc_row_inner][vc_empty_space height=&#8221;5.35em&#8221; alter_height=&#8221;none&#8221; hide_on_mobile=&#8221;1&#8243;][vc_empty_space height=&#8221;2.3em&#8221; alter_height=&#8221;none&#8221; hide_on_mobile=&#8221;&#8221;]<\/div><\/div><!-- \/.sc_content -->[\/vc_column][\/vc_row]<\/p>\n<\/div>","protected":false},"excerpt":{"rendered":"<p>[vc_row full_width=&#8221;stretch_row_content_no_spaces&#8221; css=&#8221;.vc_custom_1561451831463{background-image: url(https:\/\/www.mudanzascontrol.com\/wp-content\/uploads\/2019\/03\/oficinas-agbar2.jpg?id=1576) !important;background-position: center !important;background-repeat: no-repeat !important;background-size: cover !important;}&#8221;][vc_column][vc_empty_space height=&#8221;4em&#8221; alter_height=&#8221;none&#8221; hide_on_mobile=&#8221;&#8221;][vc_empty_space height=&#8221;10em&#8221; alter_height=&#8221;none&#8221; hide_on_mobile=&#8221;1&#8243;][vc_custom_heading text=&#8221;Mudances d&apos;Oficines a Barcelona&#8221; font_container=&#8221;tag:h1|text_align:center|color:%23ffffff&#8221; use_theme_fonts=&#8221;yes&#8221; css=&#8221;.vc_custom_1609092782974{background-color: rgba(0,0,0,0.13) !important;*background-color: rgb(0,0,0) !important;}&#8221;][vc_empty_space height=&#8221;4em&#8221; alter_height=&#8221;none&#8221; hide_on_mobile=&#8221;&#8221;][vc_empty_space height=&#8221;4em&#8221; alter_height=&#8221;none&#8221; hide_on_mobile=&#8221;&#8221;][vc_empty_space height=&#8221;10em&#8221; alter_height=&#8221;none&#8221; hide_on_mobile=&#8221;1&#8243;][\/vc_column][\/vc_row][vc_row css=&#8221;.vc_custom_1559902562368{margin-top: -20px !important;background-position:&hellip;<\/p>\n","protected":false},"author":5,"featured_media":2741,"parent":0,"menu_order":0,"comment_status":"closed","ping_status":"closed","template":"","meta":{"footnotes":""},"class_list":["post-4198","page","type-page","status-publish","has-post-thumbnail","hentry"],"yoast_head":"<!-- This site is optimized with the Yoast SEO Premium plugin v27.1 (Yoast SEO v27.1.1) - https:\/\/yoast.com\/product\/yoast-seo-premium-wordpress\/ -->\n<title>Mudances d&#039;Oficines a Barcelona i Trasllats d&#039;Empresa<\/title>\n<meta name=\"description\" content=\"Organitzem mudances d&#039;oficines a Barcelona. \u2705 Som un referent en trasllats d&#039;empresa i oficina a Barcelona i Catalunya.\" \/>\n<meta name=\"robots\" content=\"index, follow, max-snippet:-1, max-image-preview:large, max-video-preview:-1\" \/>\n<link rel=\"canonical\" href=\"https:\/\/www.mudanzascontrol.com\/ca\/mudances-oficina\/\" \/>\n<meta property=\"og:locale\" content=\"ca_ES\" \/>\n<meta property=\"og:type\" content=\"article\" \/>\n<meta property=\"og:title\" content=\"Mudan\u00e7a d&#039;Oficina i Empresa\" \/>\n<meta property=\"og:description\" content=\"Trasllats d&#039;Empresa i Oficina L&#039; especialitzaci\u00f3 de Control en el trasllat d&#039; empreses i mudances d&#039; oficines a Barcelona li permet disposar d&#039; una\" \/>\n<meta property=\"og:url\" content=\"https:\/\/www.mudanzascontrol.com\/ca\/mudances-oficina\/\" \/>\n<meta property=\"og:site_name\" content=\"Mudanzas Control\" \/>\n<meta property=\"article:publisher\" content=\"https:\/\/es-es.facebook.com\/MudanzasControl\/\" \/>\n<meta property=\"article:modified_time\" content=\"2025-09-13T14:12:02+00:00\" \/>\n<meta property=\"og:image\" content=\"https:\/\/www.mudanzascontrol.com\/wp-content\/uploads\/2019\/09\/oficinas-idealista.jpg\" \/>\n\t<meta property=\"og:image:width\" content=\"1898\" \/>\n\t<meta property=\"og:image:height\" content=\"1512\" \/>\n\t<meta property=\"og:image:type\" content=\"image\/jpeg\" \/>\n<meta name=\"twitter:card\" content=\"summary_large_image\" \/>\n<meta name=\"twitter:site\" content=\"@MudanzasControl\" \/>\n<meta name=\"twitter:label1\" content=\"Temps estimat de lectura\" \/>\n\t<meta name=\"twitter:data1\" content=\"14 minuts\" \/>\n<script type=\"application\/ld+json\" class=\"yoast-schema-graph\">{\"@context\":\"https:\/\/schema.org\",\"@graph\":[{\"@type\":\"WebPage\",\"@id\":\"https:\/\/www.mudanzascontrol.com\/ca\/mudances-oficina\/\",\"url\":\"https:\/\/www.mudanzascontrol.com\/ca\/mudances-oficina\/\",\"name\":\"Mudances d'Oficines a Barcelona i Trasllats d'Empresa\",\"isPartOf\":{\"@id\":\"https:\/\/www.mudanzascontrol.com\/#website\"},\"primaryImageOfPage\":{\"@id\":\"https:\/\/www.mudanzascontrol.com\/ca\/mudances-oficina\/#primaryimage\"},\"image\":{\"@id\":\"https:\/\/www.mudanzascontrol.com\/ca\/mudances-oficina\/#primaryimage\"},\"thumbnailUrl\":\"https:\/\/www.mudanzascontrol.com\/wp-content\/uploads\/2019\/09\/oficinas-idealista.jpg\",\"datePublished\":\"2019-01-15T08:42:00+00:00\",\"dateModified\":\"2025-09-13T14:12:02+00:00\",\"description\":\"Organitzem mudances d'oficines a Barcelona. \u2705 Som un referent en trasllats d'empresa i oficina a Barcelona i Catalunya.\",\"breadcrumb\":{\"@id\":\"https:\/\/www.mudanzascontrol.com\/ca\/mudances-oficina\/#breadcrumb\"},\"inLanguage\":\"ca\",\"potentialAction\":[{\"@type\":\"ReadAction\",\"target\":[\"https:\/\/www.mudanzascontrol.com\/ca\/mudances-oficina\/\"]}]},{\"@type\":\"ImageObject\",\"inLanguage\":\"ca\",\"@id\":\"https:\/\/www.mudanzascontrol.com\/ca\/mudances-oficina\/#primaryimage\",\"url\":\"https:\/\/www.mudanzascontrol.com\/wp-content\/uploads\/2019\/09\/oficinas-idealista.jpg\",\"contentUrl\":\"https:\/\/www.mudanzascontrol.com\/wp-content\/uploads\/2019\/09\/oficinas-idealista.jpg\",\"width\":1898,\"height\":1512,\"caption\":\"Mudan\u00e7a d' Oficines\"},{\"@type\":\"BreadcrumbList\",\"@id\":\"https:\/\/www.mudanzascontrol.com\/ca\/mudances-oficina\/#breadcrumb\",\"itemListElement\":[{\"@type\":\"ListItem\",\"position\":1,\"name\":\"Portada\",\"item\":\"https:\/\/www.mudanzascontrol.com\/ca\/inicio\/\"},{\"@type\":\"ListItem\",\"position\":2,\"name\":\"Mudan\u00e7a d&#8217;Oficina i Empresa\"}]},{\"@type\":\"WebSite\",\"@id\":\"https:\/\/www.mudanzascontrol.com\/#website\",\"url\":\"https:\/\/www.mudanzascontrol.com\/\",\"name\":\"Mudanzas Control\",\"description\":\"Empresa de Mudanzas en Barcelona\",\"publisher\":{\"@id\":\"https:\/\/www.mudanzascontrol.com\/#organization\"},\"alternateName\":\"CONTROL Mudanzas Barcelona\",\"potentialAction\":[{\"@type\":\"SearchAction\",\"target\":{\"@type\":\"EntryPoint\",\"urlTemplate\":\"https:\/\/www.mudanzascontrol.com\/?s={search_term_string}\"},\"query-input\":{\"@type\":\"PropertyValueSpecification\",\"valueRequired\":true,\"valueName\":\"search_term_string\"}}],\"inLanguage\":\"ca\"},{\"@type\":\"Organization\",\"@id\":\"https:\/\/www.mudanzascontrol.com\/#organization\",\"name\":\"CONTROL Mudanzas\",\"url\":\"https:\/\/www.mudanzascontrol.com\/\",\"logo\":{\"@type\":\"ImageObject\",\"inLanguage\":\"ca\",\"@id\":\"https:\/\/www.mudanzascontrol.com\/#\/schema\/logo\/image\/\",\"url\":\"https:\/\/www.mudanzascontrol.com\/wp-content\/uploads\/2019\/08\/Control-Mudanzas-Barcelona.jpg\",\"contentUrl\":\"https:\/\/www.mudanzascontrol.com\/wp-content\/uploads\/2019\/08\/Control-Mudanzas-Barcelona.jpg\",\"width\":500,\"height\":125,\"caption\":\"CONTROL Mudanzas\"},\"image\":{\"@id\":\"https:\/\/www.mudanzascontrol.com\/#\/schema\/logo\/image\/\"},\"sameAs\":[\"https:\/\/es-es.facebook.com\/MudanzasControl\/\",\"https:\/\/x.com\/MudanzasControl\",\"https:\/\/www.instagram.com\/mudanzascontrol\/\",\"https:\/\/www.linkedin.com\/company\/control-mudanzas-sl\",\"https:\/\/www.pinterest.es\/mudanzascontrol\/\",\"https:\/\/www.youtube.com\/user\/Guardamuebles1\"],\"description\":\"Empresa de mudanzas ubicada en Barcelona\",\"email\":\"comercial@mudanzascontrol.com\",\"telephone\":\"933340100\",\"legalName\":\"CONSORCIO DE TRANSITO Y ORGANIZACI\u00d3N LOG\u00cdSTICA EN MUDANZAS, SLU\",\"vatID\":\"B61104253\",\"taxID\":\"B61104253\",\"numberOfEmployees\":{\"@type\":\"QuantitativeValue\",\"minValue\":\"11\",\"maxValue\":\"50\"}}]}<\/script>\n<!-- \/ Yoast SEO Premium plugin. -->","yoast_head_json":{"title":"Mudances d'Oficines a Barcelona i Trasllats d'Empresa","description":"Organitzem mudances d'oficines a Barcelona. \u2705 Som un referent en trasllats d'empresa i oficina a Barcelona i Catalunya.","robots":{"index":"index","follow":"follow","max-snippet":"max-snippet:-1","max-image-preview":"max-image-preview:large","max-video-preview":"max-video-preview:-1"},"canonical":"https:\/\/www.mudanzascontrol.com\/ca\/mudances-oficina\/","og_locale":"ca_ES","og_type":"article","og_title":"Mudan\u00e7a d'Oficina i Empresa","og_description":"Trasllats d'Empresa i Oficina L' especialitzaci\u00f3 de Control en el trasllat d' empreses i mudances d' oficines a Barcelona li permet disposar d' una","og_url":"https:\/\/www.mudanzascontrol.com\/ca\/mudances-oficina\/","og_site_name":"Mudanzas Control","article_publisher":"https:\/\/es-es.facebook.com\/MudanzasControl\/","article_modified_time":"2025-09-13T14:12:02+00:00","og_image":[{"width":1898,"height":1512,"url":"https:\/\/www.mudanzascontrol.com\/wp-content\/uploads\/2019\/09\/oficinas-idealista.jpg","type":"image\/jpeg"}],"twitter_card":"summary_large_image","twitter_site":"@MudanzasControl","twitter_misc":{"Temps estimat de lectura":"14 minuts"},"schema":{"@context":"https:\/\/schema.org","@graph":[{"@type":"WebPage","@id":"https:\/\/www.mudanzascontrol.com\/ca\/mudances-oficina\/","url":"https:\/\/www.mudanzascontrol.com\/ca\/mudances-oficina\/","name":"Mudances d'Oficines a Barcelona i Trasllats d'Empresa","isPartOf":{"@id":"https:\/\/www.mudanzascontrol.com\/#website"},"primaryImageOfPage":{"@id":"https:\/\/www.mudanzascontrol.com\/ca\/mudances-oficina\/#primaryimage"},"image":{"@id":"https:\/\/www.mudanzascontrol.com\/ca\/mudances-oficina\/#primaryimage"},"thumbnailUrl":"https:\/\/www.mudanzascontrol.com\/wp-content\/uploads\/2019\/09\/oficinas-idealista.jpg","datePublished":"2019-01-15T08:42:00+00:00","dateModified":"2025-09-13T14:12:02+00:00","description":"Organitzem mudances d'oficines a Barcelona. \u2705 Som un referent en trasllats d'empresa i oficina a Barcelona i Catalunya.","breadcrumb":{"@id":"https:\/\/www.mudanzascontrol.com\/ca\/mudances-oficina\/#breadcrumb"},"inLanguage":"ca","potentialAction":[{"@type":"ReadAction","target":["https:\/\/www.mudanzascontrol.com\/ca\/mudances-oficina\/"]}]},{"@type":"ImageObject","inLanguage":"ca","@id":"https:\/\/www.mudanzascontrol.com\/ca\/mudances-oficina\/#primaryimage","url":"https:\/\/www.mudanzascontrol.com\/wp-content\/uploads\/2019\/09\/oficinas-idealista.jpg","contentUrl":"https:\/\/www.mudanzascontrol.com\/wp-content\/uploads\/2019\/09\/oficinas-idealista.jpg","width":1898,"height":1512,"caption":"Mudan\u00e7a d' Oficines"},{"@type":"BreadcrumbList","@id":"https:\/\/www.mudanzascontrol.com\/ca\/mudances-oficina\/#breadcrumb","itemListElement":[{"@type":"ListItem","position":1,"name":"Portada","item":"https:\/\/www.mudanzascontrol.com\/ca\/inicio\/"},{"@type":"ListItem","position":2,"name":"Mudan\u00e7a d&#8217;Oficina i Empresa"}]},{"@type":"WebSite","@id":"https:\/\/www.mudanzascontrol.com\/#website","url":"https:\/\/www.mudanzascontrol.com\/","name":"Mudanzas Control","description":"Empresa de Mudanzas en Barcelona","publisher":{"@id":"https:\/\/www.mudanzascontrol.com\/#organization"},"alternateName":"CONTROL Mudanzas Barcelona","potentialAction":[{"@type":"SearchAction","target":{"@type":"EntryPoint","urlTemplate":"https:\/\/www.mudanzascontrol.com\/?s={search_term_string}"},"query-input":{"@type":"PropertyValueSpecification","valueRequired":true,"valueName":"search_term_string"}}],"inLanguage":"ca"},{"@type":"Organization","@id":"https:\/\/www.mudanzascontrol.com\/#organization","name":"CONTROL Mudanzas","url":"https:\/\/www.mudanzascontrol.com\/","logo":{"@type":"ImageObject","inLanguage":"ca","@id":"https:\/\/www.mudanzascontrol.com\/#\/schema\/logo\/image\/","url":"https:\/\/www.mudanzascontrol.com\/wp-content\/uploads\/2019\/08\/Control-Mudanzas-Barcelona.jpg","contentUrl":"https:\/\/www.mudanzascontrol.com\/wp-content\/uploads\/2019\/08\/Control-Mudanzas-Barcelona.jpg","width":500,"height":125,"caption":"CONTROL Mudanzas"},"image":{"@id":"https:\/\/www.mudanzascontrol.com\/#\/schema\/logo\/image\/"},"sameAs":["https:\/\/es-es.facebook.com\/MudanzasControl\/","https:\/\/x.com\/MudanzasControl","https:\/\/www.instagram.com\/mudanzascontrol\/","https:\/\/www.linkedin.com\/company\/control-mudanzas-sl","https:\/\/www.pinterest.es\/mudanzascontrol\/","https:\/\/www.youtube.com\/user\/Guardamuebles1"],"description":"Empresa de mudanzas ubicada en Barcelona","email":"comercial@mudanzascontrol.com","telephone":"933340100","legalName":"CONSORCIO DE TRANSITO Y ORGANIZACI\u00d3N LOG\u00cdSTICA EN MUDANZAS, SLU","vatID":"B61104253","taxID":"B61104253","numberOfEmployees":{"@type":"QuantitativeValue","minValue":"11","maxValue":"50"}}]}},"_links":{"self":[{"href":"https:\/\/www.mudanzascontrol.com\/ca\/wp-json\/wp\/v2\/pages\/4198","targetHints":{"allow":["GET"]}}],"collection":[{"href":"https:\/\/www.mudanzascontrol.com\/ca\/wp-json\/wp\/v2\/pages"}],"about":[{"href":"https:\/\/www.mudanzascontrol.com\/ca\/wp-json\/wp\/v2\/types\/page"}],"author":[{"embeddable":true,"href":"https:\/\/www.mudanzascontrol.com\/ca\/wp-json\/wp\/v2\/users\/5"}],"replies":[{"embeddable":true,"href":"https:\/\/www.mudanzascontrol.com\/ca\/wp-json\/wp\/v2\/comments?post=4198"}],"version-history":[{"count":0,"href":"https:\/\/www.mudanzascontrol.com\/ca\/wp-json\/wp\/v2\/pages\/4198\/revisions"}],"wp:featuredmedia":[{"embeddable":true,"href":"https:\/\/www.mudanzascontrol.com\/ca\/wp-json\/wp\/v2\/media\/2741"}],"wp:attachment":[{"href":"https:\/\/www.mudanzascontrol.com\/ca\/wp-json\/wp\/v2\/media?parent=4198"}],"curies":[{"name":"wp","href":"https:\/\/api.w.org\/{rel}","templated":true}]}}