{"id":5764,"date":"2019-02-08T15:50:17","date_gmt":"2019-02-08T14:50:17","guid":{"rendered":"https:\/\/www.mudanzascontrol.com\/?page_id=5764"},"modified":"2025-03-22T22:08:07","modified_gmt":"2025-03-22T21:08:07","slug":"trasllat-de-maquinaria","status":"publish","type":"page","link":"https:\/\/www.mudanzascontrol.com\/ca\/trasllat-de-maquinaria\/","title":{"rendered":"Trasllat de maquin\u00e0ria"},"content":{"rendered":"<div class=\"wpb-content-wrapper\"><p>[vc_row full_width=&#8221;stretch_row_content_no_spaces&#8221; css=&#8221;.vc_custom_1606402429533{background-image: url(https:\/\/www.mudanzascontrol.com\/wp-content\/uploads\/2019\/08\/Traslado-maquinaria-palleja-barcelona-recorte-2-e1606402372257-scaled.jpg?id=2650) !important;background-position: center !important;background-repeat: no-repeat !important;background-size: cover !important;}&#8221;][vc_column]<div id=\"sc_content_1457035204\"\n\t\tclass=\"sc_content sc_content_default sc_content_width_1_1\"><div class=\"sc_content_container\">[vc_empty_space height=&#8221;4em&#8221; alter_height=&#8221;none&#8221; hide_on_mobile=&#8221;&#8221;][vc_empty_space height=&#8221;5em&#8221; alter_height=&#8221;none&#8221; hide_on_mobile=&#8221;1&#8243;][vc_custom_heading text=&#8221;Trasllat de Maquin\u00e0ria&#8221; font_container=&#8221;tag:h1|text_align:center|color:%23ffffff&#8221; use_theme_fonts=&#8221;yes&#8221; css=&#8221;.vc_custom_1609085305687{background-color: rgba(0,0,0,0.13) !important;*background-color: rgb(0,0,0) !important;}&#8221;][vc_empty_space height=&#8221;2em&#8221; alter_height=&#8221;none&#8221; hide_on_mobile=&#8221;&#8221;]<div class=\"sc_item_button sc_button_wrap sc_align_center\"><a href=\"\/contacto\/\" id=\"sc_button_1191345281\" class=\"sc_button sc_button_default sc_button_size_normal sc_button_icon_left\"><span class=\"sc_button_text sc_align_center\" data-text=\"Formulario de Contacto\"><span class=\"sc_button_title\">Formulario de Contacto<\/span><\/span><!-- \/.sc_button_text --><\/a><!-- \/.sc_button --><\/div><!-- \/.sc_item_button -->[vc_empty_space height=&#8221;4em&#8221; alter_height=&#8221;none&#8221; hide_on_mobile=&#8221;&#8221;][vc_empty_space height=&#8221;5em&#8221; alter_height=&#8221;none&#8221; hide_on_mobile=&#8221;1&#8243;]<\/div><\/div><!-- \/.sc_content -->[\/vc_column][\/vc_row][vc_row css=&#8221;.vc_custom_1559902259601{background-position: center !important;background-repeat: no-repeat !important;background-size: cover !important;}&#8221;][vc_column width=&#8221;1\/2&#8243; css=&#8221;.vc_custom_1547546572410{margin-top: 10px !important;margin-left: 0px !important;}&#8221; el_class=&#8221;margin_left_0&#8243;][vc_empty_space height=&#8221;2em&#8221; alter_height=&#8221;none&#8221; hide_on_mobile=&#8221;&#8221;][vc_custom_heading text=&#8221;Trasllat de Maquin\u00e0ria a Barcelona&#8221; font_container=&#8221;tag:h2|font_size:35|text_align:center|color:%2310228a&#8221; use_theme_fonts=&#8221;yes&#8221; css=&#8221;.vc_custom_1553613177739{margin-top: 0px !important;margin-bottom: 0px !important;}&#8221;][vc_empty_space height=&#8221;2em&#8221; alter_height=&#8221;none&#8221; hide_on_mobile=&#8221;&#8221;][vc_column_text css=&#8221;&#8221;]<\/p>\n<p style=\"text-align: justify;\">Dins de la prov\u00edncia de Barcelona destaquem la nostra experi\u00e8ncia en el trasllat de maquin\u00e0ria pesant i delicada, estant avalats per la plena satisfacci\u00f3 de tots els nostres clients. Aquests serveis inclouen trasllats d&#8217; empreses del sector metal\u00b7l\u00fargic i t\u00e8xtil, transport d&#8217; equips d&#8217; impressi\u00f3, etc., aix\u00ed com el transport de racks i servidors, equips de laboratori i de recerca.<\/p>\n<p>M\u00e9s de 35 anys d&#8217;experi\u00e8ncia ens avalen![\/vc_column_text][vc_empty_space height=&#8221;3em&#8221; alter_height=&#8221;none&#8221; hide_on_mobile=&#8221;&#8221;][vc_row_inner][vc_column_inner width=&#8221;1\/3&#8243; offset=&#8221;vc_hidden-sm vc_hidden-xs&#8221;][vc_single_image image=&#8221;4160&#8243; img_size=&#8221;full&#8221;][\/vc_column_inner][vc_column_inner width=&#8221;1\/3&#8243; offset=&#8221;vc_hidden-sm vc_hidden-xs&#8221;][vc_single_image image=&#8221;4159&#8243; img_size=&#8221;full&#8221;][\/vc_column_inner][vc_column_inner width=&#8221;1\/3&#8243; offset=&#8221;vc_hidden-sm vc_hidden-xs&#8221;][vc_single_image image=&#8221;4522&#8243; img_size=&#8221;full&#8221;][\/vc_column_inner][\/vc_row_inner][vc_empty_space height=&#8221;2em&#8221; alter_height=&#8221;none&#8221; hide_on_mobile=&#8221;&#8221;][\/vc_column][vc_column width=&#8221;1\/2&#8243; css=&#8221;.vc_custom_1556267541186{padding-top: 20px !important;}&#8221;][vc_single_image image=&#8221;5767&#8243; img_size=&#8221;large&#8221;][vc_empty_space height=&#8221;2em&#8221; alter_height=&#8221;none&#8221; hide_on_mobile=&#8221;&#8221;][vc_row_inner][vc_column_inner width=&#8221;1\/2&#8243;][vc_column_text]<\/p>\n<ul class=\"trx_addons_list trx_addons_list_success\">\n<li>Trasllat de Maquin\u00e0ria<\/li>\n<li>Desconnexi\u00f3 d&#8217; Equips<\/li>\n<li>Mitjans innovadors<\/li>\n<\/ul>\n<p>[\/vc_column_text][\/vc_column_inner][vc_column_inner width=&#8221;1\/2&#8243;][vc_column_text]<\/p>\n<ul class=\"trx_addons_list trx_addons_list_success\">\n<li>Elevadors i Grues<\/li>\n<li>Documentaci\u00f3 P.R.L.<\/li>\n<li>Pressupost a mida<\/li>\n<\/ul>\n<p>[\/vc_column_text][\/vc_column_inner][\/vc_row_inner][vc_empty_space height=&#8221;2em&#8221; alter_height=&#8221;none&#8221; hide_on_mobile=&#8221;&#8221;][\/vc_column][\/vc_row][vc_row full_width=&#8221;stretch_row_content_no_spaces&#8221; css=&#8221;.vc_custom_1548411051696{border-top-width: 10px !important;border-bottom-width: 10px !important;border-top-color: #0b518e !important;border-top-style: solid !important;border-bottom-color: #0b518e !important;border-bottom-style: solid !important;}&#8221;][vc_column][vc_empty_space height=&#8221;2em&#8221; alter_height=&#8221;none&#8221; hide_on_mobile=&#8221;&#8221;][vc_custom_heading text=&#8221;Professionals per al trasllat d&#8217; equips industrials&#8221; font_container=&#8221;tag:h2|text_align:center|color:%230b518e&#8221; use_theme_fonts=&#8221;yes&#8221; css=&#8221;.vc_custom_1553613187291{margin-top: 0px !important;margin-bottom: 0px !important;}&#8221;][vc_empty_space height=&#8221;2em&#8221; alter_height=&#8221;none&#8221; hide_on_mobile=&#8221;&#8221;][\/vc_column][\/vc_row][vc_row full_width=&#8221;stretch_row_content_no_spaces&#8221;][vc_column][vc_empty_space height=&#8221;4em&#8221; alter_height=&#8221;none&#8221; hide_on_mobile=&#8221;&#8221;][\/vc_column][\/vc_row][vc_row][vc_column width=&#8221;1\/4&#8243;][vc_single_image image=&#8221;5771&#8243; img_size=&#8221;large&#8221;][vc_empty_space height=&#8221;2em&#8221; hide_on_mobile=&#8221;&#8221;][vc_empty_space height=&#8221;2em&#8221; hide_on_mobile=&#8221;&#8221;][\/vc_column][vc_column width=&#8221;3\/4&#8243;][vc_tta_accordion active_section=&#8221;4&#8243;][vc_tta_section title=&#8221;Experi\u00e8ncia:&#8221; tab_id=&#8221;1553604828770-24dc88df-11c042b3-cff6&#8243;][vc_column_text css=&#8221;.vc_custom_1553613091187{padding-top: 20px !important;padding-bottom: 20px !important;}&#8221;]<strong>Experi\u00e8ncia:<\/strong> Des de 1988 hem traslladat desenes d&#8217;empreses de tot tipus i dimensions, trobant-nos en moltes ocasions amb el trasllat de la seva part productiva: maquin\u00e0ria, equips delicats i laboratoris. Per aix\u00f2, disposem de l&#8217;experi\u00e8ncia i els mitjans m\u00e9s adequats per afrontar aquest tipus de trasllats.[\/vc_column_text][\/vc_tta_section][vc_tta_section title=&#8221;Professionalitat:&#8221; tab_id=&#8221;1553604828873-d1e6d26b-aa6d42b3-cff6&#8243;][vc_column_text css=&#8221;.vc_custom_1553613104499{padding-top: 20px !important;padding-bottom: 20px !important;}&#8221;]<strong>Professionalitat:<\/strong> El nostre equip de treball est\u00e0 format per professionals altament qualificats i formats espec\u00edficament per a la manipulaci\u00f3 de c\u00e0rregues pesades. Els nostres processos de treball estan estudiats i perfeccionats al llarg de la nostra traject\u00f2ria, la qual cosa, juntament amb els mitjans m\u00e9s innovadors i una planificaci\u00f3 adequada, ens permeten dur a terme un trasllat efectiu i segur.[\/vc_column_text][\/vc_tta_section][vc_tta_section title=&#8221;Fiabilitat:&#8221; tab_id=&#8221;1553604878773-72145738-cd2742b3-cff6&#8243;][vc_column_text css=&#8221;.vc_custom_1604875733745{padding-top: 20px !important;padding-bottom: 20px !important;}&#8221;]<strong>Fiabilitat:<\/strong> El nostre principal comprom\u00eds \u00e9s aconseguir la satisfacci\u00f3 del client, la qual cosa ho \u00e9s a trav\u00e9s d&#8217;un estudi personalitzat de cada cas i una proposta a mida. A m\u00e9s de la confian\u00e7a dipositada pels nostres clients de manera recurrent, comptem amb els m\u00e9s prestigiosos certificats de qualitat, gesti\u00f3 de l&#8217;impacte en el medi ambient i Prevenci\u00f3 de Riscos Laborals (normes ISO 9001, ISO 14001, ISO 45001).[\/vc_column_text][\/vc_tta_section][vc_tta_section title=&#8221;Capacitat:&#8221; tab_id=&#8221;1553604895952-b7870d59-601a42b3-cff6&#8243;][vc_column_text css=&#8221;.vc_custom_1553613128699{padding-top: 20px !important;padding-bottom: 20px !important;}&#8221;]<strong>Capacitat:<\/strong> Disposem dels mitjans humans i t\u00e8cnics per fer qualsevol tipus de trasllat de maquin\u00e0ria, equips pesants i de precisi\u00f3. Li garantim un servei segur i efectiu, adaptant-nos a les necessitats del client per poder traslladar des d&#8217;una sola m\u00e0quina fins a centres productius complets.[\/vc_column_text][\/vc_tta_section][\/vc_tta_accordion][\/vc_column][\/vc_row][vc_row css=&#8221;.vc_custom_1548412377941{background-color: #1e73be !important;}&#8221;][vc_column][vc_empty_space height=&#8221;2em&#8221; alter_height=&#8221;none&#8221; hide_on_mobile=&#8221;&#8221;][vc_custom_heading text=&#8221;Li oferim una soluci\u00f3 efica\u00e7 per al trasllat de maquin\u00e0ria:&#8221; font_container=&#8221;tag:h2|text_align:center|color:%23ffffff&#8221; use_theme_fonts=&#8221;yes&#8221; css=&#8221;.vc_custom_1553613262386{margin-top: 0px !important;margin-bottom: 0px !important;}&#8221;][vc_empty_space height=&#8221;2em&#8221; alter_height=&#8221;none&#8221; hide_on_mobile=&#8221;&#8221;][\/vc_column][\/vc_row][vc_row css=&#8221;.vc_custom_1548413444783{padding-bottom: 20px !important;background-color: #1e73be !important;}&#8221;][vc_column width=&#8221;1\/2&#8243;][vc_column_text css=&#8221;.vc_custom_1553613290517{padding-right: 10% !important;padding-left: 10% !important;}&#8221;]<span style=\"font-weight: 400; color: #ffffff;\">Pressupostos personalitzats en funci\u00f3 de les seves necessitats i garantint la plena seguretat en la manipulaci\u00f3 i transport d&#8217; equips pesants i delicats.<\/span><\/p>\n<p><span style=\"font-weight: 400; color: #ffffff;\">Assessor personal durant tot el proc\u00e9s per a la coordinaci\u00f3 del trasllat.<\/span><\/p>\n<p><span style=\"font-weight: 400; color: #ffffff;\">Personal fix en plantilla amb experi\u00e8ncia i formaci\u00f3 en manipulaci\u00f3 de c\u00e0rregues pesades.<\/span><br \/>\n[\/vc_column_text][vc_empty_space height=&#8221;2em&#8221; alter_height=&#8221;none&#8221; hide_on_mobile=&#8221;&#8221;][\/vc_column][vc_column width=&#8221;1\/2&#8243;][vc_column_text css=&#8221;.vc_custom_1553613316546{padding-right: 10% !important;padding-left: 10% !important;}&#8221;]<span style=\"font-weight: 400; color: #ffffff;\">Plataformes elevadores i mitjans innovadors per facilitar el treball en tot tipus d&#8217; edificis.<\/span><\/p>\n<p><span style=\"font-weight: 400; color: #ffffff;\">Sol\u00b7licitud dels permisos d&#8217;estacionament quan siguin necessaris.<\/span><\/p>\n<p><span style=\"font-weight: 400; color: #ffffff;\">Coordinaci\u00f3 d&#8217;Activitats Empresarials per part del nostre departament de Prevenci\u00f3 de Riscos Laborals (P.R.L.)<\/span><br \/>\n[\/vc_column_text][\/vc_column][\/vc_row][vc_row full_width=&#8221;stretch_row_content_no_spaces&#8221;][vc_column][vc_empty_space height=&#8221;4em&#8221; alter_height=&#8221;none&#8221; hide_on_mobile=&#8221;&#8221;][\/vc_column][\/vc_row][vc_row css=&#8221;.vc_custom_1550491922496{background-position: center !important;background-repeat: no-repeat !important;background-size: cover !important;}&#8221;][vc_column width=&#8221;1\/2&#8243; css=&#8221;.vc_custom_1547544523104{background-color: #ffffff !important;}&#8221;][vc_empty_space height=&#8221;5.9em&#8221; alter_height=&#8221;none&#8221; hide_on_mobile=&#8221;1&#8243;][vc_single_image image=&#8221;5772&#8243; img_size=&#8221;large&#8221;][vc_empty_space height=&#8221;1em&#8221; alter_height=&#8221;none&#8221; hide_on_mobile=&#8221;&#8221;][\/vc_column][vc_column width=&#8221;1\/2&#8243;][vc_empty_space height=&#8221;2em&#8221; alter_height=&#8221;none&#8221; hide_on_mobile=&#8221;&#8221;][vc_custom_heading text=&#8221;Maquin\u00e0ria i Equips delicats&#8221; font_container=&#8221;tag:h5|font_size:23px|text_align:left|color:%23d7d3cd&#8221; use_theme_fonts=&#8221;yes&#8221; css=&#8221;.vc_custom_1555176816583{margin-top: 0px !important;margin-bottom: 0px !important;}&#8221;][vc_empty_space height=&#8221;0.35em&#8221; alter_height=&#8221;none&#8221; hide_on_mobile=&#8221;&#8221;][vc_custom_heading text=&#8221;Transport d&#8217; Equips&#8221; font_container=&#8221;tag:h2|text_align:left|color:%2310228a&#8221; use_theme_fonts=&#8221;yes&#8221; css=&#8221;.vc_custom_1555179347860{margin-top: 0px !important;margin-bottom: 0px !important;}&#8221;][vc_empty_space height=&#8221;2.2em&#8221; alter_height=&#8221;none&#8221; hide_on_mobile=&#8221;&#8221;][vc_column_text]Portem a terme trasllats de maquin\u00e0ria i centres productius a la prov\u00edncia de Barcelona amb total professionalitat i precisi\u00f3. El personal de la nostra empresa est\u00e0 espec\u00edficament format en la protecci\u00f3, manipulaci\u00f3 i transport d&#8217; equips pesants, la qual cosa ens permet oferir un servei de qualitat.<\/p>\n<p>M\u00e9s de 30 anys en el sector del transport i la log\u00edstica ens permeten executar amb professionalitat qualsevol repte que ens proposi. On d&#8217;altres posen traves, nosaltres posem solucions. Per a tot servei de trasllat especial o delicat li assignarem un equip t\u00e8cnic que l&#8217; assessorar\u00e0 en els mitjans, cost i durada del projecte.[\/vc_column_text][vc_empty_space height=&#8221;3.15em&#8221; alter_height=&#8221;none&#8221; hide_on_mobile=&#8221;&#8221;][\/vc_column][\/vc_row][vc_row css=&#8221;.vc_custom_1555177216250{background-position: center !important;background-repeat: no-repeat !important;background-size: cover !important;}&#8221;][vc_column width=&#8221;1\/2&#8243; css=&#8221;.vc_custom_1547544523104{background-color: #ffffff !important;}&#8221;][vc_empty_space height=&#8221;5.9em&#8221; alter_height=&#8221;none&#8221; hide_on_mobile=&#8221;1&#8243;][vc_single_image image=&#8221;2533&#8243; img_size=&#8221;large&#8221;][vc_empty_space height=&#8221;1em&#8221; alter_height=&#8221;none&#8221; hide_on_mobile=&#8221;&#8221;][\/vc_column][vc_column width=&#8221;1\/2&#8243;][vc_empty_space height=&#8221;2em&#8221; alter_height=&#8221;none&#8221; hide_on_mobile=&#8221;&#8221;][vc_custom_heading text=&#8221;Mitjans adequats per a cada situaci\u00f3&#8221; font_container=&#8221;tag:h2|text_align:left|color:%2310228a&#8221; use_theme_fonts=&#8221;yes&#8221; css=&#8221;.vc_custom_1557159405584{margin-top: 0px !important;margin-bottom: 0px !important;}&#8221;][vc_empty_space height=&#8221;2.2em&#8221; alter_height=&#8221;none&#8221; hide_on_mobile=&#8221;&#8221;][vc_column_text]La nostra experi\u00e8ncia realitzant trasllats de maquin\u00e0ria i la disposici\u00f3 de mitjans espec\u00edfics ens permeten transportar maquin\u00e0ria de tot tipus, des de l&#8217;equip m\u00e9s delicat fins al m\u00e9s pesat. Una \u00e0mplia flota de 18 vehicles de diferents tipologies i capacitats ens permet adaptar-nos a totes les situacions.<\/p>\n<p>Estem habituats a la manipulaci\u00f3, c\u00e0rrega, transport i desc\u00e0rrega de maquin\u00e0ria industrial del sector metal\u00b7l\u00fargic, t\u00e8xtil, hostaleria, alimentaci\u00f3, etc. pel que coneixem les peculiaritats que requereixen el transport de cada tipus de maquin\u00e0ria.<\/p>\n<p>Els nostres assessors l&#8217; informaran en tots els detalls per al trasllat de la seva maquin\u00e0ria, atenent les especificacions de cada equip i les necessitats de la seva empresa. Previ al servei un assessor visitar\u00e0 les instal\u00b7lacions per comprovar el persona els mitjans m\u00e9s adequats per al trasllat de la maquin\u00e0ria.<\/p>\n<p>Com a complement al trasllat de maquin\u00e0ria tamb\u00e9 podem gestionar el trasllat d&#8217;oficines i en cas de ser necessari el buidatge i desallotjament d&#8217;instal\u00b7lacions, emetent el corresponent certificat de destrucci\u00f3 del mobiliari i elements que es troben a les instal\u00b7lacions.[\/vc_column_text][vc_empty_space height=&#8221;3.15em&#8221; alter_height=&#8221;none&#8221; hide_on_mobile=&#8221;&#8221;][\/vc_column][\/vc_row][vc_row css=&#8221;.vc_custom_1556272311686{padding-right: 20px !important;padding-left: 20px !important;background-position: center !important;background-repeat: no-repeat !important;background-size: cover !important;}&#8221;][vc_column el_id=&#8221;formulario&#8221;]<div id=\"sc_content_225636699\"\n\t\tclass=\"sc_content sc_content_default sc_content_width_1_1\"><div class=\"sc_content_container\">[vc_row_inner][vc_column_inner offset=&#8221;vc_hidden-lg vc_hidden-md vc_hidden-sm&#8221;][\/vc_column_inner][\/vc_row_inner][vc_empty_space height=&#8221;4em&#8221; alter_height=&#8221;none&#8221; hide_on_mobile=&#8221;1&#8243;][vc_row_inner][vc_column_inner][vc_empty_space height=&#8221;2.2em&#8221; alter_height=&#8221;none&#8221; hide_on_mobile=&#8221;&#8221;][vc_custom_heading text=&#8221;Pressupost a mida&#8221; font_container=&#8221;tag:h3|text_align:center|color:%23d7d3cd&#8221; use_theme_fonts=&#8221;yes&#8221; css=&#8221;.vc_custom_1606402667671{margin-top: 0px !important;margin-bottom: 0px !important;}&#8221;][vc_empty_space height=&#8221;0.35em&#8221; alter_height=&#8221;none&#8221; hide_on_mobile=&#8221;&#8221;][vc_column_text]<span style=\"font-weight: 400;\">Conegui la difer\u00e8ncia de treballar amb Mudances Control de la m\u00e0 d&#8217;un dels nostres assessors personals. <\/span><\/p>\n<p><span style=\"font-weight: 400;\">Gr\u00e0cies a la figura de l&#8217;assessor personal vost\u00e8 estar\u00e0 acompanyat des del primer moment i fins a finalitzar la mudan\u00e7a. Primer durant la fase d&#8217; informaci\u00f3 i consulta, per poder oferir-li les millors condicions per a la seva mudan\u00e7a i en cas d&#8217; acceptaci\u00f3 de la nostra oferta, tamb\u00e9 durant la resta del proc\u00e9s fins a finalitzar el trasllat. <\/span><\/p>\n<p><span style=\"font-weight: 400;\">No dubti a demanar pressupost, l&#8217;atendrem encantats.<\/span>[\/vc_column_text][vc_empty_space height=&#8221;3.15em&#8221; alter_height=&#8221;none&#8221; hide_on_mobile=&#8221;&#8221;]<div id=\"sc_icons_659558216\" \n\tclass=\"sc_icons sc_icons_default sc_icons_size_small sc_align_center  vc_custom_1606402654075\"><div class=\"sc_icons_item sc_icons_item_linked\"><h4 class=\"sc_icons_title\"\n\n                 style=\"color: #97b628\"\n                    ><span>Tel\u00e9fono: 93 334 01 00<\/span><\/h4><a href=\"tel:+34933340100\" class=\"sc_icons_link\"><\/a><\/div><\/div><!-- \/.sc_icons -->[vc_empty_space height=&#8221;4.2em&#8221; alter_height=&#8221;none&#8221; hide_on_mobile=&#8221;&#8221;][\/vc_column_inner][\/vc_row_inner]<\/div><\/div><!-- \/.sc_content -->[\/vc_column][\/vc_row][vc_row][vc_column][vc_empty_space height=&#8221;3.2em&#8221; alter_height=&#8221;none&#8221; hide_on_mobile=&#8221;&#8221;][\/vc_column][\/vc_row][vc_row css=&#8221;.vc_custom_1570919265553{padding-right: 20px !important;padding-left: 20px !important;background-color: #f5f4f3 !important;}&#8221;][vc_column][vc_empty_space height=&#8221;1.9em&#8221; alter_height=&#8221;none&#8221; hide_on_mobile=&#8221;&#8221;]<div id=\"sc_content_1421728302\"\n\t\tclass=\"sc_content sc_content_default sc_content_width_1_1\"><div class=\"sc_content_container\">[vc_row_inner][vc_column_inner width=&#8221;1\/2&#8243;][vc_empty_space height=&#8221;3em&#8221; alter_height=&#8221;none&#8221; hide_on_mobile=&#8221;1&#8243;][vc_custom_heading text=&#8221;Projectes recents&#8221; font_container=&#8221;tag:p|font_size:35px|text_align:left|color:%2344413e&#8221; use_theme_fonts=&#8221;yes&#8221; css=&#8221;.vc_custom_1581114955501{margin-top: 0px !important;margin-bottom: 0px !important;}&#8221; link=&#8221;url:https%3A%2F%2Fwww.mudanzascontrol.com%2Fca%2Fprojectes-recents%2F|title:Projectes|&#8221;][\/vc_column_inner][\/vc_row_inner][vc_empty_space height=&#8221;2.8em&#8221; alter_height=&#8221;none&#8221; hide_on_mobile=&#8221;&#8221;][vc_basic_grid post_type=&#8221;post&#8221; max_items=&#8221;3&#8243; item=&#8221;basicGrid_NoAnimation&#8221; grid_id=&#8221;vc_gid:1730461503433-133faf31-aa3f-0&#8243; taxonomies=&#8221;29&#8243;]<\/div><\/div><!-- \/.sc_content -->[vc_empty_space height=&#8221;5.05em&#8221; alter_height=&#8221;none&#8221; hide_on_mobile=&#8221;&#8221;][\/vc_column][\/vc_row][vc_row][vc_column][vc_empty_space height=&#8221;3.2em&#8221; alter_height=&#8221;none&#8221; hide_on_mobile=&#8221;&#8221;][\/vc_column][\/vc_row][vc_row full_width=&#8221;stretch_row_content_no_spaces&#8221; css=&#8221;.vc_custom_1569603374618{background-image: url(https:\/\/www.mudanzascontrol.com\/wp-content\/uploads\/2019\/04\/Traslado-robot-laboratorio-web-2.jpg?id=1797) !important;background-position: center !important;background-repeat: no-repeat !important;background-size: cover !important;}&#8221;][vc_column]<div id=\"sc_content_1071068097\"\n\t\tclass=\"sc_content sc_content_default sc_content_width_1_1\"><div class=\"sc_content_container\">[vc_empty_space height=&#8221;2.4em&#8221; alter_height=&#8221;none&#8221; hide_on_mobile=&#8221;1&#8243;][vc_empty_space height=&#8221;1em&#8221; alter_height=&#8221;none&#8221; hide_on_mobile=&#8221;&#8221;][vc_custom_heading text=&#8221;Podem ajudar-lo?&#8221; font_container=&#8221;tag:p|font_size:45px|text_align:center|color:%23ffffff&#8221; use_theme_fonts=&#8221;yes&#8221;][vc_row_inner el_class=&#8221;mobile_center&#8221;][vc_column_inner][vc_empty_space height=&#8221;0.6em&#8221; alter_height=&#8221;none&#8221; hide_on_mobile=&#8221;&#8221;]<div class=\"sc_item_button sc_button_wrap sc_align_center\"><a href=\"\/contacto\/\" id=\"sc_button_1526882917\" class=\"sc_button sc_button_default  vc_custom_1569603713704 sc_button_size_normal sc_button_icon_left\"><span class=\"sc_button_text sc_align_right\" data-text=\"Contacte\"><span class=\"sc_button_title\">Contacte<\/span><\/span><!-- \/.sc_button_text --><\/a><!-- \/.sc_button --><\/div><!-- \/.sc_item_button -->[\/vc_column_inner][\/vc_row_inner][vc_empty_space height=&#8221;5.35em&#8221; alter_height=&#8221;none&#8221; hide_on_mobile=&#8221;1&#8243;][vc_empty_space height=&#8221;2.3em&#8221; alter_height=&#8221;none&#8221; hide_on_mobile=&#8221;&#8221;]<\/div><\/div><!-- \/.sc_content -->[\/vc_column][\/vc_row]<\/p>\n<\/div>","protected":false},"excerpt":{"rendered":"<p>[vc_row full_width=&#8221;stretch_row_content_no_spaces&#8221; css=&#8221;.vc_custom_1606402429533{background-image: url(https:\/\/www.mudanzascontrol.com\/wp-content\/uploads\/2019\/08\/Traslado-maquinaria-palleja-barcelona-recorte-2-e1606402372257-scaled.jpg?id=2650) !important;background-position: center !important;background-repeat: no-repeat !important;background-size: cover !important;}&#8221;][vc_column][\/vc_column][\/vc_row][vc_row css=&#8221;.vc_custom_1559902259601{background-position: center !important;background-repeat: no-repeat !important;background-size: cover !important;}&#8221;][vc_column width=&#8221;1\/2&#8243; css=&#8221;.vc_custom_1547546572410{margin-top: 10px !important;margin-left: 0px !important;}&#8221; el_class=&#8221;margin_left_0&#8243;][vc_empty_space height=&#8221;2em&#8221; alter_height=&#8221;none&#8221; hide_on_mobile=&#8221;&#8221;][vc_custom_heading text=&#8221;Trasllat de Maquin\u00e0ria a Barcelona&#8221; font_container=&#8221;tag:h2|font_size:35|text_align:center|color:%2310228a&#8221; use_theme_fonts=&#8221;yes&#8221; css=&#8221;.vc_custom_1553613177739{margin-top: 0px !important;margin-bottom: 0px !important;}&#8221;][vc_empty_space&hellip;<\/p>\n","protected":false},"author":5,"featured_media":2641,"parent":0,"menu_order":0,"comment_status":"closed","ping_status":"closed","template":"","meta":{"footnotes":""},"class_list":["post-5764","page","type-page","status-publish","has-post-thumbnail","hentry"],"yoast_head":"<!-- This site is optimized with the Yoast SEO Premium plugin v27.1 (Yoast SEO v27.1.1) - https:\/\/yoast.com\/product\/yoast-seo-premium-wordpress\/ -->\n<title>Trasllat de Maquin\u00e0ria a Barcelona - Mudances Control<\/title>\n<meta name=\"description\" content=\"Realitzem trasllats de maquin\u00e0ria a Barcelona com a complement a la seva mudan\u00e7a d&#039; empresa. Transport de maquin\u00e0ria delicada i pesada.\" \/>\n<meta name=\"robots\" content=\"index, follow, max-snippet:-1, max-image-preview:large, max-video-preview:-1\" \/>\n<link rel=\"canonical\" href=\"https:\/\/www.mudanzascontrol.com\/ca\/trasllat-de-maquinaria\/\" \/>\n<meta property=\"og:locale\" content=\"ca_ES\" \/>\n<meta property=\"og:type\" content=\"article\" \/>\n<meta property=\"og:title\" content=\"Trasllat de maquin\u00e0ria\" \/>\n<meta property=\"og:description\" content=\"Dins de la prov\u00edncia de Barcelona destaquem la nostra experi\u00e8ncia en el trasllat de maquin\u00e0ria pesant i delicada, estant avalats per la plena satisfacci\u00f3\" \/>\n<meta property=\"og:url\" content=\"https:\/\/www.mudanzascontrol.com\/ca\/trasllat-de-maquinaria\/\" \/>\n<meta property=\"og:site_name\" content=\"Mudanzas Control\" \/>\n<meta property=\"article:publisher\" content=\"https:\/\/es-es.facebook.com\/MudanzasControl\/\" \/>\n<meta property=\"article:modified_time\" content=\"2025-03-22T21:08:07+00:00\" \/>\n<meta property=\"og:image\" content=\"https:\/\/www.mudanzascontrol.com\/wp-content\/uploads\/2019\/05\/Mudanzas-Barcelona-Control-1.jpg\" \/>\n\t<meta property=\"og:image:width\" content=\"3780\" \/>\n\t<meta property=\"og:image:height\" content=\"2530\" \/>\n\t<meta property=\"og:image:type\" content=\"image\/jpeg\" \/>\n<meta name=\"twitter:card\" content=\"summary_large_image\" \/>\n<meta name=\"twitter:site\" content=\"@MudanzasControl\" \/>\n<meta name=\"twitter:label1\" content=\"Temps estimat de lectura\" \/>\n\t<meta name=\"twitter:data1\" content=\"13 minuts\" \/>\n<script type=\"application\/ld+json\" class=\"yoast-schema-graph\">{\"@context\":\"https:\/\/schema.org\",\"@graph\":[{\"@type\":\"WebPage\",\"@id\":\"https:\/\/www.mudanzascontrol.com\/ca\/trasllat-de-maquinaria\/\",\"url\":\"https:\/\/www.mudanzascontrol.com\/ca\/trasllat-de-maquinaria\/\",\"name\":\"Trasllat de Maquin\u00e0ria a Barcelona - Mudances Control\",\"isPartOf\":{\"@id\":\"https:\/\/www.mudanzascontrol.com\/#website\"},\"primaryImageOfPage\":{\"@id\":\"https:\/\/www.mudanzascontrol.com\/ca\/trasllat-de-maquinaria\/#primaryimage\"},\"image\":{\"@id\":\"https:\/\/www.mudanzascontrol.com\/ca\/trasllat-de-maquinaria\/#primaryimage\"},\"thumbnailUrl\":\"https:\/\/www.mudanzascontrol.com\/wp-content\/uploads\/2019\/08\/Traslado-maquinaria-palleja-barcelona-recorte.jpg\",\"datePublished\":\"2019-02-08T14:50:17+00:00\",\"dateModified\":\"2025-03-22T21:08:07+00:00\",\"description\":\"Realitzem trasllats de maquin\u00e0ria a Barcelona com a complement a la seva mudan\u00e7a d' empresa. Transport de maquin\u00e0ria delicada i pesada.\",\"breadcrumb\":{\"@id\":\"https:\/\/www.mudanzascontrol.com\/ca\/trasllat-de-maquinaria\/#breadcrumb\"},\"inLanguage\":\"ca\",\"potentialAction\":[{\"@type\":\"ReadAction\",\"target\":[\"https:\/\/www.mudanzascontrol.com\/ca\/trasllat-de-maquinaria\/\"]}]},{\"@type\":\"ImageObject\",\"inLanguage\":\"ca\",\"@id\":\"https:\/\/www.mudanzascontrol.com\/ca\/trasllat-de-maquinaria\/#primaryimage\",\"url\":\"https:\/\/www.mudanzascontrol.com\/wp-content\/uploads\/2019\/08\/Traslado-maquinaria-palleja-barcelona-recorte.jpg\",\"contentUrl\":\"https:\/\/www.mudanzascontrol.com\/wp-content\/uploads\/2019\/08\/Traslado-maquinaria-palleja-barcelona-recorte.jpg\",\"width\":3550,\"height\":2525,\"caption\":\"Traslado maquinaria en Palleja Barcelona\"},{\"@type\":\"BreadcrumbList\",\"@id\":\"https:\/\/www.mudanzascontrol.com\/ca\/trasllat-de-maquinaria\/#breadcrumb\",\"itemListElement\":[{\"@type\":\"ListItem\",\"position\":1,\"name\":\"Portada\",\"item\":\"https:\/\/www.mudanzascontrol.com\/ca\/inicio\/\"},{\"@type\":\"ListItem\",\"position\":2,\"name\":\"Trasllat de maquin\u00e0ria\"}]},{\"@type\":\"WebSite\",\"@id\":\"https:\/\/www.mudanzascontrol.com\/#website\",\"url\":\"https:\/\/www.mudanzascontrol.com\/\",\"name\":\"Mudanzas Control\",\"description\":\"Empresa de Mudanzas en Barcelona\",\"publisher\":{\"@id\":\"https:\/\/www.mudanzascontrol.com\/#organization\"},\"alternateName\":\"CONTROL Mudanzas Barcelona\",\"potentialAction\":[{\"@type\":\"SearchAction\",\"target\":{\"@type\":\"EntryPoint\",\"urlTemplate\":\"https:\/\/www.mudanzascontrol.com\/?s={search_term_string}\"},\"query-input\":{\"@type\":\"PropertyValueSpecification\",\"valueRequired\":true,\"valueName\":\"search_term_string\"}}],\"inLanguage\":\"ca\"},{\"@type\":\"Organization\",\"@id\":\"https:\/\/www.mudanzascontrol.com\/#organization\",\"name\":\"CONTROL Mudanzas\",\"url\":\"https:\/\/www.mudanzascontrol.com\/\",\"logo\":{\"@type\":\"ImageObject\",\"inLanguage\":\"ca\",\"@id\":\"https:\/\/www.mudanzascontrol.com\/#\/schema\/logo\/image\/\",\"url\":\"https:\/\/www.mudanzascontrol.com\/wp-content\/uploads\/2019\/08\/Control-Mudanzas-Barcelona.jpg\",\"contentUrl\":\"https:\/\/www.mudanzascontrol.com\/wp-content\/uploads\/2019\/08\/Control-Mudanzas-Barcelona.jpg\",\"width\":500,\"height\":125,\"caption\":\"CONTROL Mudanzas\"},\"image\":{\"@id\":\"https:\/\/www.mudanzascontrol.com\/#\/schema\/logo\/image\/\"},\"sameAs\":[\"https:\/\/es-es.facebook.com\/MudanzasControl\/\",\"https:\/\/x.com\/MudanzasControl\",\"https:\/\/www.instagram.com\/mudanzascontrol\/\",\"https:\/\/www.linkedin.com\/company\/control-mudanzas-sl\",\"https:\/\/www.pinterest.es\/mudanzascontrol\/\",\"https:\/\/www.youtube.com\/user\/Guardamuebles1\"],\"description\":\"Empresa de mudanzas ubicada en Barcelona\",\"email\":\"comercial@mudanzascontrol.com\",\"telephone\":\"933340100\",\"legalName\":\"CONSORCIO DE TRANSITO Y ORGANIZACI\u00d3N LOG\u00cdSTICA EN MUDANZAS, SLU\",\"vatID\":\"B61104253\",\"taxID\":\"B61104253\",\"numberOfEmployees\":{\"@type\":\"QuantitativeValue\",\"minValue\":\"11\",\"maxValue\":\"50\"}}]}<\/script>\n<!-- \/ Yoast SEO Premium plugin. -->","yoast_head_json":{"title":"Trasllat de Maquin\u00e0ria a Barcelona - Mudances Control","description":"Realitzem trasllats de maquin\u00e0ria a Barcelona com a complement a la seva mudan\u00e7a d' empresa. Transport de maquin\u00e0ria delicada i pesada.","robots":{"index":"index","follow":"follow","max-snippet":"max-snippet:-1","max-image-preview":"max-image-preview:large","max-video-preview":"max-video-preview:-1"},"canonical":"https:\/\/www.mudanzascontrol.com\/ca\/trasllat-de-maquinaria\/","og_locale":"ca_ES","og_type":"article","og_title":"Trasllat de maquin\u00e0ria","og_description":"Dins de la prov\u00edncia de Barcelona destaquem la nostra experi\u00e8ncia en el trasllat de maquin\u00e0ria pesant i delicada, estant avalats per la plena satisfacci\u00f3","og_url":"https:\/\/www.mudanzascontrol.com\/ca\/trasllat-de-maquinaria\/","og_site_name":"Mudanzas Control","article_publisher":"https:\/\/es-es.facebook.com\/MudanzasControl\/","article_modified_time":"2025-03-22T21:08:07+00:00","og_image":[{"width":3780,"height":2530,"url":"https:\/\/www.mudanzascontrol.com\/wp-content\/uploads\/2019\/05\/Mudanzas-Barcelona-Control-1.jpg","type":"image\/jpeg"}],"twitter_card":"summary_large_image","twitter_site":"@MudanzasControl","twitter_misc":{"Temps estimat de lectura":"13 minuts"},"schema":{"@context":"https:\/\/schema.org","@graph":[{"@type":"WebPage","@id":"https:\/\/www.mudanzascontrol.com\/ca\/trasllat-de-maquinaria\/","url":"https:\/\/www.mudanzascontrol.com\/ca\/trasllat-de-maquinaria\/","name":"Trasllat de Maquin\u00e0ria a Barcelona - Mudances Control","isPartOf":{"@id":"https:\/\/www.mudanzascontrol.com\/#website"},"primaryImageOfPage":{"@id":"https:\/\/www.mudanzascontrol.com\/ca\/trasllat-de-maquinaria\/#primaryimage"},"image":{"@id":"https:\/\/www.mudanzascontrol.com\/ca\/trasllat-de-maquinaria\/#primaryimage"},"thumbnailUrl":"https:\/\/www.mudanzascontrol.com\/wp-content\/uploads\/2019\/08\/Traslado-maquinaria-palleja-barcelona-recorte.jpg","datePublished":"2019-02-08T14:50:17+00:00","dateModified":"2025-03-22T21:08:07+00:00","description":"Realitzem trasllats de maquin\u00e0ria a Barcelona com a complement a la seva mudan\u00e7a d' empresa. Transport de maquin\u00e0ria delicada i pesada.","breadcrumb":{"@id":"https:\/\/www.mudanzascontrol.com\/ca\/trasllat-de-maquinaria\/#breadcrumb"},"inLanguage":"ca","potentialAction":[{"@type":"ReadAction","target":["https:\/\/www.mudanzascontrol.com\/ca\/trasllat-de-maquinaria\/"]}]},{"@type":"ImageObject","inLanguage":"ca","@id":"https:\/\/www.mudanzascontrol.com\/ca\/trasllat-de-maquinaria\/#primaryimage","url":"https:\/\/www.mudanzascontrol.com\/wp-content\/uploads\/2019\/08\/Traslado-maquinaria-palleja-barcelona-recorte.jpg","contentUrl":"https:\/\/www.mudanzascontrol.com\/wp-content\/uploads\/2019\/08\/Traslado-maquinaria-palleja-barcelona-recorte.jpg","width":3550,"height":2525,"caption":"Traslado maquinaria en Palleja Barcelona"},{"@type":"BreadcrumbList","@id":"https:\/\/www.mudanzascontrol.com\/ca\/trasllat-de-maquinaria\/#breadcrumb","itemListElement":[{"@type":"ListItem","position":1,"name":"Portada","item":"https:\/\/www.mudanzascontrol.com\/ca\/inicio\/"},{"@type":"ListItem","position":2,"name":"Trasllat de maquin\u00e0ria"}]},{"@type":"WebSite","@id":"https:\/\/www.mudanzascontrol.com\/#website","url":"https:\/\/www.mudanzascontrol.com\/","name":"Mudanzas Control","description":"Empresa de Mudanzas en Barcelona","publisher":{"@id":"https:\/\/www.mudanzascontrol.com\/#organization"},"alternateName":"CONTROL Mudanzas Barcelona","potentialAction":[{"@type":"SearchAction","target":{"@type":"EntryPoint","urlTemplate":"https:\/\/www.mudanzascontrol.com\/?s={search_term_string}"},"query-input":{"@type":"PropertyValueSpecification","valueRequired":true,"valueName":"search_term_string"}}],"inLanguage":"ca"},{"@type":"Organization","@id":"https:\/\/www.mudanzascontrol.com\/#organization","name":"CONTROL Mudanzas","url":"https:\/\/www.mudanzascontrol.com\/","logo":{"@type":"ImageObject","inLanguage":"ca","@id":"https:\/\/www.mudanzascontrol.com\/#\/schema\/logo\/image\/","url":"https:\/\/www.mudanzascontrol.com\/wp-content\/uploads\/2019\/08\/Control-Mudanzas-Barcelona.jpg","contentUrl":"https:\/\/www.mudanzascontrol.com\/wp-content\/uploads\/2019\/08\/Control-Mudanzas-Barcelona.jpg","width":500,"height":125,"caption":"CONTROL Mudanzas"},"image":{"@id":"https:\/\/www.mudanzascontrol.com\/#\/schema\/logo\/image\/"},"sameAs":["https:\/\/es-es.facebook.com\/MudanzasControl\/","https:\/\/x.com\/MudanzasControl","https:\/\/www.instagram.com\/mudanzascontrol\/","https:\/\/www.linkedin.com\/company\/control-mudanzas-sl","https:\/\/www.pinterest.es\/mudanzascontrol\/","https:\/\/www.youtube.com\/user\/Guardamuebles1"],"description":"Empresa de mudanzas ubicada en Barcelona","email":"comercial@mudanzascontrol.com","telephone":"933340100","legalName":"CONSORCIO DE TRANSITO Y ORGANIZACI\u00d3N LOG\u00cdSTICA EN MUDANZAS, SLU","vatID":"B61104253","taxID":"B61104253","numberOfEmployees":{"@type":"QuantitativeValue","minValue":"11","maxValue":"50"}}]}},"_links":{"self":[{"href":"https:\/\/www.mudanzascontrol.com\/ca\/wp-json\/wp\/v2\/pages\/5764","targetHints":{"allow":["GET"]}}],"collection":[{"href":"https:\/\/www.mudanzascontrol.com\/ca\/wp-json\/wp\/v2\/pages"}],"about":[{"href":"https:\/\/www.mudanzascontrol.com\/ca\/wp-json\/wp\/v2\/types\/page"}],"author":[{"embeddable":true,"href":"https:\/\/www.mudanzascontrol.com\/ca\/wp-json\/wp\/v2\/users\/5"}],"replies":[{"embeddable":true,"href":"https:\/\/www.mudanzascontrol.com\/ca\/wp-json\/wp\/v2\/comments?post=5764"}],"version-history":[{"count":0,"href":"https:\/\/www.mudanzascontrol.com\/ca\/wp-json\/wp\/v2\/pages\/5764\/revisions"}],"wp:featuredmedia":[{"embeddable":true,"href":"https:\/\/www.mudanzascontrol.com\/ca\/wp-json\/wp\/v2\/media\/2641"}],"wp:attachment":[{"href":"https:\/\/www.mudanzascontrol.com\/ca\/wp-json\/wp\/v2\/media?parent=5764"}],"curies":[{"name":"wp","href":"https:\/\/api.w.org\/{rel}","templated":true}]}}