{"id":6387,"date":"2019-10-04T16:20:30","date_gmt":"2019-10-04T15:20:30","guid":{"rendered":"https:\/\/www.mudanzascontrol.com\/mudances-sant-cugat\/"},"modified":"2025-09-13T11:54:26","modified_gmt":"2025-09-13T10:54:26","slug":"mudances-sant-cugat","status":"publish","type":"page","link":"https:\/\/www.mudanzascontrol.com\/ca\/mudances-sant-cugat\/","title":{"rendered":"Mudances Sant Cugat"},"content":{"rendered":"<div class=\"wpb-content-wrapper\"><p>[vc_row full_width=&#8221;stretch_row_content_no_spaces&#8221; css=&#8221;.vc_custom_1575633429249{background-image: url(https:\/\/www.mudanzascontrol.com\/wp-content\/uploads\/2019\/12\/mudanzas-sant-cugat.jpg?id=3144) !important;background-position: center !important;background-repeat: no-repeat !important;background-size: cover !important;}&#8221;][vc_column]<div id=\"sc_content_289204436\"\n\t\tclass=\"sc_content sc_content_default sc_content_width_1_1\"><div class=\"sc_content_container\">[vc_empty_space height=&#8221;2.3em&#8221; alter_height=&#8221;none&#8221; hide_on_mobile=&#8221;&#8221;][vc_empty_space height=&#8221;6.35em&#8221; alter_height=&#8221;none&#8221; hide_on_mobile=&#8221;1&#8243;][vc_custom_heading text=&#8221;Mudances a Sant Cugat amb Atenci\u00f3 Professional&#8221; font_container=&#8221;tag:h1|text_align:center|color:%23ffffff&#8221; use_theme_fonts=&#8221;yes&#8221; css=&#8221;.vc_custom_1757679802971{background-color: rgba(0,0,0,0.13) !important;*background-color: rgb(0,0,0) !important;}&#8221;][vc_empty_space height=&#8221;4em&#8221; alter_height=&#8221;none&#8221; hide_on_mobile=&#8221;&#8221;]<div class=\"sc_item_button sc_button_wrap sc_align_center\"><a href=\"#form\" id=\"sc_button_1437681488\" class=\"sc_button sc_button_default sc_button_size_normal sc_button_icon_left\"><span class=\"sc_button_text sc_align_center\" data-text=\"Formulario de Contacto\"><span class=\"sc_button_title\">Formulario de Contacto<\/span><\/span><!-- \/.sc_button_text --><\/a><!-- \/.sc_button --><\/div><!-- \/.sc_item_button -->[vc_empty_space height=&#8221;2em&#8221; alter_height=&#8221;none&#8221; hide_on_mobile=&#8221;&#8221;][vc_empty_space height=&#8221;5em&#8221; alter_height=&#8221;none&#8221; hide_on_mobile=&#8221;1&#8243;]<\/div><\/div><!-- \/.sc_content -->[\/vc_column][\/vc_row][vc_row css=&#8221;.vc_custom_1572291572724{background-position: center !important;background-repeat: no-repeat !important;background-size: cover !important;}&#8221;][vc_column css=&#8221;.vc_custom_1547546572410{margin-top: 10px !important;margin-left: 0px !important;}&#8221; el_class=&#8221;margin_left_0&#8243;][vc_column_text css=&#8221;&#8221;]<\/p>\n<h2 style=\"text-align: center;\">Mudances Sant Cugat<\/h2>\n<p><img loading=\"lazy\" decoding=\"async\" class=\"alignright wp-image-1754 size-wisemove-thumb-masonry\" src=\"https:\/\/www.mudanzascontrol.com\/wp-content\/uploads\/2019\/04\/Materiales-mudanza-particular-370x331.jpg\" alt=\"Materials per a mudances a Sant Cugat\" width=\"370\" height=\"331\"><strong>Descobreixi per qu\u00e8 som el referent en mudances recomanats per tantes fam\u00edlies i empreses a Sant Cugat.<\/strong> El coneixement de la poblaci\u00f3, afegit a <strong>l&#8217;experi\u00e8ncia i formaci\u00f3 dels nostres empleats<\/strong> ens permet oferir un servei de mudances de qualitat.<\/p>\n<p>Ens adaptem a les necessitats de cada client, podent contractar el servei de mudances Sant Cugat amb m\u00e9s o menys prestacions. Des d&#8217;un simple transport fins a un trasllat amb embalatge d&#8217;estris i muntatge de mobles on vost\u00e8 no s&#8217;hagi de preocupar per res. <\/p>\n<p>Quan el cas ho requereixi, i si no prefereix fer-ho vost\u00e8 mateix, podem encarregar-nos de demanar els <a href=\"https:\/\/seu.santcugat.cat\/seu\/ProcedimientoTabs.aspx?tab=1&amp;idProc=160&amp;idnct=444&amp;x=844c4YeiNM6KibquVzefwg\" target=\"_blank\" rel=\"noopener\">permisos d&#8217;estacionament a l&#8217;Ajuntament de Sant Cugat del Vall\u00e8s<\/a> o consistori de Valldoreix.<\/p>\n<p>El nostre servei destaca pel seu <strong>alt nivell de qualitat i adaptaci\u00f3 al client<\/strong>. Per aix\u00f2, des del primer moment li assignarem un assessor personal que l&#8217;atendr\u00e0 durant tot el proc\u00e9s. Aix\u00ed, busquem assegurar-nos que l&#8217;opci\u00f3 que li oferim s&#8217;adapta realment a les seves necessitats.  <\/p>\n<p><strong>La nostra empresa realitza gran nombre de mudances Sant Cugat<\/strong> a causa de la proximitat de les nostres instal\u00b7lacions i a m\u00e9s compta amb certificats de qualitat, medi ambient i seguretat en el treball. Necessita m\u00e9s motius per contactar-nos? Se&#8217;ls comptem a continuaci\u00f3.[\/vc_column_text][vc_empty_space height=&#8221;2em&#8221; alter_height=&#8221;none&#8221; hide_on_mobile=&#8221;&#8221;][vc_row_inner][vc_column_inner width=&#8221;1\/3&#8243; offset=&#8221;vc_hidden-sm vc_hidden-xs&#8221;][vc_single_image image=&#8221;4160&#8243; img_size=&#8221;full&#8221; alignment=&#8221;center&#8221; css=&#8221;&#8221;][\/vc_column_inner][vc_column_inner width=&#8221;1\/3&#8243; offset=&#8221;vc_hidden-sm vc_hidden-xs&#8221;][vc_single_image image=&#8221;4159&#8243; img_size=&#8221;full&#8221; alignment=&#8221;center&#8221; css=&#8221;&#8221;][\/vc_column_inner][vc_column_inner width=&#8221;1\/3&#8243; offset=&#8221;vc_hidden-sm vc_hidden-xs&#8221;][vc_single_image image=&#8221;4522&#8243; img_size=&#8221;full&#8221; alignment=&#8221;center&#8221; css=&#8221;&#8221;][\/vc_column_inner][\/vc_row_inner][vc_empty_space height=&#8221;3em&#8221; alter_height=&#8221;none&#8221; hide_on_mobile=&#8221;&#8221;][\/vc_column][\/vc_row][vc_row css=&#8221;.vc_custom_1757760806339{background-color: #10228A !important;}&#8221;][vc_column][vc_empty_space height=&#8221;2em&#8221; alter_height=&#8221;none&#8221; hide_on_mobile=&#8221;&#8221;][vc_custom_heading text=&#8221;Motius per mudar-se amb la nostra ajuda:&#8221; font_container=&#8221;tag:h2|text_align:center|color:%23ffffff&#8221; use_theme_fonts=&#8221;yes&#8221; css=&#8221;.vc_custom_1573577402010{margin-top: 0px !important;margin-bottom: 0px !important;}&#8221;][vc_empty_space height=&#8221;2em&#8221; alter_height=&#8221;none&#8221; hide_on_mobile=&#8221;&#8221;][\/vc_column][\/vc_row][vc_row css=&#8221;.vc_custom_1757760863612{padding-bottom: 20px !important;background-color: #10228A !important;}&#8221;][vc_column width=&#8221;1\/2&#8243;][vc_column_text css=&#8221;.vc_custom_1757759664135{padding-right: 10% !important;padding-left: 10% !important;}&#8221;]<span style=\"font-weight: 400; color: #ffffff;\">Pressupostos a mida en funci\u00f3 de les seves necessitats, incloent-hi m\u00e9s o menys prestacions.<\/span><\/p>\n<p><span style=\"font-weight: 400; color: #ffffff;\">Assessor personal que l&#8217; atendr\u00e0 durant tot el proc\u00e9s de la mudan\u00e7a.<\/span><\/p>\n<p><span style=\"font-weight: 400; color: #ffffff;\">Sol\u00b7licitud de permisos d&#8217;estacionament o ajuda per a la sol\u00b7licitud dels mateixos, segons el client.<\/span><\/p>\n<p><span style=\"font-weight: 400; color: #ffffff;\">Personal fix en plantilla i amb experi\u00e8ncia acreditada despr\u00e9s d&#8217;anys realitzant mudances a Sant Cugat per als nostres clients.<\/span>[\/vc_column_text][vc_empty_space height=&#8221;2em&#8221; alter_height=&#8221;none&#8221; hide_on_mobile=&#8221;&#8221;][\/vc_column][vc_column width=&#8221;1\/2&#8243;][vc_column_text css=&#8221;.vc_custom_1570201860539{padding-right: 10% !important;padding-left: 10% !important;}&#8221;]<span style=\"font-weight: 400; color: #ffffff;\">Lloguer d&#8217; elevadors muntamobles i mitjans innovadors per facilitar la seva mudan\u00e7a en tot tipus d&#8217; edificis.<\/span><\/p>\n<p><span style=\"font-weight: 400; color: #ffffff;\">Desmuntatge, trasllat i muntatge de mobiliari convencional i delicat.<\/span><\/p>\n<p><span style=\"font-weight: 400; color: #ffffff;\">Assegurances espec\u00edfiques per al trasllat d&#8217; obres d&#8217; art o b\u00e9ns de gran valor.<\/span><\/p>\n<p><span style=\"font-weight: 400; color: #ffffff;\">Guardamobles i Cust\u00f2dia d&#8217;obres d&#8217;art a les nostres instal\u00b7lacions de Pallej\u00e0, a tan sols 15 minuts de Sant Cugat del Vall\u00e8s.<\/span>[\/vc_column_text][\/vc_column][\/vc_row][vc_row css=&#8221;.vc_custom_1568891503406{margin-bottom: 20px !important;background-position: center !important;background-repeat: no-repeat !important;background-size: cover !important;}&#8221;][vc_column css=&#8221;.vc_custom_1547544523104{background-color: #ffffff !important;}&#8221;][vc_column_text css=&#8221;&#8221;]<\/p>\n<h2 style=\"text-align: center;\">Mudances i Guardamobles a Sant Cugat<\/h2>\n<p style=\"text-align: justify;\"><img loading=\"lazy\" decoding=\"async\" class=\"alignright wp-image-1780 size-wisemove-thumb-masonry\" src=\"https:\/\/www.mudanzascontrol.com\/wp-content\/uploads\/2019\/04\/DSC01947_2-370x248.jpg\" alt=\"Elevador de Mudances a Sant Cugat\" width=\"370\" height=\"248\" srcset=\"https:\/\/www.mudanzascontrol.com\/wp-content\/uploads\/2019\/04\/DSC01947_2-370x248.jpg 370w, https:\/\/www.mudanzascontrol.com\/wp-content\/uploads\/2019\/04\/DSC01947_2-300x201.jpg 300w, https:\/\/www.mudanzascontrol.com\/wp-content\/uploads\/2019\/04\/DSC01947_2-768x514.jpg 768w, https:\/\/www.mudanzascontrol.com\/wp-content\/uploads\/2019\/04\/DSC01947_2-1024x685.jpg 1024w, https:\/\/www.mudanzascontrol.com\/wp-content\/uploads\/2019\/04\/DSC01947_2-770x515.jpg 770w\" sizes=\"auto, (max-width: 370px) 100vw, 370px\" \/>Per aconseguir un servei de <strong>mudances Sant Cugat de qualitat<\/strong>, formem constantment els nostres empleats, de manera que la seva experi\u00e8ncia i comprom\u00eds marquin la difer\u00e8ncia el dia de la mudan\u00e7a.<\/p>\n<p style=\"text-align: justify;\">D&#8217;altra banda, posem tots els mitjans m\u00e9s innovadors a disposici\u00f3, amb l&#8217;objectiu de finalitzar cada mudan\u00e7a en el menor temps i amb la major efic\u00e0cia. Comptem amb camions de mudances especialment dissenyats per protegir els b\u00e9ns transportats i plataformes elevadores de diferent tipus que poden arribar fins a un 9\u00e8 pis. <\/p>\n<p>Pensant en el <strong>medi ambient<\/strong>, totes les nostres mudances a Sant Cugat del Vall\u00e8s es duen a terme utilitzant materials reciclables i vehicles amb enganxada mediambiental emesa per la DGT. Destaquem la utilitzaci\u00f3 de caixes fabricades amb materials 100% reciclats i la disposici\u00f3 de mantes i fundes a mida per protegir mobiliari, carreuat i matalassos, reduint aix\u00ed l&#8217;\u00fas de pl\u00e0stics. <\/p>\n<h2 style=\"text-align: center;\">Mudances d&#8217; Empreses a Sant Cugat: Efici\u00e8ncia i Professionalitat<\/h2>\n<p>A Control comptem amb una <strong>\u00e0mplia experi\u00e8ncia en trasllats corporatius a Sant Cuga<\/strong>t. Sabem que una mudan\u00e7a d&#8217;oficina requereix organitzaci\u00f3 i comprom\u00eds perqu\u00e8 no sorgeixin imprevistos. El nostre equip s&#8217;encarrega <strong>d&#8217;envasar, traslladar i reinstal\u00b7lar el seu mobiliari.<\/strong> Tamb\u00e9 podem encarregar-nos de la <strong>desconnexi\u00f3 i connexi\u00f3 d&#8217;equips inform\u00e0tics i del trasllat de documentaci\u00f3<\/strong> amb total garantia. Si necessita m\u00e9s espai al seu local o oficina, la <strong>cust\u00f2dia de la seva documentaci\u00f3<\/strong> a les nostres instal\u00b7lacions d&#8217;arxiu \u00e9s la soluci\u00f3. Tamb\u00e9 podem guardar mobiliari en el nostre <strong>guardamobles<\/strong> durant el temps que durin les obres (en cas necessari).    <\/p>\n<h3>Solucions a Mesura per a Mudances Corporatives<\/h3>\n<p><img loading=\"lazy\" decoding=\"async\" class=\"wp-image-2740 size-medium alignright\" title=\"Mudan\u00e7a d'Oficines i Negocis a Sant Cugat\" src=\"https:\/\/www.mudanzascontrol.com\/wp-content\/uploads\/2019\/09\/oficinas-idealista-300x239.jpg\" alt=\"Mudan\u00e7a d'Oficines i Negocis a Sant Cugat\" width=\"300\" height=\"239\" srcset=\"https:\/\/www.mudanzascontrol.com\/wp-content\/uploads\/2019\/09\/oficinas-idealista-300x239.jpg 300w, https:\/\/www.mudanzascontrol.com\/wp-content\/uploads\/2019\/09\/oficinas-idealista-768x612.jpg 768w, https:\/\/www.mudanzascontrol.com\/wp-content\/uploads\/2019\/09\/oficinas-idealista-1024x816.jpg 1024w, https:\/\/www.mudanzascontrol.com\/wp-content\/uploads\/2019\/09\/oficinas-idealista-370x295.jpg 370w, https:\/\/www.mudanzascontrol.com\/wp-content\/uploads\/2019\/09\/oficinas-idealista-770x613.jpg 770w, https:\/\/www.mudanzascontrol.com\/wp-content\/uploads\/2019\/09\/oficinas-idealista.jpg 1898w\" sizes=\"auto, (max-width: 300px) 100vw, 300px\" \/>Cada empresa t\u00e9 necessitats diferents, per aix\u00f2 dissenyem <strong>plans de mudan\u00e7a personalitzats<\/strong> per a cada client en funci\u00f3 de la mida de la seva oficina i negoci. Tamb\u00e9, hem incorporat al llarg dels anys tots aquells serveis que de manera complement\u00e0ria necessitaven els nostres clients. Aix\u00ed, a dia d&#8217;avui podem oferir-li una <strong>soluci\u00f3 integral per al trasllat de qualsevol empresa<\/strong>. Traslladem equips delicats, laboratoris, arxiu de manera ordenada, desconnectem i connectem, gestionem permisos municipals i en definitiva li oferim un projecte clau en m\u00e0 per a la seua mudan\u00e7a.   <\/p>\n<p>Si busca una <strong>empresa de mudances a Sant Cugat<\/strong> que li ofereixi <strong>confian\u00e7a i resultats<\/strong>, compti amb nosaltres per acompanyar-lo en el proc\u00e9s.<\/p>\n<p>A Mudances Control <strong>comptem amb m\u00e9s de 40 anys d&#8217;experi\u00e8ncia, per\u00f2 mantenim les mateixes ganes que el primer dia<\/strong> per ajudar-lo en el seu trasllat.[\/vc_column_text][vc_empty_space height=&#8221;3.15em&#8221; alter_height=&#8221;none&#8221; hide_on_mobile=&#8221;&#8221;][\/vc_column][\/vc_row][vc_row css=&#8221;.vc_custom_1568891514778{background-position: center !important;background-repeat: no-repeat !important;background-size: cover !important;}&#8221;][vc_column el_id=&#8221;formulario&#8221;]<div id=\"sc_content_737490759\"\n\t\tclass=\"sc_content sc_content_default sc_content_width_1_1\"><div class=\"sc_content_container\">[vc_row_inner][vc_column_inner width=&#8221;1\/2&#8243;][vc_empty_space height=&#8221;4em&#8221; alter_height=&#8221;none&#8221; hide_on_mobile=&#8221;1&#8243;][vc_custom_heading text=&#8221;Pressupost a mida&#8221; font_container=&#8221;tag:p|font_size:23px|text_align:left|color:%23d7d3cd&#8221; use_theme_fonts=&#8221;yes&#8221; css=&#8221;.vc_custom_1549622212231{margin-top: 0px !important;margin-bottom: 0px !important;}&#8221;][vc_empty_space height=&#8221;0.35em&#8221; alter_height=&#8221;none&#8221; hide_on_mobile=&#8221;&#8221;][vc_custom_heading text=&#8221;Sol\u00b7licitar Pressupost&#8221; font_container=&#8221;tag:h3|text_align:left|color:%2310228a&#8221; use_theme_fonts=&#8221;yes&#8221; css=&#8221;.vc_custom_1567702618198{margin-top: 0px !important;margin-bottom: 0px !important;}&#8221;][vc_empty_space height=&#8221;2.2em&#8221; alter_height=&#8221;none&#8221; hide_on_mobile=&#8221;&#8221;][vc_column_text css=&#8221;&#8221;]El nostre servei de mudances a Sant Cugat \u00e9s integral. Per aix\u00f2, li oferim un ampli ventall d&#8217;opcions: empaquetat de caixes, embalatge de mobiliari, desmuntatge i muntatge de mobles, sol\u00b7licitud dels permisos d&#8217;estacionament, contractaci\u00f3 d&#8217;assegurances de mudan\u00e7a espec\u00edfics, etc. <\/p>\n<p>Podem adaptar els serveis inclosos en cada mudan\u00e7a perqu\u00e8 el client pagui tan sols per les tasques contractades. Des d&#8217; una mudan\u00e7a tot incl\u00f2s fins al simple transport de caixes. <\/p>\n<p>Completi el formulari de contacte i un assessor personal l&#8217;informar\u00e0 en detall sobre els nostres preus i serveis.<\/p>\n<p>Si ho desitja, consulteu la nostra secci\u00f3 de <a href=\"https:\/\/www.mudanzascontrol.com\/ca\/consells-mudances\/\">consells<\/a> per saber com organitzar la seva mudan\u00e7a i en definitiva sobre com completar tots els passos que poden succeir-se abans, durant i despr\u00e9s del trasllat. Li brindem aquests consells per posar el poder de decisi\u00f3 a la seva m\u00e0, perqu\u00e8 una bona decisi\u00f3 comen\u00e7a per escollir una empresa de mudances honesta i que sap posar-se al seu lloc.[\/vc_column_text][vc_empty_space height=&#8221;3.15em&#8221; alter_height=&#8221;none&#8221; hide_on_mobile=&#8221;&#8221;]<div id=\"sc_icons_938812551\" \n\tclass=\"sc_icons sc_icons_default sc_icons_size_small sc_align_left  vc_custom_1567702652016\"><div class=\"sc_icons_item sc_icons_item_linked\"><h4 class=\"sc_icons_title\"\n\n                 style=\"color: #97b628\"\n                    ><span>Tel\u00e9fono: 93 334 01 00<\/span><\/h4><a href=\"tel:+34933340100\" class=\"sc_icons_link\"><\/a><\/div><\/div><!-- \/.sc_icons -->[vc_empty_space height=&#8221;4.2em&#8221; alter_height=&#8221;none&#8221; hide_on_mobile=&#8221;&#8221;][\/vc_column_inner][vc_column_inner el_class=&#8221;contact_form_7 form1&#8243; width=&#8221;1\/2&#8243; scheme=&#8221;dark&#8221; css=&#8221;.vc_custom_1549621389345{padding-left: 115px !important;}&#8221;][vc_empty_space height=&#8221;3.85em&#8221; alter_height=&#8221;none&#8221; hide_on_mobile=&#8221;&#8221; el_id=&#8221;form&#8221;]\n<div class=\"wpcf7 no-js\" id=\"wpcf7-f920-o1\" lang=\"en-US\" dir=\"ltr\" data-wpcf7-id=\"920\">\n<div class=\"screen-reader-response\"><p role=\"status\" aria-live=\"polite\" aria-atomic=\"true\"><\/p> <ul><\/ul><\/div>\n<form action=\"\/ca\/wp-json\/wp\/v2\/pages\/6387#wpcf7-f920-o1\" method=\"post\" class=\"wpcf7-form init wpcf7-acceptance-as-validation\" aria-label=\"Contact form\" novalidate=\"novalidate\" data-status=\"init\">\n<fieldset class=\"hidden-fields-container\"><input type=\"hidden\" name=\"_wpcf7\" value=\"920\" \/><input type=\"hidden\" name=\"_wpcf7_version\" value=\"6.1.5\" \/><input type=\"hidden\" name=\"_wpcf7_locale\" value=\"en_US\" \/><input type=\"hidden\" name=\"_wpcf7_unit_tag\" value=\"wpcf7-f920-o1\" \/><input type=\"hidden\" name=\"_wpcf7_container_post\" value=\"0\" \/><input type=\"hidden\" name=\"_wpcf7_posted_data_hash\" value=\"\" \/>\n<\/fieldset>\n<div class=\"formulario_contacto\">\n\t<label> <span class=\"wpcf7-form-control-wrap\" data-name=\"nombre\"><input size=\"40\" maxlength=\"400\" class=\"wpcf7-form-control wpcf7-text wpcf7-validates-as-required\" aria-required=\"true\" aria-invalid=\"false\" placeholder=\"Nombre:\" value=\"\" type=\"text\" name=\"nombre\" \/><\/span> <\/label>\n\t<label>\t<span class=\"wpcf7-form-control-wrap\" data-name=\"tel\"><input size=\"40\" maxlength=\"400\" class=\"wpcf7-form-control wpcf7-text wpcf7-validates-as-required\" aria-required=\"true\" aria-invalid=\"false\" placeholder=\"Tel\u00e9fono\" value=\"\" type=\"text\" name=\"tel\" \/><\/span> <\/label>\n\t<label> <span class=\"wpcf7-form-control-wrap\" data-name=\"email\"><input size=\"40\" maxlength=\"400\" class=\"wpcf7-form-control wpcf7-text wpcf7-validates-as-required\" aria-required=\"true\" aria-invalid=\"false\" placeholder=\"email\" value=\"\" type=\"text\" name=\"email\" \/><\/span> <\/label>\n\t<label> <span class=\"wpcf7-form-control-wrap\" data-name=\"fecha\"><input size=\"40\" maxlength=\"400\" class=\"wpcf7-form-control wpcf7-text\" aria-invalid=\"false\" placeholder=\"Fecha prevista del servicio\" value=\"\" type=\"text\" name=\"fecha\" \/><\/span><\/label>\n\t<label><span class=\"wpcf7-form-control-wrap\" data-name=\"comentarios\"><textarea cols=\"40\" rows=\"10\" maxlength=\"2000\" class=\"wpcf7-form-control wpcf7-textarea\" aria-invalid=\"false\" placeholder=\"Comentarios\" name=\"comentarios\"><\/textarea><\/span><\/label>\n\n\t<span class=\"wpcf7-form-control-wrap\" data-name=\"acceptance-129\"><span class=\"wpcf7-form-control wpcf7-acceptance optional\"><span class=\"wpcf7-list-item\"><label><input type=\"checkbox\" name=\"acceptance-129\" value=\"1\" aria-invalid=\"false\" \/><span class=\"wpcf7-list-item-label\">Acepto la <a rel=\"nofollow\" href=\"\/politica-privacidad.pdf\" target=\"_blank\">Pol\u00edtica de Privacidad<\/a>.<\/span><\/label><\/span><\/span><\/span>\n\n\t<div class=\"clear sc_item_button sc_button_wrap\"><input class=\"wpcf7-form-control wpcf7-submit has-spinner sc_button_default2\" type=\"submit\" value=\"Solicitar presupuesto\" \/><\/div>\n<\/div><div class=\"wpcf7-response-output\" aria-hidden=\"true\"><\/div>\n<\/form>\n<\/div>\n[vc_empty_space height=&#8221;1.85em&#8221; alter_height=&#8221;none&#8221; hide_on_mobile=&#8221;&#8221;][\/vc_column_inner][\/vc_row_inner]<\/div><\/div><!-- \/.sc_content -->[\/vc_column][\/vc_row][vc_row full_width=&#8221;stretch_row_content_no_spaces&#8221;][vc_column][vc_empty_space height=&#8221;4em&#8221; alter_height=&#8221;none&#8221; hide_on_mobile=&#8221;&#8221;][\/vc_column][\/vc_row][vc_row css=&#8221;.vc_custom_1568891524908{background-color: #f5f4f3 !important;}&#8221;][vc_column][vc_empty_space height=&#8221;1.9em&#8221; alter_height=&#8221;none&#8221; hide_on_mobile=&#8221;&#8221;]<div id=\"sc_content_940644378\"\n\t\tclass=\"sc_content sc_content_default sc_content_width_1_1\"><div class=\"sc_content_container\">[vc_row_inner][vc_column_inner width=&#8221;1\/2&#8243;][vc_empty_space height=&#8221;2.25em&#8221; alter_height=&#8221;none&#8221; hide_on_mobile=&#8221;&#8221;][vc_custom_heading text=&#8221;Consells&#8221; font_container=&#8221;tag:p|font_size:35px|text_align:left|color:%2344413e&#8221; use_theme_fonts=&#8221;yes&#8221; css=&#8221;.vc_custom_1568904272623{margin-top: 0px !important;margin-bottom: 0px !important;}&#8221;][\/vc_column_inner][vc_column_inner width=&#8221;1\/2&#8243; offset=&#8221;vc_hidden-xs&#8221;][vc_empty_space height=&#8221;2.25em&#8221; alter_height=&#8221;none&#8221; hide_on_mobile=&#8221;1&#8243;]<div class=\"sc_item_button sc_button_wrap sc_align_center\"><a href=\"\/consejos-mudanza\/\" id=\"sc_button_1140236044\" class=\"sc_button sc_button_default sc_button_size_normal sc_button_icon_left\"><span class=\"sc_button_text sc_align_center\" data-text=\"Veure m\u00e9s consells\"><span class=\"sc_button_title\">Veure m\u00e9s consells<\/span><\/span><!-- \/.sc_button_text --><\/a><!-- \/.sc_button --><\/div><!-- \/.sc_item_button -->[\/vc_column_inner][\/vc_row_inner][vc_empty_space height=&#8221;2.8em&#8221; alter_height=&#8221;none&#8221; hide_on_mobile=&#8221;&#8221;][vc_basic_grid post_type=&#8221;post&#8221; max_items=&#8221;3&#8243; item=&#8221;basicGrid_NoAnimation&#8221; grid_id=&#8221;vc_gid:1757760927546-c7d2eaf0-eb70-9&#8243; taxonomies=&#8221;37&#8243;][vc_empty_space height=&#8221;2.8em&#8221; alter_height=&#8221;none&#8221; hide_on_mobile=&#8221;&#8221;]<\/div><\/div><!-- \/.sc_content -->[\/vc_column][\/vc_row][vc_row full_width=&#8221;stretch_row_content_no_spaces&#8221;][vc_column][vc_empty_space height=&#8221;4em&#8221; alter_height=&#8221;none&#8221; hide_on_mobile=&#8221;&#8221;][\/vc_column][\/vc_row][vc_row full_width=&#8221;stretch_row_content&#8221; css=&#8221;.vc_custom_1729548444793{background-image: url(https:\/\/www.mudanzascontrol.com\/wp-content\/uploads\/2019\/01\/seguridad-documentos.jpg?id=1069) !important;background-position: center !important;background-repeat: no-repeat !important;background-size: cover !important;}&#8221;][vc_column]<div id=\"sc_content_1665003410\"\n\t\tclass=\"sc_content sc_content_default sc_content_width_1_1\"><div class=\"sc_content_container\">[vc_empty_space height=&#8221;2.4em&#8221; alter_height=&#8221;none&#8221; hide_on_mobile=&#8221;1&#8243;][vc_empty_space height=&#8221;1em&#8221; alter_height=&#8221;none&#8221; hide_on_mobile=&#8221;&#8221;][vc_custom_heading text=&#8221;Algun dubte? Estarem encantats d&apos;atendre&apos;l&#8221; font_container=&#8221;tag:p|font_size:35px|text_align:center|color:%2310228a&#8221; use_theme_fonts=&#8221;yes&#8221;][vc_row_inner el_class=&#8221;mobile_center&#8221;][vc_column_inner][vc_empty_space height=&#8221;0.6em&#8221; alter_height=&#8221;none&#8221; hide_on_mobile=&#8221;&#8221;]<div class=\"sc_item_button sc_button_wrap sc_align_center\"><a href=\"\/contacto\/\" id=\"sc_button_1904126309\" class=\"sc_button sc_button_default  vc_custom_1605211853027 sc_button_size_normal sc_button_icon_left\"><span class=\"sc_button_text sc_align_right\" data-text=\"Contacte\"><span class=\"sc_button_title\">Contacte<\/span><\/span><!-- \/.sc_button_text --><\/a><!-- \/.sc_button --><\/div><!-- \/.sc_item_button -->[vc_empty_space height=&#8221;3.4em&#8221; alter_height=&#8221;none&#8221; hide_on_mobile=&#8221;1&#8243;][\/vc_column_inner][\/vc_row_inner]<\/div><\/div><!-- \/.sc_content -->[\/vc_column][\/vc_row]<\/p>\n<\/div>","protected":false},"excerpt":{"rendered":"<p>[vc_row full_width=&#8221;stretch_row_content_no_spaces&#8221; css=&#8221;.vc_custom_1575633429249{background-image: url(https:\/\/www.mudanzascontrol.com\/wp-content\/uploads\/2019\/12\/mudanzas-sant-cugat.jpg?id=3144) !important;background-position: center !important;background-repeat: no-repeat !important;background-size: cover !important;}&#8221;][vc_column][\/vc_column][\/vc_row][vc_row css=&#8221;.vc_custom_1572291572724{background-position: center !important;background-repeat: no-repeat !important;background-size: cover !important;}&#8221;][vc_column css=&#8221;.vc_custom_1547546572410{margin-top: 10px !important;margin-left: 0px !important;}&#8221; el_class=&#8221;margin_left_0&#8243;][vc_column_text css=&#8221;&#8221;] Mudances Sant Cugat Descobreixi per qu\u00e8 som el referent en mudances recomanats per tantes fam\u00edlies&hellip;<\/p>\n","protected":false},"author":5,"featured_media":3101,"parent":0,"menu_order":0,"comment_status":"closed","ping_status":"closed","template":"","meta":{"footnotes":""},"class_list":["post-6387","page","type-page","status-publish","has-post-thumbnail","hentry"],"yoast_head":"<!-- This site is optimized with the Yoast SEO Premium plugin v27.1 (Yoast SEO v27.1.1) - https:\/\/yoast.com\/product\/yoast-seo-premium-wordpress\/ -->\n<title>Mudances Sant Cugat i Valldoreix - MudancesControl<\/title>\n<meta name=\"description\" content=\"La teva mudan\u00e7a a Sant Cugat sense complicacions. Gestionem trasllats particulars, oficines i negocis. Servei de qualitat garantit.\" \/>\n<meta name=\"robots\" content=\"index, follow, max-snippet:-1, max-image-preview:large, max-video-preview:-1\" \/>\n<link rel=\"canonical\" href=\"https:\/\/www.mudanzascontrol.com\/ca\/mudances-sant-cugat\/\" \/>\n<meta property=\"og:locale\" content=\"ca_ES\" \/>\n<meta property=\"og:type\" content=\"article\" \/>\n<meta property=\"og:title\" content=\"Mudances Sant Cugat\" \/>\n<meta property=\"og:description\" content=\"Mudances Sant Cugat Descobreixi per qu\u00e8 som el referent en mudances recomanats per tantes fam\u00edlies i empreses a Sant Cugat. El coneixement de la poblaci\u00f3,\" \/>\n<meta property=\"og:url\" content=\"https:\/\/www.mudanzascontrol.com\/ca\/mudances-sant-cugat\/\" \/>\n<meta property=\"og:site_name\" content=\"Mudanzas Control\" \/>\n<meta property=\"article:publisher\" content=\"https:\/\/es-es.facebook.com\/MudanzasControl\/\" \/>\n<meta property=\"article:modified_time\" content=\"2025-09-13T10:54:26+00:00\" \/>\n<meta property=\"og:image\" content=\"https:\/\/www.mudanzascontrol.com\/wp-content\/uploads\/2019\/11\/Monasterio-Sant-Cugat.jpg\" \/>\n\t<meta property=\"og:image:width\" content=\"1800\" \/>\n\t<meta property=\"og:image:height\" content=\"1294\" \/>\n\t<meta property=\"og:image:type\" content=\"image\/jpeg\" \/>\n<meta name=\"twitter:card\" content=\"summary_large_image\" \/>\n<meta name=\"twitter:site\" content=\"@MudanzasControl\" \/>\n<meta name=\"twitter:label1\" content=\"Temps estimat de lectura\" \/>\n\t<meta name=\"twitter:data1\" content=\"11 minuts\" \/>\n<script type=\"application\/ld+json\" class=\"yoast-schema-graph\">{\"@context\":\"https:\/\/schema.org\",\"@graph\":[{\"@type\":\"WebPage\",\"@id\":\"https:\/\/www.mudanzascontrol.com\/ca\/mudances-sant-cugat\/\",\"url\":\"https:\/\/www.mudanzascontrol.com\/ca\/mudances-sant-cugat\/\",\"name\":\"Mudances Sant Cugat i Valldoreix - MudancesControl\",\"isPartOf\":{\"@id\":\"https:\/\/www.mudanzascontrol.com\/#website\"},\"primaryImageOfPage\":{\"@id\":\"https:\/\/www.mudanzascontrol.com\/ca\/mudances-sant-cugat\/#primaryimage\"},\"image\":{\"@id\":\"https:\/\/www.mudanzascontrol.com\/ca\/mudances-sant-cugat\/#primaryimage\"},\"thumbnailUrl\":\"https:\/\/www.mudanzascontrol.com\/wp-content\/uploads\/2019\/11\/Monasterio-Sant-Cugat.jpg\",\"datePublished\":\"2019-10-04T15:20:30+00:00\",\"dateModified\":\"2025-09-13T10:54:26+00:00\",\"description\":\"La teva mudan\u00e7a a Sant Cugat sense complicacions. Gestionem trasllats particulars, oficines i negocis. Servei de qualitat garantit.\",\"breadcrumb\":{\"@id\":\"https:\/\/www.mudanzascontrol.com\/ca\/mudances-sant-cugat\/#breadcrumb\"},\"inLanguage\":\"ca\",\"potentialAction\":[{\"@type\":\"ReadAction\",\"target\":[\"https:\/\/www.mudanzascontrol.com\/ca\/mudances-sant-cugat\/\"]}]},{\"@type\":\"ImageObject\",\"inLanguage\":\"ca\",\"@id\":\"https:\/\/www.mudanzascontrol.com\/ca\/mudances-sant-cugat\/#primaryimage\",\"url\":\"https:\/\/www.mudanzascontrol.com\/wp-content\/uploads\/2019\/11\/Monasterio-Sant-Cugat.jpg\",\"contentUrl\":\"https:\/\/www.mudanzascontrol.com\/wp-content\/uploads\/2019\/11\/Monasterio-Sant-Cugat.jpg\",\"width\":1800,\"height\":1294,\"caption\":\"Monestir Sant Cugat\"},{\"@type\":\"BreadcrumbList\",\"@id\":\"https:\/\/www.mudanzascontrol.com\/ca\/mudances-sant-cugat\/#breadcrumb\",\"itemListElement\":[{\"@type\":\"ListItem\",\"position\":1,\"name\":\"Portada\",\"item\":\"https:\/\/www.mudanzascontrol.com\/ca\/inicio\/\"},{\"@type\":\"ListItem\",\"position\":2,\"name\":\"Mudances Sant Cugat\"}]},{\"@type\":\"WebSite\",\"@id\":\"https:\/\/www.mudanzascontrol.com\/#website\",\"url\":\"https:\/\/www.mudanzascontrol.com\/\",\"name\":\"Mudanzas Control\",\"description\":\"Empresa de Mudanzas en Barcelona\",\"publisher\":{\"@id\":\"https:\/\/www.mudanzascontrol.com\/#organization\"},\"alternateName\":\"CONTROL Mudanzas Barcelona\",\"potentialAction\":[{\"@type\":\"SearchAction\",\"target\":{\"@type\":\"EntryPoint\",\"urlTemplate\":\"https:\/\/www.mudanzascontrol.com\/?s={search_term_string}\"},\"query-input\":{\"@type\":\"PropertyValueSpecification\",\"valueRequired\":true,\"valueName\":\"search_term_string\"}}],\"inLanguage\":\"ca\"},{\"@type\":\"Organization\",\"@id\":\"https:\/\/www.mudanzascontrol.com\/#organization\",\"name\":\"CONTROL Mudanzas\",\"url\":\"https:\/\/www.mudanzascontrol.com\/\",\"logo\":{\"@type\":\"ImageObject\",\"inLanguage\":\"ca\",\"@id\":\"https:\/\/www.mudanzascontrol.com\/#\/schema\/logo\/image\/\",\"url\":\"https:\/\/www.mudanzascontrol.com\/wp-content\/uploads\/2019\/08\/Control-Mudanzas-Barcelona.jpg\",\"contentUrl\":\"https:\/\/www.mudanzascontrol.com\/wp-content\/uploads\/2019\/08\/Control-Mudanzas-Barcelona.jpg\",\"width\":500,\"height\":125,\"caption\":\"CONTROL Mudanzas\"},\"image\":{\"@id\":\"https:\/\/www.mudanzascontrol.com\/#\/schema\/logo\/image\/\"},\"sameAs\":[\"https:\/\/es-es.facebook.com\/MudanzasControl\/\",\"https:\/\/x.com\/MudanzasControl\",\"https:\/\/www.instagram.com\/mudanzascontrol\/\",\"https:\/\/www.linkedin.com\/company\/control-mudanzas-sl\",\"https:\/\/www.pinterest.es\/mudanzascontrol\/\",\"https:\/\/www.youtube.com\/user\/Guardamuebles1\"],\"description\":\"Empresa de mudanzas ubicada en Barcelona\",\"email\":\"comercial@mudanzascontrol.com\",\"telephone\":\"933340100\",\"legalName\":\"CONSORCIO DE TRANSITO Y ORGANIZACI\u00d3N LOG\u00cdSTICA EN MUDANZAS, SLU\",\"vatID\":\"B61104253\",\"taxID\":\"B61104253\",\"numberOfEmployees\":{\"@type\":\"QuantitativeValue\",\"minValue\":\"11\",\"maxValue\":\"50\"}}]}<\/script>\n<!-- \/ Yoast SEO Premium plugin. -->","yoast_head_json":{"title":"Mudances Sant Cugat i Valldoreix - MudancesControl","description":"La teva mudan\u00e7a a Sant Cugat sense complicacions. Gestionem trasllats particulars, oficines i negocis. Servei de qualitat garantit.","robots":{"index":"index","follow":"follow","max-snippet":"max-snippet:-1","max-image-preview":"max-image-preview:large","max-video-preview":"max-video-preview:-1"},"canonical":"https:\/\/www.mudanzascontrol.com\/ca\/mudances-sant-cugat\/","og_locale":"ca_ES","og_type":"article","og_title":"Mudances Sant Cugat","og_description":"Mudances Sant Cugat Descobreixi per qu\u00e8 som el referent en mudances recomanats per tantes fam\u00edlies i empreses a Sant Cugat. El coneixement de la poblaci\u00f3,","og_url":"https:\/\/www.mudanzascontrol.com\/ca\/mudances-sant-cugat\/","og_site_name":"Mudanzas Control","article_publisher":"https:\/\/es-es.facebook.com\/MudanzasControl\/","article_modified_time":"2025-09-13T10:54:26+00:00","og_image":[{"width":1800,"height":1294,"url":"https:\/\/www.mudanzascontrol.com\/wp-content\/uploads\/2019\/11\/Monasterio-Sant-Cugat.jpg","type":"image\/jpeg"}],"twitter_card":"summary_large_image","twitter_site":"@MudanzasControl","twitter_misc":{"Temps estimat de lectura":"11 minuts"},"schema":{"@context":"https:\/\/schema.org","@graph":[{"@type":"WebPage","@id":"https:\/\/www.mudanzascontrol.com\/ca\/mudances-sant-cugat\/","url":"https:\/\/www.mudanzascontrol.com\/ca\/mudances-sant-cugat\/","name":"Mudances Sant Cugat i Valldoreix - MudancesControl","isPartOf":{"@id":"https:\/\/www.mudanzascontrol.com\/#website"},"primaryImageOfPage":{"@id":"https:\/\/www.mudanzascontrol.com\/ca\/mudances-sant-cugat\/#primaryimage"},"image":{"@id":"https:\/\/www.mudanzascontrol.com\/ca\/mudances-sant-cugat\/#primaryimage"},"thumbnailUrl":"https:\/\/www.mudanzascontrol.com\/wp-content\/uploads\/2019\/11\/Monasterio-Sant-Cugat.jpg","datePublished":"2019-10-04T15:20:30+00:00","dateModified":"2025-09-13T10:54:26+00:00","description":"La teva mudan\u00e7a a Sant Cugat sense complicacions. Gestionem trasllats particulars, oficines i negocis. Servei de qualitat garantit.","breadcrumb":{"@id":"https:\/\/www.mudanzascontrol.com\/ca\/mudances-sant-cugat\/#breadcrumb"},"inLanguage":"ca","potentialAction":[{"@type":"ReadAction","target":["https:\/\/www.mudanzascontrol.com\/ca\/mudances-sant-cugat\/"]}]},{"@type":"ImageObject","inLanguage":"ca","@id":"https:\/\/www.mudanzascontrol.com\/ca\/mudances-sant-cugat\/#primaryimage","url":"https:\/\/www.mudanzascontrol.com\/wp-content\/uploads\/2019\/11\/Monasterio-Sant-Cugat.jpg","contentUrl":"https:\/\/www.mudanzascontrol.com\/wp-content\/uploads\/2019\/11\/Monasterio-Sant-Cugat.jpg","width":1800,"height":1294,"caption":"Monestir Sant Cugat"},{"@type":"BreadcrumbList","@id":"https:\/\/www.mudanzascontrol.com\/ca\/mudances-sant-cugat\/#breadcrumb","itemListElement":[{"@type":"ListItem","position":1,"name":"Portada","item":"https:\/\/www.mudanzascontrol.com\/ca\/inicio\/"},{"@type":"ListItem","position":2,"name":"Mudances Sant Cugat"}]},{"@type":"WebSite","@id":"https:\/\/www.mudanzascontrol.com\/#website","url":"https:\/\/www.mudanzascontrol.com\/","name":"Mudanzas Control","description":"Empresa de Mudanzas en Barcelona","publisher":{"@id":"https:\/\/www.mudanzascontrol.com\/#organization"},"alternateName":"CONTROL Mudanzas Barcelona","potentialAction":[{"@type":"SearchAction","target":{"@type":"EntryPoint","urlTemplate":"https:\/\/www.mudanzascontrol.com\/?s={search_term_string}"},"query-input":{"@type":"PropertyValueSpecification","valueRequired":true,"valueName":"search_term_string"}}],"inLanguage":"ca"},{"@type":"Organization","@id":"https:\/\/www.mudanzascontrol.com\/#organization","name":"CONTROL Mudanzas","url":"https:\/\/www.mudanzascontrol.com\/","logo":{"@type":"ImageObject","inLanguage":"ca","@id":"https:\/\/www.mudanzascontrol.com\/#\/schema\/logo\/image\/","url":"https:\/\/www.mudanzascontrol.com\/wp-content\/uploads\/2019\/08\/Control-Mudanzas-Barcelona.jpg","contentUrl":"https:\/\/www.mudanzascontrol.com\/wp-content\/uploads\/2019\/08\/Control-Mudanzas-Barcelona.jpg","width":500,"height":125,"caption":"CONTROL Mudanzas"},"image":{"@id":"https:\/\/www.mudanzascontrol.com\/#\/schema\/logo\/image\/"},"sameAs":["https:\/\/es-es.facebook.com\/MudanzasControl\/","https:\/\/x.com\/MudanzasControl","https:\/\/www.instagram.com\/mudanzascontrol\/","https:\/\/www.linkedin.com\/company\/control-mudanzas-sl","https:\/\/www.pinterest.es\/mudanzascontrol\/","https:\/\/www.youtube.com\/user\/Guardamuebles1"],"description":"Empresa de mudanzas ubicada en Barcelona","email":"comercial@mudanzascontrol.com","telephone":"933340100","legalName":"CONSORCIO DE TRANSITO Y ORGANIZACI\u00d3N LOG\u00cdSTICA EN MUDANZAS, SLU","vatID":"B61104253","taxID":"B61104253","numberOfEmployees":{"@type":"QuantitativeValue","minValue":"11","maxValue":"50"}}]}},"_links":{"self":[{"href":"https:\/\/www.mudanzascontrol.com\/ca\/wp-json\/wp\/v2\/pages\/6387","targetHints":{"allow":["GET"]}}],"collection":[{"href":"https:\/\/www.mudanzascontrol.com\/ca\/wp-json\/wp\/v2\/pages"}],"about":[{"href":"https:\/\/www.mudanzascontrol.com\/ca\/wp-json\/wp\/v2\/types\/page"}],"author":[{"embeddable":true,"href":"https:\/\/www.mudanzascontrol.com\/ca\/wp-json\/wp\/v2\/users\/5"}],"replies":[{"embeddable":true,"href":"https:\/\/www.mudanzascontrol.com\/ca\/wp-json\/wp\/v2\/comments?post=6387"}],"version-history":[{"count":0,"href":"https:\/\/www.mudanzascontrol.com\/ca\/wp-json\/wp\/v2\/pages\/6387\/revisions"}],"wp:featuredmedia":[{"embeddable":true,"href":"https:\/\/www.mudanzascontrol.com\/ca\/wp-json\/wp\/v2\/media\/3101"}],"wp:attachment":[{"href":"https:\/\/www.mudanzascontrol.com\/ca\/wp-json\/wp\/v2\/media?parent=6387"}],"curies":[{"name":"wp","href":"https:\/\/api.w.org\/{rel}","templated":true}]}}