{"id":6440,"date":"2020-01-27T10:56:40","date_gmt":"2020-01-27T09:56:40","guid":{"rendered":"https:\/\/www.mudanzascontrol.com\/mudances-sant-just\/"},"modified":"2025-04-05T20:25:06","modified_gmt":"2025-04-05T19:25:06","slug":"mudances-sant-just","status":"publish","type":"page","link":"https:\/\/www.mudanzascontrol.com\/ca\/mudances-sant-just\/","title":{"rendered":"Mudances Sant Just"},"content":{"rendered":"<div class=\"wpb-content-wrapper\"><p>[vc_row full_width=&#8221;stretch_row_content_no_spaces&#8221; content_placement=&#8221;middle&#8221; css=&#8221;.vc_custom_1608671697681{margin-right: 0px !important;margin-left: 0px !important;background-image: url(https:\/\/www.mudanzascontrol.com\/wp-content\/uploads\/2020\/12\/Sant-Just-Desvern-scaled.jpg?id=5196) !important;background-position: center !important;background-repeat: no-repeat !important;background-size: cover !important;}&#8221;][vc_column][vc_empty_space height=&#8221;6em&#8221; alter_height=&#8221;none&#8221; hide_on_mobile=&#8221;&#8221;][vc_empty_space height=&#8221;12em&#8221; alter_height=&#8221;none&#8221; hide_on_mobile=&#8221;1&#8243;][vc_custom_heading text=&#8221;Mudances a Sant Just Desvern&#8221; font_container=&#8221;tag:h1|text_align:center|color:%23ffffff&#8221; use_theme_fonts=&#8221;yes&#8221; css=&#8221;.vc_custom_1608670035003{background-color: rgba(0,0,0,0.13) !important;*background-color: rgb(0,0,0) !important;}&#8221;][vc_empty_space height=&#8221;9em&#8221; alter_height=&#8221;none&#8221; hide_on_mobile=&#8221;&#8221;][vc_empty_space height=&#8221;11em&#8221; alter_height=&#8221;none&#8221; hide_on_mobile=&#8221;1&#8243;][\/vc_column][\/vc_row][vc_row css=&#8221;.vc_custom_1572289424481{background-position: center !important;background-repeat: no-repeat !important;background-size: cover !important;}&#8221;][vc_column width=&#8221;1\/2&#8243; css=&#8221;.vc_custom_1547546572410{margin-top: 10px !important;margin-left: 0px !important;}&#8221; el_class=&#8221;margin_left_0&#8243;][vc_empty_space height=&#8221;1em&#8221; alter_height=&#8221;none&#8221; hide_on_mobile=&#8221;&#8221;][vc_column_text]<\/p>\n<p>Som especialistes en mudances a Sant Just Desvern i Sant Joan Desp\u00ed, tant per a empreses, oficines o comer\u00e7os, com per a particulars que requereixen d&#8217;assessorament per fer la seva mudan\u00e7a a Catalunya i vulgui tenir un pressupost gratu\u00eft i sense comprom\u00eds.<\/p>\n<p>Mudances Sant Just i Sant Joan Desp\u00ed realitzades per una empresa amb dues d\u00e8cades d&#8217;\u00e8xit al territori catal\u00e0, fent trasllats a diari en municipis i ciutats de la prov\u00edncia de Barcelona. Tamb\u00e9 oferim mudances a nivell nacional o internacional, i en totes elles oferim equips i mitjans professionals per agilitzar i facilitar el proc\u00e9s. <\/p>\n<p>Pel que fa als materials de protecci\u00f3 que fem servir, tots s\u00f3n de primera qualitat per tal de garantir el perfecte estat dels objectes que transportem per als nostres clients. D&#8217;altra banda, les plataformes elevadores permeten un treball professional als edificis amb dif\u00edcil acc\u00e9s. <\/p>\n<p>[\/vc_column_text][vc_empty_space height=&#8221;2em&#8221; alter_height=&#8221;none&#8221; hide_on_mobile=&#8221;&#8221;][vc_row_inner][vc_column_inner width=&#8221;1\/3&#8243;][vc_single_image image=&#8221;4160&#8243; img_size=&#8221;full&#8221;][\/vc_column_inner][vc_column_inner width=&#8221;1\/3&#8243;][vc_single_image image=&#8221;4159&#8243; img_size=&#8221;full&#8221;][\/vc_column_inner][vc_column_inner width=&#8221;1\/3&#8243;][vc_single_image image=&#8221;4522&#8243; img_size=&#8221;full&#8221;][\/vc_column_inner][\/vc_row_inner][vc_empty_space height=&#8221;2em&#8221; alter_height=&#8221;none&#8221; hide_on_mobile=&#8221;&#8221;][\/vc_column][vc_column width=&#8221;1\/2&#8243; css=&#8221;.vc_custom_1609083135364{padding-top: 20px !important;}&#8221;][vc_single_image image=&#8221;2570&#8243; img_size=&#8221;full&#8221;][\/vc_column][\/vc_row][vc_row full_width=&#8221;stretch_row_content_no_spaces&#8221; css=&#8221;.vc_custom_1548411051696{border-top-width: 10px !important;border-bottom-width: 10px !important;border-top-color: #0b518e !important;border-top-style: solid !important;border-bottom-color: #0b518e !important;border-bottom-style: solid !important;}&#8221;][vc_column][vc_empty_space height=&#8221;2em&#8221; alter_height=&#8221;none&#8221; hide_on_mobile=&#8221;&#8221;][vc_custom_heading text=&#8221;Mudances per a Fam\u00edlies i Empreses&#8221; font_container=&#8221;tag:h2|text_align:center|color:%230b518e&#8221; use_theme_fonts=&#8221;yes&#8221; css=&#8221;.vc_custom_1569690220905{margin-top: 0px !important;margin-bottom: 0px !important;}&#8221;][vc_empty_space height=&#8221;2em&#8221; alter_height=&#8221;none&#8221; hide_on_mobile=&#8221;&#8221;][\/vc_column][\/vc_row][vc_row full_width=&#8221;stretch_row_content_no_spaces&#8221;][vc_column][vc_empty_space height=&#8221;4em&#8221; alter_height=&#8221;none&#8221; hide_on_mobile=&#8221;&#8221;][\/vc_column][\/vc_row][vc_row css=&#8221;.vc_custom_1548412377941{background-color: #1e73be !important;}&#8221;][vc_column][vc_empty_space height=&#8221;2em&#8221; alter_height=&#8221;none&#8221; hide_on_mobile=&#8221;&#8221;][vc_custom_heading text=&#8221;Motius per escollir la nostra empresa:&#8221; font_container=&#8221;tag:h3|text_align:center|color:%23ffffff&#8221; use_theme_fonts=&#8221;yes&#8221; css=&#8221;.vc_custom_1593356864970{margin-top: 0px !important;margin-bottom: 0px !important;}&#8221;][vc_empty_space height=&#8221;2em&#8221; alter_height=&#8221;none&#8221; hide_on_mobile=&#8221;&#8221;][\/vc_column][\/vc_row][vc_row css=&#8221;.vc_custom_1548413444783{padding-bottom: 20px !important;background-color: #1e73be !important;}&#8221;][vc_column width=&#8221;1\/2&#8243;][vc_column_text css=&#8221;.vc_custom_1580113121433{padding-right: 10% !important;padding-left: 10% !important;}&#8221;]<\/p>\n<p><span style=\"color: #ffffff;\">Pressupostos personalitzats per als seus requeriments: a partir d&#8217; un servei de trasllat m\u00e9s b\u00e0sic fins a la seva mudan\u00e7a completa, incloent-hi l&#8217; embalatge en caixes i muntatge de mobiliari.<\/span><\/p>\n<p><span style=\"color: #ffffff;\">Assessor personal per a tot el proc\u00e9s d&#8217; execuci\u00f3 del seu trasllat. Una persona especialment dedicada a atendre totes les seves necessitats. <\/span><\/p>\n<p><span style=\"color: #ffffff;\">Sol\u00b7licitud de permisos d&#8217;estacionament a l&#8217;Ajuntament de Sant Just Desvern.<\/span><\/p>\n<p><span style=\"color: #ffffff;\">Personal fix en plantilla i amb experi\u00e8ncia acreditada despr\u00e9s d&#8217; anys de treball a la nostra empresa.<\/span><\/p>\n<p>[\/vc_column_text][vc_empty_space height=&#8221;2em&#8221; alter_height=&#8221;none&#8221; hide_on_mobile=&#8221;&#8221;][\/vc_column][vc_column width=&#8221;1\/2&#8243;][vc_column_text css=&#8221;.vc_custom_1580113241157{padding-right: 10% !important;padding-left: 10% !important;}&#8221;]<\/p>\n<p><span style=\"color: #ffffff;\">Plataformes elevadores i l&#8217; \u00faltima tecnologia existent per realitzar el treball en tot tipus d&#8217; edificis.<\/span><\/p>\n<p><span style=\"color: #ffffff;\">Desmuntatge, trasllat i muntatge per al seu mobiliari est\u00e0ndard i especial.<\/span><\/p>\n<p><span style=\"color: #ffffff;\">Materials d&#8217; embalatge subministrats al seu domicili per preparar la mudan\u00e7a.<\/span><\/p>\n<p><span style=\"color: #ffffff;\">Assegurances espec\u00edfiques per al trasllat d&#8217; obres d&#8217; art i b\u00e9ns de gran valor econ\u00f2mic.<\/span><\/p>\n<p><span style=\"color: #ffffff;\">Magatzem propi per emmagatzemar els seus b\u00e9ns durant el temps que vost\u00e8 necessiti, amb total seguretat.<\/span><\/p>\n<p>[\/vc_column_text][\/vc_column][\/vc_row][vc_row full_width=&#8221;stretch_row_content_no_spaces&#8221;][vc_column][vc_empty_space height=&#8221;4em&#8221; alter_height=&#8221;none&#8221; hide_on_mobile=&#8221;&#8221;][\/vc_column][\/vc_row][vc_row css=&#8221;.vc_custom_1568891503406{margin-bottom: 20px !important;background-position: center !important;background-repeat: no-repeat !important;background-size: cover !important;}&#8221;][vc_column width=&#8221;1\/2&#8243; css=&#8221;.vc_custom_1547544523104{background-color: #ffffff !important;}&#8221;][vc_empty_space height=&#8221;4em&#8221; alter_height=&#8221;none&#8221; hide_on_mobile=&#8221;1&#8243;][vc_single_image image=&#8221;2509&#8243; img_size=&#8221;large&#8221;][vc_empty_space height=&#8221;1em&#8221; alter_height=&#8221;none&#8221; hide_on_mobile=&#8221;1&#8243;][\/vc_column][vc_column width=&#8221;1\/2&#8243;][vc_empty_space height=&#8221;2em&#8221; alter_height=&#8221;none&#8221; hide_on_mobile=&#8221;&#8221;][vc_custom_heading text=&#8221;Mudances per a la Llar i Oficines&#8221; font_container=&#8221;tag:h2|font_size:35px|text_align:center|color:%2310228a&#8221; use_theme_fonts=&#8221;yes&#8221; css=&#8221;.vc_custom_1593356873361{margin-top: 0px !important;margin-bottom: 0px !important;}&#8221;][vc_empty_space height=&#8221;2.2em&#8221; alter_height=&#8221;none&#8221; hide_on_mobile=&#8221;&#8221;][vc_column_text]<\/p>\n&#13;\n<p>Comptem amb una plantilla de professionals amb experi\u00e8ncia provada en mudances a Sant Just Desvern i a tota la prov\u00edncia. El nostre equip s&#8217;encarregar\u00e0 del desmuntatge i muntatge de mobles, aix\u00ed com de l&#8217;embalatge i organitzaci\u00f3 del trasllat. Podem adaptar-nos a les seves necessitats i dur a terme m\u00e9s o menys tasques amb l&#8217;objectiu d&#8217;estalviar en costos i eliminar les tasques m\u00e9s molestes per al client. Per als trasllats d&#8217;empresa, cal destacar que el nostre personal est\u00e0 format per a la instal\u00b7laci\u00f3 d&#8217;equips d&#8217;oficina de manera r\u00e0pida i segura.   <\/p>&#13;\n<p>Disposem de vehicles i elevadors muntamobles per transportar amb seguretat els b\u00e9ns dels nostres clients, realitzant aix\u00ed operacions c\u00f2modes i eficients. Garantim la tranquil\u00b7litat dels clients perqu\u00e8 tenim cura de cada pertinen\u00e7a com si fos pr\u00f2pia. <\/p>&#13;\n<p>Els clients que opten pels nostres serveis, poden contractar tamb\u00e9 l&#8217; embalatge d&#8217; estris, aix\u00ed com el subministrament de materials de primera qualitat i disposen de la possibilitat de contractar a m\u00e9s trasters i guardamobles en cas necessari. Poden contactar a Mudances Control per con\u00e8ixer majors detalls dels seus serveis i sol\u00b7licitar pressupost gratis i sense comprom\u00eds. <\/p>&#13;\n<p>[\/vc_column_text][vc_empty_space height=&#8221;3.15em&#8221; alter_height=&#8221;none&#8221; hide_on_mobile=&#8221;&#8221;][\/vc_column][\/vc_row][vc_row css=&#8221;.vc_custom_1568891514778{background-position: center !important;background-repeat: no-repeat !important;background-size: cover !important;}&#8221;][vc_column el_id=&#8221;formulario&#8221;]<div id=\"sc_content_2036223800\"\n\t\tclass=\"sc_content sc_content_default sc_content_width_1_1\"><div class=\"sc_content_container\">[vc_row_inner][vc_column_inner width=&#8221;1\/2&#8243;][vc_empty_space height=&#8221;4em&#8221; alter_height=&#8221;none&#8221; hide_on_mobile=&#8221;1&#8243;][vc_custom_heading text=&#8221;Li assignem un assessor personal&#8221; font_container=&#8221;tag:p|font_size:23px|text_align:left|color:%23d7d3cd&#8221; use_theme_fonts=&#8221;yes&#8221; css=&#8221;.vc_custom_1593356966584{margin-top: 0px !important;margin-bottom: 0px !important;}&#8221;][vc_empty_space height=&#8221;0.35em&#8221; alter_height=&#8221;none&#8221; hide_on_mobile=&#8221;&#8221;][vc_custom_heading text=&#8221;Sol\u00b7licita Pressupost gratu\u00eft&#8221; font_container=&#8221;tag:h3|text_align:left|color:%2310228a&#8221; use_theme_fonts=&#8221;yes&#8221; css=&#8221;.vc_custom_1593356917639{margin-top: 0px !important;margin-bottom: 0px !important;}&#8221;][vc_empty_space height=&#8221;2.2em&#8221; alter_height=&#8221;none&#8221; hide_on_mobile=&#8221;&#8221;][vc_column_text]<\/p>&#13;\n<p>Les mudances moltes vegades necessiten de serveis addicionals, com el muntatge i desmuntatge de mobles, o l&#8217;embalatge de quadres, solucions que eviten esfor\u00e7os i temps als nostres clients, a qui els assegurem tots aquests detalls garantint el perfecte estat dels objectes.<\/p>&#13;\n<p>L&#8217; embalatge i empaquetat ofereix major seguretat per evitar qualsevol risc durant el trajecte a la nova destinaci\u00f3 o domicili. Tamb\u00e9, els clients poden adquirir els materials necessaris per realitzar aquesta tasca pel seu compte. <\/p>&#13;\n<p>[\/vc_column_text][vc_empty_space height=&#8221;3.15em&#8221; alter_height=&#8221;none&#8221; hide_on_mobile=&#8221;&#8221;]<div id=\"sc_icons_1351568623\" \n\tclass=\"sc_icons sc_icons_default sc_icons_size_small sc_align_left  vc_custom_1567702652016\"><div class=\"sc_icons_item sc_icons_item_linked\"><h4 class=\"sc_icons_title\"\n\n                 style=\"color: #97b628\"\n                    ><span>Tel\u00e9fono: 93 334 01 00<\/span><\/h4><a href=\"tel:+34933340100\" class=\"sc_icons_link\"><\/a><\/div><\/div><!-- \/.sc_icons -->[vc_empty_space height=&#8221;4.2em&#8221; alter_height=&#8221;none&#8221; hide_on_mobile=&#8221;&#8221;][\/vc_column_inner][vc_column_inner el_class=&#8221;contact_form_7 form1&#8243; width=&#8221;1\/2&#8243; scheme=&#8221;dark&#8221; css=&#8221;.vc_custom_1549621389345{padding-left: 115px !important;}&#8221;][vc_empty_space height=&#8221;3.85em&#8221; alter_height=&#8221;none&#8221; hide_on_mobile=&#8221;&#8221;]\n<div class=\"wpcf7 no-js\" id=\"wpcf7-f920-o1\" lang=\"en-US\" dir=\"ltr\" data-wpcf7-id=\"920\">\n<div class=\"screen-reader-response\"><p role=\"status\" aria-live=\"polite\" aria-atomic=\"true\"><\/p> <ul><\/ul><\/div>\n<form action=\"\/ca\/wp-json\/wp\/v2\/pages\/6440#wpcf7-f920-o1\" method=\"post\" class=\"wpcf7-form init wpcf7-acceptance-as-validation\" aria-label=\"Contact form\" novalidate=\"novalidate\" data-status=\"init\">\n<fieldset class=\"hidden-fields-container\"><input type=\"hidden\" name=\"_wpcf7\" value=\"920\" \/><input type=\"hidden\" name=\"_wpcf7_version\" value=\"6.1.5\" \/><input type=\"hidden\" name=\"_wpcf7_locale\" value=\"en_US\" \/><input type=\"hidden\" name=\"_wpcf7_unit_tag\" value=\"wpcf7-f920-o1\" \/><input type=\"hidden\" name=\"_wpcf7_container_post\" value=\"0\" \/><input type=\"hidden\" name=\"_wpcf7_posted_data_hash\" value=\"\" \/>\n<\/fieldset>\n<div class=\"formulario_contacto\">\n\t<label> <span class=\"wpcf7-form-control-wrap\" data-name=\"nombre\"><input size=\"40\" maxlength=\"400\" class=\"wpcf7-form-control wpcf7-text wpcf7-validates-as-required\" aria-required=\"true\" aria-invalid=\"false\" placeholder=\"Nombre:\" value=\"\" type=\"text\" name=\"nombre\" \/><\/span> <\/label>\n\t<label>\t<span class=\"wpcf7-form-control-wrap\" data-name=\"tel\"><input size=\"40\" maxlength=\"400\" class=\"wpcf7-form-control wpcf7-text wpcf7-validates-as-required\" aria-required=\"true\" aria-invalid=\"false\" placeholder=\"Tel\u00e9fono\" value=\"\" type=\"text\" name=\"tel\" \/><\/span> <\/label>\n\t<label> <span class=\"wpcf7-form-control-wrap\" data-name=\"email\"><input size=\"40\" maxlength=\"400\" class=\"wpcf7-form-control wpcf7-text wpcf7-validates-as-required\" aria-required=\"true\" aria-invalid=\"false\" placeholder=\"email\" value=\"\" type=\"text\" name=\"email\" \/><\/span> <\/label>\n\t<label> <span class=\"wpcf7-form-control-wrap\" data-name=\"fecha\"><input size=\"40\" maxlength=\"400\" class=\"wpcf7-form-control wpcf7-text\" aria-invalid=\"false\" placeholder=\"Fecha prevista del servicio\" value=\"\" type=\"text\" name=\"fecha\" \/><\/span><\/label>\n\t<label><span class=\"wpcf7-form-control-wrap\" data-name=\"comentarios\"><textarea cols=\"40\" rows=\"10\" maxlength=\"2000\" class=\"wpcf7-form-control wpcf7-textarea\" aria-invalid=\"false\" placeholder=\"Comentarios\" name=\"comentarios\"><\/textarea><\/span><\/label>\n\n\t<span class=\"wpcf7-form-control-wrap\" data-name=\"acceptance-129\"><span class=\"wpcf7-form-control wpcf7-acceptance optional\"><span class=\"wpcf7-list-item\"><label><input type=\"checkbox\" name=\"acceptance-129\" value=\"1\" aria-invalid=\"false\" \/><span class=\"wpcf7-list-item-label\">Acepto la <a rel=\"nofollow\" href=\"\/politica-privacidad.pdf\" target=\"_blank\">Pol\u00edtica de Privacidad<\/a>.<\/span><\/label><\/span><\/span><\/span>\n\n\t<div class=\"clear sc_item_button sc_button_wrap\"><input class=\"wpcf7-form-control wpcf7-submit has-spinner sc_button_default2\" type=\"submit\" value=\"Solicitar presupuesto\" \/><\/div>\n<\/div><div class=\"wpcf7-response-output\" aria-hidden=\"true\"><\/div>\n<\/form>\n<\/div>\n[vc_empty_space height=&#8221;1.85em&#8221; alter_height=&#8221;none&#8221; hide_on_mobile=&#8221;&#8221;][\/vc_column_inner][\/vc_row_inner]<\/div><\/div><!-- \/.sc_content -->[\/vc_column][\/vc_row][vc_row full_width=&#8221;stretch_row_content_no_spaces&#8221;][vc_column][vc_empty_space height=&#8221;4em&#8221; alter_height=&#8221;none&#8221; hide_on_mobile=&#8221;&#8221;][\/vc_column][\/vc_row][vc_row css=&#8221;.vc_custom_1568891524908{background-color: #f5f4f3 !important;}&#8221;][vc_column][vc_empty_space height=&#8221;1.9em&#8221; alter_height=&#8221;none&#8221; hide_on_mobile=&#8221;&#8221;]<div id=\"sc_content_2052146689\"\n\t\tclass=\"sc_content sc_content_default sc_content_width_1_1\"><div class=\"sc_content_container\">[vc_row_inner][vc_column_inner width=&#8221;1\/2&#8243;][vc_empty_space height=&#8221;2.25em&#8221; alter_height=&#8221;none&#8221; hide_on_mobile=&#8221;&#8221;][vc_custom_heading text=&#8221;Consells&#8221; font_container=&#8221;tag:p|font_size:35px|text_align:left|color:%2344413e&#8221; use_theme_fonts=&#8221;yes&#8221; css=&#8221;.vc_custom_1568904272623{margin-top: 0px !important;margin-bottom: 0px !important;}&#8221;][\/vc_column_inner][vc_column_inner width=&#8221;1\/2&#8243; offset=&#8221;vc_hidden-xs&#8221;][vc_empty_space height=&#8221;2.25em&#8221; alter_height=&#8221;none&#8221; hide_on_mobile=&#8221;1&#8243;]<div class=\"sc_item_button sc_button_wrap sc_align_center\"><a href=\"\/consejos-mudanza\/\" id=\"sc_button_1091421932\" class=\"sc_button sc_button_default sc_button_size_normal sc_button_icon_left\"><span class=\"sc_button_text sc_align_center\" data-text=\"Veure m\u00e9s consells\"><span class=\"sc_button_title\">Veure m\u00e9s consells<\/span><\/span><!-- \/.sc_button_text --><\/a><!-- \/.sc_button --><\/div><!-- \/.sc_item_button -->[\/vc_column_inner][\/vc_row_inner][vc_empty_space height=&#8221;2.8em&#8221; alter_height=&#8221;none&#8221; hide_on_mobile=&#8221;&#8221;][vc_basic_grid post_type=&#8221;post&#8221; max_items=&#8221;3&#8243; item=&#8221;basicGrid_NoAnimation&#8221; grid_id=&#8221;vc_gid:1609083119185-0e871f63-f97d-6&#8243; taxonomies=&#8221;37&#8243;][vc_empty_space height=&#8221;2.8em&#8221; alter_height=&#8221;none&#8221; hide_on_mobile=&#8221;&#8221;]<\/div><\/div><!-- \/.sc_content -->[\/vc_column][\/vc_row][vc_row full_width=&#8221;stretch_row_content_no_spaces&#8221;][vc_column][vc_empty_space height=&#8221;4em&#8221; alter_height=&#8221;none&#8221; hide_on_mobile=&#8221;&#8221;][\/vc_column][\/vc_row][vc_row full_width=&#8221;stretch_row_content_no_spaces&#8221; css=&#8221;.vc_custom_1586528245337{background-image: url(https:\/\/www.mudanzascontrol.com\/wp-content\/uploads\/2019\/01\/seguridad-documentos.jpg?id=1069) !important;background-position: center !important;background-repeat: no-repeat !important;background-size: cover !important;}&#8221;][vc_column]<div id=\"sc_content_998421923\"\n\t\tclass=\"sc_content sc_content_default sc_content_width_1_1\"><div class=\"sc_content_container\">[vc_empty_space height=&#8221;2.4em&#8221; alter_height=&#8221;none&#8221; hide_on_mobile=&#8221;1&#8243;][vc_empty_space height=&#8221;1em&#8221; alter_height=&#8221;none&#8221; hide_on_mobile=&#8221;&#8221;][vc_custom_heading text=&#8221;Contracti la seva mudan\u00e7a a Sant Just o Sant Joan Desp\u00ed amb professionals&#8221; font_container=&#8221;tag:p|font_size:35px|text_align:center|color:%2310228a&#8221; use_theme_fonts=&#8221;yes&#8221;][vc_row_inner el_class=&#8221;mobile_center&#8221;][vc_column_inner][vc_empty_space height=&#8221;0.6em&#8221; alter_height=&#8221;none&#8221; hide_on_mobile=&#8221;&#8221;]<div class=\"sc_item_button sc_button_wrap sc_align_center\"><a href=\"\/contacto\/\" id=\"sc_button_1065697643\" class=\"sc_button sc_button_default  vc_custom_1569691266724 sc_button_size_normal sc_button_icon_left\"><span class=\"sc_button_text sc_align_right\" data-text=\"Contacte\"><span class=\"sc_button_title\">Contacte<\/span><\/span><!-- \/.sc_button_text --><\/a><!-- \/.sc_button --><\/div><!-- \/.sc_item_button -->[vc_empty_space height=&#8221;3.4em&#8221; alter_height=&#8221;none&#8221; hide_on_mobile=&#8221;1&#8243;][\/vc_column_inner][\/vc_row_inner]<\/div><\/div><!-- \/.sc_content -->[\/vc_column][\/vc_row]<\/p><\/div>","protected":false},"excerpt":{"rendered":"<p>[vc_row full_width=&#8221;stretch_row_content_no_spaces&#8221; content_placement=&#8221;middle&#8221; css=&#8221;.vc_custom_1608671697681{margin-right: 0px !important;margin-left: 0px !important;background-image: url(https:\/\/www.mudanzascontrol.com\/wp-content\/uploads\/2020\/12\/Sant-Just-Desvern-scaled.jpg?id=5196) !important;background-position: center !important;background-repeat: no-repeat !important;background-size: cover !important;}&#8221;][vc_column][vc_empty_space height=&#8221;6em&#8221; alter_height=&#8221;none&#8221; hide_on_mobile=&#8221;&#8221;][vc_empty_space height=&#8221;12em&#8221; alter_height=&#8221;none&#8221; hide_on_mobile=&#8221;1&#8243;][vc_custom_heading text=&#8221;Mudances a Sant Just Desvern&#8221; font_container=&#8221;tag:h1|text_align:center|color:%23ffffff&#8221; use_theme_fonts=&#8221;yes&#8221; css=&#8221;.vc_custom_1608670035003{background-color: rgba(0,0,0,0.13) !important;*background-color: rgb(0,0,0) !important;}&#8221;][vc_empty_space height=&#8221;9em&#8221; alter_height=&#8221;none&#8221; hide_on_mobile=&#8221;&#8221;][vc_empty_space height=&#8221;11em&#8221; alter_height=&#8221;none&#8221; hide_on_mobile=&#8221;1&#8243;][\/vc_column][\/vc_row][vc_row&hellip;<\/p>\n","protected":false},"author":5,"featured_media":0,"parent":0,"menu_order":0,"comment_status":"closed","ping_status":"closed","template":"","meta":{"footnotes":""},"class_list":["post-6440","page","type-page","status-publish","hentry"],"yoast_head":"<!-- This site is optimized with the Yoast SEO Premium plugin v27.1 (Yoast SEO v27.1.1) - https:\/\/yoast.com\/product\/yoast-seo-premium-wordpress\/ -->\n<title>Mudances Sant Just Desvern i Sant Joan Despi | Control<\/title>\n<meta name=\"description\" content=\"Realitzem mudances a Sant Just Desvern i Sant Joan Desp\u00ed amb personal i materials d&#039;embalatge adequats. \u2714\ufe0f Pressupost gratu\u00eft.\" \/>\n<meta name=\"robots\" content=\"index, follow, max-snippet:-1, max-image-preview:large, max-video-preview:-1\" \/>\n<link rel=\"canonical\" href=\"https:\/\/www.mudanzascontrol.com\/ca\/mudances-sant-just\/\" \/>\n<meta property=\"og:locale\" content=\"ca_ES\" \/>\n<meta property=\"og:type\" content=\"article\" \/>\n<meta property=\"og:title\" content=\"Mudances Sant Just\" \/>\n<meta property=\"og:description\" content=\"Som especialistes en mudances a Sant Just Desvern i Sant Joan Desp\u00ed, tant per a empreses, oficines o comer\u00e7os, com per a particulars que requereixen\" \/>\n<meta property=\"og:url\" content=\"https:\/\/www.mudanzascontrol.com\/ca\/mudances-sant-just\/\" \/>\n<meta property=\"og:site_name\" content=\"Mudanzas Control\" \/>\n<meta property=\"article:publisher\" content=\"https:\/\/es-es.facebook.com\/MudanzasControl\/\" \/>\n<meta property=\"article:modified_time\" content=\"2025-04-05T19:25:06+00:00\" \/>\n<meta property=\"og:image\" content=\"https:\/\/www.mudanzascontrol.com\/wp-content\/uploads\/2019\/05\/Mudanzas-Barcelona-Control-1.jpg\" \/>\n\t<meta property=\"og:image:width\" content=\"3780\" \/>\n\t<meta property=\"og:image:height\" content=\"2530\" \/>\n\t<meta property=\"og:image:type\" content=\"image\/jpeg\" \/>\n<meta name=\"twitter:card\" content=\"summary_large_image\" \/>\n<meta name=\"twitter:site\" content=\"@MudanzasControl\" \/>\n<meta name=\"twitter:label1\" content=\"Temps estimat de lectura\" \/>\n\t<meta name=\"twitter:data1\" content=\"10 minuts\" \/>\n<script type=\"application\/ld+json\" class=\"yoast-schema-graph\">{\"@context\":\"https:\/\/schema.org\",\"@graph\":[{\"@type\":\"WebPage\",\"@id\":\"https:\/\/www.mudanzascontrol.com\/ca\/mudances-sant-just\/\",\"url\":\"https:\/\/www.mudanzascontrol.com\/ca\/mudances-sant-just\/\",\"name\":\"Mudances Sant Just Desvern i Sant Joan Despi | Control\",\"isPartOf\":{\"@id\":\"https:\/\/www.mudanzascontrol.com\/#website\"},\"datePublished\":\"2020-01-27T09:56:40+00:00\",\"dateModified\":\"2025-04-05T19:25:06+00:00\",\"description\":\"Realitzem mudances a Sant Just Desvern i Sant Joan Desp\u00ed amb personal i materials d'embalatge adequats. \u2714\ufe0f Pressupost gratu\u00eft.\",\"breadcrumb\":{\"@id\":\"https:\/\/www.mudanzascontrol.com\/ca\/mudances-sant-just\/#breadcrumb\"},\"inLanguage\":\"ca\",\"potentialAction\":[{\"@type\":\"ReadAction\",\"target\":[\"https:\/\/www.mudanzascontrol.com\/ca\/mudances-sant-just\/\"]}]},{\"@type\":\"BreadcrumbList\",\"@id\":\"https:\/\/www.mudanzascontrol.com\/ca\/mudances-sant-just\/#breadcrumb\",\"itemListElement\":[{\"@type\":\"ListItem\",\"position\":1,\"name\":\"Portada\",\"item\":\"https:\/\/www.mudanzascontrol.com\/ca\/inicio\/\"},{\"@type\":\"ListItem\",\"position\":2,\"name\":\"Mudances Sant Just\"}]},{\"@type\":\"WebSite\",\"@id\":\"https:\/\/www.mudanzascontrol.com\/#website\",\"url\":\"https:\/\/www.mudanzascontrol.com\/\",\"name\":\"Mudanzas Control\",\"description\":\"Empresa de Mudanzas en Barcelona\",\"publisher\":{\"@id\":\"https:\/\/www.mudanzascontrol.com\/#organization\"},\"alternateName\":\"CONTROL Mudanzas Barcelona\",\"potentialAction\":[{\"@type\":\"SearchAction\",\"target\":{\"@type\":\"EntryPoint\",\"urlTemplate\":\"https:\/\/www.mudanzascontrol.com\/?s={search_term_string}\"},\"query-input\":{\"@type\":\"PropertyValueSpecification\",\"valueRequired\":true,\"valueName\":\"search_term_string\"}}],\"inLanguage\":\"ca\"},{\"@type\":\"Organization\",\"@id\":\"https:\/\/www.mudanzascontrol.com\/#organization\",\"name\":\"CONTROL Mudanzas\",\"url\":\"https:\/\/www.mudanzascontrol.com\/\",\"logo\":{\"@type\":\"ImageObject\",\"inLanguage\":\"ca\",\"@id\":\"https:\/\/www.mudanzascontrol.com\/#\/schema\/logo\/image\/\",\"url\":\"https:\/\/www.mudanzascontrol.com\/wp-content\/uploads\/2019\/08\/Control-Mudanzas-Barcelona.jpg\",\"contentUrl\":\"https:\/\/www.mudanzascontrol.com\/wp-content\/uploads\/2019\/08\/Control-Mudanzas-Barcelona.jpg\",\"width\":500,\"height\":125,\"caption\":\"CONTROL Mudanzas\"},\"image\":{\"@id\":\"https:\/\/www.mudanzascontrol.com\/#\/schema\/logo\/image\/\"},\"sameAs\":[\"https:\/\/es-es.facebook.com\/MudanzasControl\/\",\"https:\/\/x.com\/MudanzasControl\",\"https:\/\/www.instagram.com\/mudanzascontrol\/\",\"https:\/\/www.linkedin.com\/company\/control-mudanzas-sl\",\"https:\/\/www.pinterest.es\/mudanzascontrol\/\",\"https:\/\/www.youtube.com\/user\/Guardamuebles1\"],\"description\":\"Empresa de mudanzas ubicada en Barcelona\",\"email\":\"comercial@mudanzascontrol.com\",\"telephone\":\"933340100\",\"legalName\":\"CONSORCIO DE TRANSITO Y ORGANIZACI\u00d3N LOG\u00cdSTICA EN MUDANZAS, SLU\",\"vatID\":\"B61104253\",\"taxID\":\"B61104253\",\"numberOfEmployees\":{\"@type\":\"QuantitativeValue\",\"minValue\":\"11\",\"maxValue\":\"50\"}}]}<\/script>\n<!-- \/ Yoast SEO Premium plugin. -->","yoast_head_json":{"title":"Mudances Sant Just Desvern i Sant Joan Despi | Control","description":"Realitzem mudances a Sant Just Desvern i Sant Joan Desp\u00ed amb personal i materials d'embalatge adequats. \u2714\ufe0f Pressupost gratu\u00eft.","robots":{"index":"index","follow":"follow","max-snippet":"max-snippet:-1","max-image-preview":"max-image-preview:large","max-video-preview":"max-video-preview:-1"},"canonical":"https:\/\/www.mudanzascontrol.com\/ca\/mudances-sant-just\/","og_locale":"ca_ES","og_type":"article","og_title":"Mudances Sant Just","og_description":"Som especialistes en mudances a Sant Just Desvern i Sant Joan Desp\u00ed, tant per a empreses, oficines o comer\u00e7os, com per a particulars que requereixen","og_url":"https:\/\/www.mudanzascontrol.com\/ca\/mudances-sant-just\/","og_site_name":"Mudanzas Control","article_publisher":"https:\/\/es-es.facebook.com\/MudanzasControl\/","article_modified_time":"2025-04-05T19:25:06+00:00","og_image":[{"width":3780,"height":2530,"url":"https:\/\/www.mudanzascontrol.com\/wp-content\/uploads\/2019\/05\/Mudanzas-Barcelona-Control-1.jpg","type":"image\/jpeg"}],"twitter_card":"summary_large_image","twitter_site":"@MudanzasControl","twitter_misc":{"Temps estimat de lectura":"10 minuts"},"schema":{"@context":"https:\/\/schema.org","@graph":[{"@type":"WebPage","@id":"https:\/\/www.mudanzascontrol.com\/ca\/mudances-sant-just\/","url":"https:\/\/www.mudanzascontrol.com\/ca\/mudances-sant-just\/","name":"Mudances Sant Just Desvern i Sant Joan Despi | Control","isPartOf":{"@id":"https:\/\/www.mudanzascontrol.com\/#website"},"datePublished":"2020-01-27T09:56:40+00:00","dateModified":"2025-04-05T19:25:06+00:00","description":"Realitzem mudances a Sant Just Desvern i Sant Joan Desp\u00ed amb personal i materials d'embalatge adequats. \u2714\ufe0f Pressupost gratu\u00eft.","breadcrumb":{"@id":"https:\/\/www.mudanzascontrol.com\/ca\/mudances-sant-just\/#breadcrumb"},"inLanguage":"ca","potentialAction":[{"@type":"ReadAction","target":["https:\/\/www.mudanzascontrol.com\/ca\/mudances-sant-just\/"]}]},{"@type":"BreadcrumbList","@id":"https:\/\/www.mudanzascontrol.com\/ca\/mudances-sant-just\/#breadcrumb","itemListElement":[{"@type":"ListItem","position":1,"name":"Portada","item":"https:\/\/www.mudanzascontrol.com\/ca\/inicio\/"},{"@type":"ListItem","position":2,"name":"Mudances Sant Just"}]},{"@type":"WebSite","@id":"https:\/\/www.mudanzascontrol.com\/#website","url":"https:\/\/www.mudanzascontrol.com\/","name":"Mudanzas Control","description":"Empresa de Mudanzas en Barcelona","publisher":{"@id":"https:\/\/www.mudanzascontrol.com\/#organization"},"alternateName":"CONTROL Mudanzas Barcelona","potentialAction":[{"@type":"SearchAction","target":{"@type":"EntryPoint","urlTemplate":"https:\/\/www.mudanzascontrol.com\/?s={search_term_string}"},"query-input":{"@type":"PropertyValueSpecification","valueRequired":true,"valueName":"search_term_string"}}],"inLanguage":"ca"},{"@type":"Organization","@id":"https:\/\/www.mudanzascontrol.com\/#organization","name":"CONTROL Mudanzas","url":"https:\/\/www.mudanzascontrol.com\/","logo":{"@type":"ImageObject","inLanguage":"ca","@id":"https:\/\/www.mudanzascontrol.com\/#\/schema\/logo\/image\/","url":"https:\/\/www.mudanzascontrol.com\/wp-content\/uploads\/2019\/08\/Control-Mudanzas-Barcelona.jpg","contentUrl":"https:\/\/www.mudanzascontrol.com\/wp-content\/uploads\/2019\/08\/Control-Mudanzas-Barcelona.jpg","width":500,"height":125,"caption":"CONTROL Mudanzas"},"image":{"@id":"https:\/\/www.mudanzascontrol.com\/#\/schema\/logo\/image\/"},"sameAs":["https:\/\/es-es.facebook.com\/MudanzasControl\/","https:\/\/x.com\/MudanzasControl","https:\/\/www.instagram.com\/mudanzascontrol\/","https:\/\/www.linkedin.com\/company\/control-mudanzas-sl","https:\/\/www.pinterest.es\/mudanzascontrol\/","https:\/\/www.youtube.com\/user\/Guardamuebles1"],"description":"Empresa de mudanzas ubicada en Barcelona","email":"comercial@mudanzascontrol.com","telephone":"933340100","legalName":"CONSORCIO DE TRANSITO Y ORGANIZACI\u00d3N LOG\u00cdSTICA EN MUDANZAS, SLU","vatID":"B61104253","taxID":"B61104253","numberOfEmployees":{"@type":"QuantitativeValue","minValue":"11","maxValue":"50"}}]}},"_links":{"self":[{"href":"https:\/\/www.mudanzascontrol.com\/ca\/wp-json\/wp\/v2\/pages\/6440","targetHints":{"allow":["GET"]}}],"collection":[{"href":"https:\/\/www.mudanzascontrol.com\/ca\/wp-json\/wp\/v2\/pages"}],"about":[{"href":"https:\/\/www.mudanzascontrol.com\/ca\/wp-json\/wp\/v2\/types\/page"}],"author":[{"embeddable":true,"href":"https:\/\/www.mudanzascontrol.com\/ca\/wp-json\/wp\/v2\/users\/5"}],"replies":[{"embeddable":true,"href":"https:\/\/www.mudanzascontrol.com\/ca\/wp-json\/wp\/v2\/comments?post=6440"}],"version-history":[{"count":0,"href":"https:\/\/www.mudanzascontrol.com\/ca\/wp-json\/wp\/v2\/pages\/6440\/revisions"}],"wp:attachment":[{"href":"https:\/\/www.mudanzascontrol.com\/ca\/wp-json\/wp\/v2\/media?parent=6440"}],"curies":[{"name":"wp","href":"https:\/\/api.w.org\/{rel}","templated":true}]}}