{"id":6441,"date":"2020-01-24T12:30:15","date_gmt":"2020-01-24T11:30:15","guid":{"rendered":"https:\/\/www.mudanzascontrol.com\/mudances-molins-de-rei\/"},"modified":"2025-04-05T20:26:37","modified_gmt":"2025-04-05T19:26:37","slug":"mudances-molins-de-rei","status":"publish","type":"page","link":"https:\/\/www.mudanzascontrol.com\/ca\/mudances-molins-de-rei\/","title":{"rendered":"Mudances Molins de Rei"},"content":{"rendered":"<div class=\"wpb-content-wrapper\"><p>[vc_row full_width=&#8221;stretch_row_content_no_spaces&#8221; css=&#8221;.vc_custom_1580119437372{background-image: url(https:\/\/www.mudanzascontrol.com\/wp-content\/uploads\/2019\/12\/Trasteros-Molins-de-Rei.jpg?id=3191) !important;background-position: center !important;background-repeat: no-repeat !important;background-size: cover !important;}&#8221;][vc_column]<div id=\"sc_content_605559650\"\n\t\tclass=\"sc_content sc_content_default sc_content_width_1_1\"><div class=\"sc_content_container\">[vc_empty_space height=&#8221;2.3em&#8221; alter_height=&#8221;none&#8221; hide_on_mobile=&#8221;&#8221;][vc_empty_space height=&#8221;6.35em&#8221; alter_height=&#8221;none&#8221; hide_on_mobile=&#8221;1&#8243;][vc_custom_heading text=&#8221;Mudances a Molins de Rei&#8221; font_container=&#8221;tag:h1|text_align:center|color:%23ffffff&#8221; use_theme_fonts=&#8221;yes&#8221; css=&#8221;.vc_custom_1743880136047{margin-top: 0px !important;margin-bottom: 0px !important;background-color: rgba(0,0,0,0.13) !important;*background-color: rgb(0,0,0) !important;border-radius: 20px !important;}&#8221;][vc_empty_space height=&#8221;7.4em&#8221; alter_height=&#8221;none&#8221; hide_on_mobile=&#8221;&#8221;][vc_empty_space height=&#8221;5em&#8221; alter_height=&#8221;none&#8221; hide_on_mobile=&#8221;1&#8243;]<\/div><\/div><!-- \/.sc_content -->[\/vc_column][\/vc_row][vc_row css=&#8221;.vc_custom_1572289424481{background-position: center !important;background-repeat: no-repeat !important;background-size: cover !important;}&#8221;][vc_column width=&#8221;1\/2&#8243; css=&#8221;.vc_custom_1549618095091{padding-top: 20px !important;}&#8221; offset=&#8221;vc_hidden-xs&#8221;][vc_single_image image=&#8221;2570&#8243; img_size=&#8221;full&#8221;][\/vc_column][vc_column width=&#8221;1\/2&#8243; css=&#8221;.vc_custom_1547546572410{margin-top: 10px !important;margin-left: 0px !important;}&#8221; el_class=&#8221;margin_left_0&#8243;][vc_empty_space height=&#8221;2em&#8221; alter_height=&#8221;none&#8221; hide_on_mobile=&#8221;&#8221;][vc_column_text]Som una empresa amb experi\u00e8ncia en mudances Molins de Rei, la qual t\u00e9 una traject\u00f2ria que acumula clients satisfets per la seva qualitat en l&#8217;atenci\u00f3 i els seus excel\u00b7lents preus. Realitzem mudances d&#8217;empreses, trasllats d&#8217;oficines, muntatge i desmuntatge de mobles, mudances d&#8217;habitatges, pisos i cases. <\/p>\n<p>Tenim un servei flexible que permet que els nostres clients seleccionin els serveis que s&#8217;ajustin a les seves necessitats prenent en compte la relaci\u00f3 qualitat-preu i oferint un pressupost a mida. Comptem amb els millors embaladors i muntadors per garantir mudances de gran qualitat. <\/p>\n<p>Oferim pressupostos gratu\u00efts i sense comprom\u00eds que poden sol\u00b7licitar-se per via online o de manera telef\u00f2nica amb absoluta comoditat i estalvi de temps. Facilitem el valor afegit de l&#8217;escala elevadora per a edificis de dif\u00edcil acc\u00e9s o sense ascensor per adaptar-nos a les necessitats de cada mudan\u00e7a.[\/vc_column_text][vc_empty_space height=&#8221;3em&#8221; alter_height=&#8221;none&#8221; hide_on_mobile=&#8221;&#8221;][vc_row_inner][vc_column_inner width=&#8221;1\/3&#8243; offset=&#8221;vc_hidden-sm vc_hidden-xs&#8221;][vc_single_image image=&#8221;4160&#8243; img_size=&#8221;full&#8221;][\/vc_column_inner][vc_column_inner width=&#8221;1\/3&#8243; offset=&#8221;vc_hidden-sm vc_hidden-xs&#8221;][vc_single_image image=&#8221;4159&#8243; img_size=&#8221;full&#8221;][\/vc_column_inner][vc_column_inner width=&#8221;1\/3&#8243; offset=&#8221;vc_hidden-sm vc_hidden-xs&#8221;][vc_single_image image=&#8221;4522&#8243; img_size=&#8221;full&#8221;][\/vc_column_inner][\/vc_row_inner][vc_empty_space height=&#8221;2em&#8221; alter_height=&#8221;none&#8221; hide_on_mobile=&#8221;&#8221;][\/vc_column][\/vc_row][vc_row full_width=&#8221;stretch_row_content_no_spaces&#8221; css=&#8221;.vc_custom_1548411051696{border-top-width: 10px !important;border-bottom-width: 10px !important;border-top-color: #0b518e !important;border-top-style: solid !important;border-bottom-color: #0b518e !important;border-bottom-style: solid !important;}&#8221;][vc_column][vc_empty_space height=&#8221;2em&#8221; alter_height=&#8221;none&#8221; hide_on_mobile=&#8221;&#8221;][vc_custom_heading text=&#8221;Mudances per a Fam\u00edlies i Empreses&#8221; font_container=&#8221;tag:h2|text_align:center|color:%230b518e&#8221; use_theme_fonts=&#8221;yes&#8221; css=&#8221;.vc_custom_1569690220905{margin-top: 0px !important;margin-bottom: 0px !important;}&#8221;][vc_empty_space height=&#8221;2em&#8221; alter_height=&#8221;none&#8221; hide_on_mobile=&#8221;&#8221;][\/vc_column][\/vc_row][vc_row full_width=&#8221;stretch_row_content_no_spaces&#8221;][vc_column][vc_empty_space height=&#8221;4em&#8221; alter_height=&#8221;none&#8221; hide_on_mobile=&#8221;&#8221;][\/vc_column][\/vc_row][vc_row css=&#8221;.vc_custom_1548412377941{background-color: #1e73be !important;}&#8221;][vc_column][vc_empty_space height=&#8221;2em&#8221; alter_height=&#8221;none&#8221; hide_on_mobile=&#8221;&#8221;][vc_custom_heading text=&#8221;Motius per escollir la nostra empresa:&#8221; font_container=&#8221;tag:h2|text_align:center|color:%23ffffff&#8221; use_theme_fonts=&#8221;yes&#8221; css=&#8221;.vc_custom_1579865132719{margin-top: 0px !important;margin-bottom: 0px !important;}&#8221;][vc_empty_space height=&#8221;2em&#8221; alter_height=&#8221;none&#8221; hide_on_mobile=&#8221;&#8221;][\/vc_column][\/vc_row][vc_row css=&#8221;.vc_custom_1548413444783{padding-bottom: 20px !important;background-color: #1e73be !important;}&#8221;][vc_column width=&#8221;1\/2&#8243;][vc_column_text css=&#8221;.vc_custom_1579865828942{padding-right: 10% !important;padding-left: 10% !important;}&#8221;]<\/p>\n<p><span style=\"color: #ffffff\">Pressupostos personalitzats per a les seves necessitats: oferint un servei de trasllat b\u00e0sic fins a la seva mudan\u00e7a incloent l&#8217; embalatge en caixes i muntatge de mobiliari complet.<\/span><\/p>\n<p><span style=\"color: #ffffff\">Assesistent personal durant el proc\u00e9s per a la perfecta execuci\u00f3 de la seva mudan\u00e7a. Una persona \u00fanica per atendre&#8217;l en tot el que necessiti. <\/span><\/p>\n<p><span style=\"color: #ffffff\">Sol\u00b7licitud de permisos d&#8217;estacionament a l&#8217;Ajuntament de Molins de Rei<\/span><\/p>\n<p><span style=\"color: #ffffff\">Personal fix i qualificat en plantilla i amb experi\u00e8ncia acreditada despr\u00e9s d&#8217; anys de treball a la nostra empresa.<\/span><\/p>\n<p>[\/vc_column_text][vc_empty_space height=&#8221;2em&#8221; alter_height=&#8221;none&#8221; hide_on_mobile=&#8221;&#8221;][\/vc_column][vc_column width=&#8221;1\/2&#8243;][vc_column_text css=&#8221;.vc_custom_1579865977051{padding-right: 10% !important;padding-left: 10% !important;}&#8221;]<\/p>\n<p><span style=\"color: #ffffff\">Plataformes elevadores i l&#8217; \u00faltima tecnologia per facilitar el treball en tot tipus d&#8217; edificacions.<\/span><\/p>\n<p><span style=\"color: #ffffff\">Treballem amb mobiliari especial i delicat.<\/span><\/p>\n<p><span style=\"color: #ffffff\">Materials d&#8217; embalatge d&#8217; alta qualitat, subministrats al seu domicili abans de la mudan\u00e7a per preparar-la.<\/span><\/p>\n<p><span style=\"color: #ffffff\">Assegurances espec\u00edfiques i detallades per a la manipulaci\u00f3 d&#8217; obres d&#8217; art o b\u00e9ns de gran valor.<\/span><\/p>\n<p><span style=\"color: #ffffff\">Magatzem propi per emmagatzemar les seves pertinences durant el temps que vost\u00e8 necessiti.<\/span><\/p>\n<p>[\/vc_column_text][\/vc_column][\/vc_row][vc_row full_width=&#8221;stretch_row_content_no_spaces&#8221;][vc_column][vc_empty_space height=&#8221;4em&#8221; alter_height=&#8221;none&#8221; hide_on_mobile=&#8221;&#8221;][\/vc_column][\/vc_row][vc_row css=&#8221;.vc_custom_1568891503406{margin-bottom: 20px !important;background-position: center !important;background-repeat: no-repeat !important;background-size: cover !important;}&#8221;][vc_column css=&#8221;.vc_custom_1547544523104{background-color: #ffffff !important;}&#8221;][vc_column_text css=&#8221;&#8221;]<\/p>\n<h2>Mudances de la Llar i Oficines<\/h2>\n<p><img loading=\"lazy\" decoding=\"async\" class=\"alignright wp-image-5893 size-wisemove-thumb-masonry\" src=\"https:\/\/www.mudanzascontrol.com\/wp-content\/uploads\/2025\/03\/Embalaje-370x278.jpg\" alt=\"Embalatge en mudan\u00e7a particular\" width=\"370\" height=\"278\" srcset=\"https:\/\/www.mudanzascontrol.com\/wp-content\/uploads\/2025\/03\/Embalaje-370x278.jpg 370w, https:\/\/www.mudanzascontrol.com\/wp-content\/uploads\/2025\/03\/Embalaje-300x225.jpg 300w, https:\/\/www.mudanzascontrol.com\/wp-content\/uploads\/2025\/03\/Embalaje-1024x768.jpg 1024w, https:\/\/www.mudanzascontrol.com\/wp-content\/uploads\/2025\/03\/Embalaje-768x576.jpg 768w, https:\/\/www.mudanzascontrol.com\/wp-content\/uploads\/2025\/03\/Embalaje-1536x1152.jpg 1536w, https:\/\/www.mudanzascontrol.com\/wp-content\/uploads\/2025\/03\/Embalaje-770x578.jpg 770w, https:\/\/www.mudanzascontrol.com\/wp-content\/uploads\/2025\/03\/Embalaje.jpg 2016w\" sizes=\"auto, (max-width: 370px) 100vw, 370px\" \/>Cada servei de trasllat compta amb un equip de diversos operaris depenent de la quantitat d&#8217;objectes i mobiliari a traslladar, els quals embalem amb materials de primera qualitat per garantir un 100% de protecci\u00f3 i seguretat.<\/p>\n<p>Addicionalment, disposem de servei de desmuntatge i muntatge de tot tipus de mobiliari com a soluci\u00f3 per estalviar esfor\u00e7os i p\u00e8rdua de temps innecess\u00e0ria als nostres clients. A m\u00e9s, oferim el transport directe porta a porta a qualsevol pa\u00eds. <\/p>\n<p>Els nostres assessors experts en mudances Molins de Rei s&#8217;ajustaran a les necessitats de cada client per arribar amb la seva seguretat a cobrir els seus requeriments. El nostre equip hum\u00e0 facilita la informaci\u00f3 sobre la recepci\u00f3 de les mudances en temps real. <\/p>\n<p>Disposem del millor servei perqu\u00e8 els clients no hagin de preocupar-se per les seves mudances, en contractar el millor equip de mudances. Poden sol\u00b7licitar els nostres serveis completant les dades del nostre formulari de contacte per obtenir el pressupost de mudances m\u00e9s ben adaptat al seu cas. A la nostra web tamb\u00e9 podr\u00e0 trobar diferents <a href=\"https:\/\/www.mudanzascontrol.com\/ca\/consells-mudances\/\">consells<\/a> perqu\u00e8 la seva mudan\u00e7a sigui tot un \u00e8xit o fins i tot que sigui mediambientalment m\u00e9s respectuosa. Llegeix els nostres tips sobre <a href=\"https:\/\/www.mudanzascontrol.com\/ca\/reciclar-les-caixes-de-mudances\/\">reutilitzaci\u00f3 de caixes de cartr\u00f3<\/a>, segur que alguna de les idees li servir\u00e0 per aprofitar les caixes despr\u00e9s de la seva mudan\u00e7a a Molins de Rei.   <\/p>\n<h3>Buidatge de pisos a Molins de Rei<\/h3>\n<p>A m\u00e9s dels serveis de mudan\u00e7a, tamb\u00e9 podem oferir el servei de buidatge de pisos i locals, per\u00f2 recordi que si el que necessita \u00e9s tan sols retirar algun element concret pot demanar de manera gratu\u00efta el servei de <a href=\"https:\/\/seu-e.cat\/ca\/web\/molinsderei\/tramits-i-gestions\/-\/tramits\/tramit\/14750706?p_auth=gZ49SVa7\" target=\"_blank\" rel=\"noopener\">Recollida de mobles i trastos vells al carrer<\/a> que l&#8217;Ajuntament de Molins de Rei ofereix de manera gratu\u00efta.<\/p>\n<h3>Guardamobles per a Molins de Rei<\/h3>\n<p>Si com a complement a la seva mudan\u00e7a tamb\u00e9 necessita un lloc econ\u00f2mic i segur on emmagatzemar els seus mobles i estris, no dubti a preguntar per les nostres ofertes. Si realitza la seva mudan\u00e7a d&#8217;entrada i sortida a guardamobles, li podem oferir un mes gratu\u00eft. Descobreixi tot el que podem oferir-li als nostres <a href=\"https:\/\/www.mudanzascontrol.com\/ca\/trasters-molins-de-rei\/\">guardamobles a prop de Molins de Rei<\/a>.[\/vc_column_text][vc_empty_space height=&#8221;3.15em&#8221; alter_height=&#8221;none&#8221; hide_on_mobile=&#8221;&#8221;][\/vc_column][\/vc_row][vc_row css=&#8221;.vc_custom_1568891514778{background-position: center !important;background-repeat: no-repeat !important;background-size: cover !important;}&#8221;][vc_column el_id=&#8221;formulario&#8221;]<div id=\"sc_content_17289441\"\n\t\tclass=\"sc_content sc_content_default sc_content_width_1_1\"><div class=\"sc_content_container\">[vc_row_inner][vc_column_inner width=&#8221;1\/2&#8243;][vc_empty_space height=&#8221;4em&#8221; alter_height=&#8221;none&#8221; hide_on_mobile=&#8221;1&#8243;][vc_custom_heading text=&#8221;Pressupost a mida&#8221; font_container=&#8221;tag:p|font_size:23px|text_align:left|color:%23d7d3cd&#8221; use_theme_fonts=&#8221;yes&#8221; css=&#8221;.vc_custom_1549622212231{margin-top: 0px !important;margin-bottom: 0px !important;}&#8221;][vc_empty_space height=&#8221;0.35em&#8221; alter_height=&#8221;none&#8221; hide_on_mobile=&#8221;&#8221;][vc_custom_heading text=&#8221;Sol\u00b7licitar Pressupost&#8221; font_container=&#8221;tag:h3|text_align:left|color:%2310228a&#8221; use_theme_fonts=&#8221;yes&#8221; css=&#8221;.vc_custom_1567702618198{margin-top: 0px !important;margin-bottom: 0px !important;}&#8221;][vc_empty_space height=&#8221;2.2em&#8221; alter_height=&#8221;none&#8221; hide_on_mobile=&#8221;&#8221;][vc_column_text]Facilitem materials per preparar la mudan\u00e7a, quan els clients prefereixen fer les tasques d&#8217;embalatge i empaquetat de les seves pertinences. Tamb\u00e9 tenim per a les mudances diferents tipus de caixes de cartr\u00f3 i materials diversos per a la vaixella, aix\u00ed com per protegir el mobiliari i altres objectes a mudar. <\/p>\n<p>Oferim trasllats d&#8217;equips inform\u00e0tics amb personal i mitjans especialitzats per a major garantia. Tamb\u00e9, prestem el servei de reciclatge de mobles de la manera m\u00e9s responsable i sostenible, una opci\u00f3 que oferim als nostres clients <\/p>\n<p>Fem mudances a la mida de cada client, destacant els serveis m\u00e9s especials per traslladar materials i equips de laboratori, obres d&#8217;art, biblioteques i molt m\u00e9s, sempre amb la millor atenci\u00f3 i millor servei.[\/vc_column_text][vc_empty_space height=&#8221;3.15em&#8221; alter_height=&#8221;none&#8221; hide_on_mobile=&#8221;&#8221;]<div id=\"sc_icons_632180690\" \n\tclass=\"sc_icons sc_icons_default sc_icons_size_small sc_align_left  vc_custom_1567702652016\"><div class=\"sc_icons_item sc_icons_item_linked\"><h4 class=\"sc_icons_title\"\n\n                 style=\"color: #97b628\"\n                    ><span>Tel\u00e9fono: 93 334 01 00<\/span><\/h4><a href=\"tel:+34933340100\" class=\"sc_icons_link\"><\/a><\/div><\/div><!-- \/.sc_icons -->[vc_empty_space height=&#8221;4.2em&#8221; alter_height=&#8221;none&#8221; hide_on_mobile=&#8221;&#8221;][\/vc_column_inner][vc_column_inner el_class=&#8221;contact_form_7 form1&#8243; width=&#8221;1\/2&#8243; scheme=&#8221;dark&#8221; css=&#8221;.vc_custom_1549621389345{padding-left: 115px !important;}&#8221;][vc_empty_space height=&#8221;3.85em&#8221; alter_height=&#8221;none&#8221; hide_on_mobile=&#8221;&#8221;]\n<div class=\"wpcf7 no-js\" id=\"wpcf7-f920-o1\" lang=\"en-US\" dir=\"ltr\" data-wpcf7-id=\"920\">\n<div class=\"screen-reader-response\"><p role=\"status\" aria-live=\"polite\" aria-atomic=\"true\"><\/p> <ul><\/ul><\/div>\n<form action=\"\/ca\/wp-json\/wp\/v2\/pages\/6441#wpcf7-f920-o1\" method=\"post\" class=\"wpcf7-form init wpcf7-acceptance-as-validation\" aria-label=\"Contact form\" novalidate=\"novalidate\" data-status=\"init\">\n<fieldset class=\"hidden-fields-container\"><input type=\"hidden\" name=\"_wpcf7\" value=\"920\" \/><input type=\"hidden\" name=\"_wpcf7_version\" value=\"6.1.5\" \/><input type=\"hidden\" name=\"_wpcf7_locale\" value=\"en_US\" \/><input type=\"hidden\" name=\"_wpcf7_unit_tag\" value=\"wpcf7-f920-o1\" \/><input type=\"hidden\" name=\"_wpcf7_container_post\" value=\"0\" \/><input type=\"hidden\" name=\"_wpcf7_posted_data_hash\" value=\"\" \/>\n<\/fieldset>\n<div class=\"formulario_contacto\">\n\t<label> <span class=\"wpcf7-form-control-wrap\" data-name=\"nombre\"><input size=\"40\" maxlength=\"400\" class=\"wpcf7-form-control wpcf7-text wpcf7-validates-as-required\" aria-required=\"true\" aria-invalid=\"false\" placeholder=\"Nombre:\" value=\"\" type=\"text\" name=\"nombre\" \/><\/span> <\/label>\n\t<label>\t<span class=\"wpcf7-form-control-wrap\" data-name=\"tel\"><input size=\"40\" maxlength=\"400\" class=\"wpcf7-form-control wpcf7-text wpcf7-validates-as-required\" aria-required=\"true\" aria-invalid=\"false\" placeholder=\"Tel\u00e9fono\" value=\"\" type=\"text\" name=\"tel\" \/><\/span> <\/label>\n\t<label> <span class=\"wpcf7-form-control-wrap\" data-name=\"email\"><input size=\"40\" maxlength=\"400\" class=\"wpcf7-form-control wpcf7-text wpcf7-validates-as-required\" aria-required=\"true\" aria-invalid=\"false\" placeholder=\"email\" value=\"\" type=\"text\" name=\"email\" \/><\/span> <\/label>\n\t<label> <span class=\"wpcf7-form-control-wrap\" data-name=\"fecha\"><input size=\"40\" maxlength=\"400\" class=\"wpcf7-form-control wpcf7-text\" aria-invalid=\"false\" placeholder=\"Fecha prevista del servicio\" value=\"\" type=\"text\" name=\"fecha\" \/><\/span><\/label>\n\t<label><span class=\"wpcf7-form-control-wrap\" data-name=\"comentarios\"><textarea cols=\"40\" rows=\"10\" maxlength=\"2000\" class=\"wpcf7-form-control wpcf7-textarea\" aria-invalid=\"false\" placeholder=\"Comentarios\" name=\"comentarios\"><\/textarea><\/span><\/label>\n\n\t<span class=\"wpcf7-form-control-wrap\" data-name=\"acceptance-129\"><span class=\"wpcf7-form-control wpcf7-acceptance optional\"><span class=\"wpcf7-list-item\"><label><input type=\"checkbox\" name=\"acceptance-129\" value=\"1\" aria-invalid=\"false\" \/><span class=\"wpcf7-list-item-label\">Acepto la <a rel=\"nofollow\" href=\"\/politica-privacidad.pdf\" target=\"_blank\">Pol\u00edtica de Privacidad<\/a>.<\/span><\/label><\/span><\/span><\/span>\n\n\t<div class=\"clear sc_item_button sc_button_wrap\"><input class=\"wpcf7-form-control wpcf7-submit has-spinner sc_button_default2\" type=\"submit\" value=\"Solicitar presupuesto\" \/><\/div>\n<\/div><div class=\"wpcf7-response-output\" aria-hidden=\"true\"><\/div>\n<\/form>\n<\/div>\n[vc_empty_space height=&#8221;1.85em&#8221; alter_height=&#8221;none&#8221; hide_on_mobile=&#8221;&#8221;][\/vc_column_inner][\/vc_row_inner]<\/div><\/div><!-- \/.sc_content -->[\/vc_column][\/vc_row][vc_row full_width=&#8221;stretch_row_content_no_spaces&#8221;][vc_column][vc_empty_space height=&#8221;4em&#8221; alter_height=&#8221;none&#8221; hide_on_mobile=&#8221;&#8221;][\/vc_column][\/vc_row][vc_row css=&#8221;.vc_custom_1568891524908{background-color: #f5f4f3 !important;}&#8221;][vc_column][vc_empty_space height=&#8221;1.9em&#8221; alter_height=&#8221;none&#8221; hide_on_mobile=&#8221;&#8221;]<div id=\"sc_content_1687492783\"\n\t\tclass=\"sc_content sc_content_default sc_content_width_1_1\"><div class=\"sc_content_container\">[vc_row_inner][vc_column_inner width=&#8221;1\/2&#8243;][vc_empty_space height=&#8221;2.25em&#8221; alter_height=&#8221;none&#8221; hide_on_mobile=&#8221;&#8221;][vc_custom_heading text=&#8221;Consells&#8221; font_container=&#8221;tag:p|font_size:35px|text_align:left|color:%2344413e&#8221; use_theme_fonts=&#8221;yes&#8221; css=&#8221;.vc_custom_1568904272623{margin-top: 0px !important;margin-bottom: 0px !important;}&#8221;][\/vc_column_inner][vc_column_inner width=&#8221;1\/2&#8243; offset=&#8221;vc_hidden-xs&#8221;][vc_empty_space height=&#8221;2.25em&#8221; alter_height=&#8221;none&#8221; hide_on_mobile=&#8221;1&#8243;]<div class=\"sc_item_button sc_button_wrap sc_align_center\"><a href=\"\/consejos-mudanza\/\" id=\"sc_button_1341303048\" class=\"sc_button sc_button_default sc_button_size_normal sc_button_icon_left\"><span class=\"sc_button_text sc_align_center\" data-text=\"Veure m\u00e9s consells\"><span class=\"sc_button_title\">Veure m\u00e9s consells<\/span><\/span><!-- \/.sc_button_text --><\/a><!-- \/.sc_button --><\/div><!-- \/.sc_item_button -->[\/vc_column_inner][\/vc_row_inner][vc_empty_space height=&#8221;2.8em&#8221; alter_height=&#8221;none&#8221; hide_on_mobile=&#8221;&#8221;][vc_basic_grid post_type=&#8221;post&#8221; max_items=&#8221;3&#8243; item=&#8221;basicGrid_NoAnimation&#8221; grid_id=&#8221;vc_gid:1743880402354-75cfc999-2cc2-9&#8243; taxonomies=&#8221;37&#8243;][vc_empty_space height=&#8221;2.8em&#8221; alter_height=&#8221;none&#8221; hide_on_mobile=&#8221;&#8221;]<\/div><\/div><!-- \/.sc_content -->[\/vc_column][\/vc_row][vc_row full_width=&#8221;stretch_row_content_no_spaces&#8221;][vc_column][vc_empty_space height=&#8221;4em&#8221; alter_height=&#8221;none&#8221; hide_on_mobile=&#8221;&#8221;][\/vc_column][\/vc_row][vc_row full_width=&#8221;stretch_row_content_no_spaces&#8221; css=&#8221;.vc_custom_1586518794539{background-image: url(https:\/\/www.mudanzascontrol.com\/wp-content\/uploads\/2019\/01\/seguridad-documentos.jpg?id=1069) !important;background-position: center !important;background-repeat: no-repeat !important;background-size: cover !important;}&#8221;][vc_column]<div id=\"sc_content_179677738\"\n\t\tclass=\"sc_content sc_content_default sc_content_width_1_1\"><div class=\"sc_content_container\">[vc_empty_space height=&#8221;2.4em&#8221; alter_height=&#8221;none&#8221; hide_on_mobile=&#8221;1&#8243;][vc_empty_space height=&#8221;1em&#8221; alter_height=&#8221;none&#8221; hide_on_mobile=&#8221;&#8221;][vc_custom_heading text=&#8221;Algun dubte? Estarem encantats d&apos;atendre&apos;l&#8221; font_container=&#8221;tag:p|font_size:35px|text_align:center|color:%2310228a&#8221; use_theme_fonts=&#8221;yes&#8221;][vc_row_inner el_class=&#8221;mobile_center&#8221;][vc_column_inner][vc_empty_space height=&#8221;0.6em&#8221; alter_height=&#8221;none&#8221; hide_on_mobile=&#8221;&#8221;]<div class=\"sc_item_button sc_button_wrap sc_align_center\"><a href=\"\/contacto\/\" id=\"sc_button_960978302\" class=\"sc_button sc_button_default  vc_custom_1569691266724 sc_button_size_normal sc_button_icon_left\"><span class=\"sc_button_text sc_align_right\" data-text=\"Contacte\"><span class=\"sc_button_title\">Contacte<\/span><\/span><!-- \/.sc_button_text --><\/a><!-- \/.sc_button --><\/div><!-- \/.sc_item_button -->[vc_empty_space height=&#8221;3.4em&#8221; alter_height=&#8221;none&#8221; hide_on_mobile=&#8221;1&#8243;][\/vc_column_inner][\/vc_row_inner]<\/div><\/div><!-- \/.sc_content -->[\/vc_column][\/vc_row]<\/p>\n<\/div>","protected":false},"excerpt":{"rendered":"<p>[vc_row full_width=&#8221;stretch_row_content_no_spaces&#8221; css=&#8221;.vc_custom_1580119437372{background-image: url(https:\/\/www.mudanzascontrol.com\/wp-content\/uploads\/2019\/12\/Trasteros-Molins-de-Rei.jpg?id=3191) !important;background-position: center !important;background-repeat: no-repeat !important;background-size: cover !important;}&#8221;][vc_column][\/vc_column][\/vc_row][vc_row css=&#8221;.vc_custom_1572289424481{background-position: center !important;background-repeat: no-repeat !important;background-size: cover !important;}&#8221;][vc_column width=&#8221;1\/2&#8243; css=&#8221;.vc_custom_1549618095091{padding-top: 20px !important;}&#8221; offset=&#8221;vc_hidden-xs&#8221;][vc_single_image image=&#8221;2570&#8243; img_size=&#8221;full&#8221;][\/vc_column][vc_column width=&#8221;1\/2&#8243; css=&#8221;.vc_custom_1547546572410{margin-top: 10px !important;margin-left: 0px !important;}&#8221; el_class=&#8221;margin_left_0&#8243;][vc_empty_space height=&#8221;2em&#8221; alter_height=&#8221;none&#8221; hide_on_mobile=&#8221;&#8221;][vc_column_text]Som una empresa amb experi\u00e8ncia en&hellip;<\/p>\n","protected":false},"author":5,"featured_media":0,"parent":0,"menu_order":0,"comment_status":"closed","ping_status":"closed","template":"","meta":{"footnotes":""},"class_list":["post-6441","page","type-page","status-publish","hentry"],"yoast_head":"<!-- This site is optimized with the Yoast SEO Premium plugin v27.1 (Yoast SEO v27.1.1) - https:\/\/yoast.com\/product\/yoast-seo-premium-wordpress\/ -->\n<title>Mudances Molins de Rei a la seva Mesura<\/title>\n<meta name=\"description\" content=\"Realitzem mudances a Molins de Rei i a tota la prov\u00edncia amb personal i camions de mudan\u00e7a adequats \u2714\ufe0f Pressupost gratu\u00eft\" \/>\n<meta name=\"robots\" content=\"index, follow, max-snippet:-1, max-image-preview:large, max-video-preview:-1\" \/>\n<link rel=\"canonical\" href=\"https:\/\/www.mudanzascontrol.com\/ca\/mudances-molins-de-rei\/\" \/>\n<meta property=\"og:locale\" content=\"ca_ES\" \/>\n<meta property=\"og:type\" content=\"article\" \/>\n<meta property=\"og:title\" content=\"Mudances Molins de Rei\" \/>\n<meta property=\"og:description\" content=\"Som una empresa amb experi\u00e8ncia en mudances Molins de Rei, la qual t\u00e9 una traject\u00f2ria que acumula clients satisfets per la seva qualitat en l&#039;atenci\u00f3 i\" \/>\n<meta property=\"og:url\" content=\"https:\/\/www.mudanzascontrol.com\/ca\/mudances-molins-de-rei\/\" \/>\n<meta property=\"og:site_name\" content=\"Mudanzas Control\" \/>\n<meta property=\"article:publisher\" content=\"https:\/\/es-es.facebook.com\/MudanzasControl\/\" \/>\n<meta property=\"article:modified_time\" content=\"2025-04-05T19:26:37+00:00\" \/>\n<meta property=\"og:image\" content=\"https:\/\/www.mudanzascontrol.com\/wp-content\/uploads\/2025\/03\/Embalaje.jpg\" \/>\n\t<meta property=\"og:image:width\" content=\"2016\" \/>\n\t<meta property=\"og:image:height\" content=\"1512\" \/>\n\t<meta property=\"og:image:type\" content=\"image\/jpeg\" \/>\n<meta name=\"twitter:card\" content=\"summary_large_image\" \/>\n<meta name=\"twitter:site\" content=\"@MudanzasControl\" \/>\n<meta name=\"twitter:label1\" content=\"Temps estimat de lectura\" \/>\n\t<meta name=\"twitter:data1\" content=\"11 minuts\" \/>\n<script type=\"application\/ld+json\" class=\"yoast-schema-graph\">{\"@context\":\"https:\/\/schema.org\",\"@graph\":[{\"@type\":\"WebPage\",\"@id\":\"https:\/\/www.mudanzascontrol.com\/ca\/mudances-molins-de-rei\/\",\"url\":\"https:\/\/www.mudanzascontrol.com\/ca\/mudances-molins-de-rei\/\",\"name\":\"Mudances Molins de Rei a la seva Mesura\",\"isPartOf\":{\"@id\":\"https:\/\/www.mudanzascontrol.com\/#website\"},\"primaryImageOfPage\":{\"@id\":\"https:\/\/www.mudanzascontrol.com\/ca\/mudances-molins-de-rei\/#primaryimage\"},\"image\":{\"@id\":\"https:\/\/www.mudanzascontrol.com\/ca\/mudances-molins-de-rei\/#primaryimage\"},\"thumbnailUrl\":\"https:\/\/www.mudanzascontrol.com\/wp-content\/uploads\/2025\/03\/Embalaje-370x278.jpg\",\"datePublished\":\"2020-01-24T11:30:15+00:00\",\"dateModified\":\"2025-04-05T19:26:37+00:00\",\"description\":\"Realitzem mudances a Molins de Rei i a tota la prov\u00edncia amb personal i camions de mudan\u00e7a adequats \u2714\ufe0f Pressupost gratu\u00eft\",\"breadcrumb\":{\"@id\":\"https:\/\/www.mudanzascontrol.com\/ca\/mudances-molins-de-rei\/#breadcrumb\"},\"inLanguage\":\"ca\",\"potentialAction\":[{\"@type\":\"ReadAction\",\"target\":[\"https:\/\/www.mudanzascontrol.com\/ca\/mudances-molins-de-rei\/\"]}]},{\"@type\":\"ImageObject\",\"inLanguage\":\"ca\",\"@id\":\"https:\/\/www.mudanzascontrol.com\/ca\/mudances-molins-de-rei\/#primaryimage\",\"url\":\"https:\/\/www.mudanzascontrol.com\/wp-content\/uploads\/2025\/03\/Embalaje-370x278.jpg\",\"contentUrl\":\"https:\/\/www.mudanzascontrol.com\/wp-content\/uploads\/2025\/03\/Embalaje-370x278.jpg\"},{\"@type\":\"BreadcrumbList\",\"@id\":\"https:\/\/www.mudanzascontrol.com\/ca\/mudances-molins-de-rei\/#breadcrumb\",\"itemListElement\":[{\"@type\":\"ListItem\",\"position\":1,\"name\":\"Portada\",\"item\":\"https:\/\/www.mudanzascontrol.com\/ca\/inicio\/\"},{\"@type\":\"ListItem\",\"position\":2,\"name\":\"Mudances Molins de Rei\"}]},{\"@type\":\"WebSite\",\"@id\":\"https:\/\/www.mudanzascontrol.com\/#website\",\"url\":\"https:\/\/www.mudanzascontrol.com\/\",\"name\":\"Mudanzas Control\",\"description\":\"Empresa de Mudanzas en Barcelona\",\"publisher\":{\"@id\":\"https:\/\/www.mudanzascontrol.com\/#organization\"},\"alternateName\":\"CONTROL Mudanzas Barcelona\",\"potentialAction\":[{\"@type\":\"SearchAction\",\"target\":{\"@type\":\"EntryPoint\",\"urlTemplate\":\"https:\/\/www.mudanzascontrol.com\/?s={search_term_string}\"},\"query-input\":{\"@type\":\"PropertyValueSpecification\",\"valueRequired\":true,\"valueName\":\"search_term_string\"}}],\"inLanguage\":\"ca\"},{\"@type\":\"Organization\",\"@id\":\"https:\/\/www.mudanzascontrol.com\/#organization\",\"name\":\"CONTROL Mudanzas\",\"url\":\"https:\/\/www.mudanzascontrol.com\/\",\"logo\":{\"@type\":\"ImageObject\",\"inLanguage\":\"ca\",\"@id\":\"https:\/\/www.mudanzascontrol.com\/#\/schema\/logo\/image\/\",\"url\":\"https:\/\/www.mudanzascontrol.com\/wp-content\/uploads\/2019\/08\/Control-Mudanzas-Barcelona.jpg\",\"contentUrl\":\"https:\/\/www.mudanzascontrol.com\/wp-content\/uploads\/2019\/08\/Control-Mudanzas-Barcelona.jpg\",\"width\":500,\"height\":125,\"caption\":\"CONTROL Mudanzas\"},\"image\":{\"@id\":\"https:\/\/www.mudanzascontrol.com\/#\/schema\/logo\/image\/\"},\"sameAs\":[\"https:\/\/es-es.facebook.com\/MudanzasControl\/\",\"https:\/\/x.com\/MudanzasControl\",\"https:\/\/www.instagram.com\/mudanzascontrol\/\",\"https:\/\/www.linkedin.com\/company\/control-mudanzas-sl\",\"https:\/\/www.pinterest.es\/mudanzascontrol\/\",\"https:\/\/www.youtube.com\/user\/Guardamuebles1\"],\"description\":\"Empresa de mudanzas ubicada en Barcelona\",\"email\":\"comercial@mudanzascontrol.com\",\"telephone\":\"933340100\",\"legalName\":\"CONSORCIO DE TRANSITO Y ORGANIZACI\u00d3N LOG\u00cdSTICA EN MUDANZAS, SLU\",\"vatID\":\"B61104253\",\"taxID\":\"B61104253\",\"numberOfEmployees\":{\"@type\":\"QuantitativeValue\",\"minValue\":\"11\",\"maxValue\":\"50\"}}]}<\/script>\n<!-- \/ Yoast SEO Premium plugin. -->","yoast_head_json":{"title":"Mudances Molins de Rei a la seva Mesura","description":"Realitzem mudances a Molins de Rei i a tota la prov\u00edncia amb personal i camions de mudan\u00e7a adequats \u2714\ufe0f Pressupost gratu\u00eft","robots":{"index":"index","follow":"follow","max-snippet":"max-snippet:-1","max-image-preview":"max-image-preview:large","max-video-preview":"max-video-preview:-1"},"canonical":"https:\/\/www.mudanzascontrol.com\/ca\/mudances-molins-de-rei\/","og_locale":"ca_ES","og_type":"article","og_title":"Mudances Molins de Rei","og_description":"Som una empresa amb experi\u00e8ncia en mudances Molins de Rei, la qual t\u00e9 una traject\u00f2ria que acumula clients satisfets per la seva qualitat en l'atenci\u00f3 i","og_url":"https:\/\/www.mudanzascontrol.com\/ca\/mudances-molins-de-rei\/","og_site_name":"Mudanzas Control","article_publisher":"https:\/\/es-es.facebook.com\/MudanzasControl\/","article_modified_time":"2025-04-05T19:26:37+00:00","og_image":[{"width":2016,"height":1512,"url":"https:\/\/www.mudanzascontrol.com\/wp-content\/uploads\/2025\/03\/Embalaje.jpg","type":"image\/jpeg"}],"twitter_card":"summary_large_image","twitter_site":"@MudanzasControl","twitter_misc":{"Temps estimat de lectura":"11 minuts"},"schema":{"@context":"https:\/\/schema.org","@graph":[{"@type":"WebPage","@id":"https:\/\/www.mudanzascontrol.com\/ca\/mudances-molins-de-rei\/","url":"https:\/\/www.mudanzascontrol.com\/ca\/mudances-molins-de-rei\/","name":"Mudances Molins de Rei a la seva Mesura","isPartOf":{"@id":"https:\/\/www.mudanzascontrol.com\/#website"},"primaryImageOfPage":{"@id":"https:\/\/www.mudanzascontrol.com\/ca\/mudances-molins-de-rei\/#primaryimage"},"image":{"@id":"https:\/\/www.mudanzascontrol.com\/ca\/mudances-molins-de-rei\/#primaryimage"},"thumbnailUrl":"https:\/\/www.mudanzascontrol.com\/wp-content\/uploads\/2025\/03\/Embalaje-370x278.jpg","datePublished":"2020-01-24T11:30:15+00:00","dateModified":"2025-04-05T19:26:37+00:00","description":"Realitzem mudances a Molins de Rei i a tota la prov\u00edncia amb personal i camions de mudan\u00e7a adequats \u2714\ufe0f Pressupost gratu\u00eft","breadcrumb":{"@id":"https:\/\/www.mudanzascontrol.com\/ca\/mudances-molins-de-rei\/#breadcrumb"},"inLanguage":"ca","potentialAction":[{"@type":"ReadAction","target":["https:\/\/www.mudanzascontrol.com\/ca\/mudances-molins-de-rei\/"]}]},{"@type":"ImageObject","inLanguage":"ca","@id":"https:\/\/www.mudanzascontrol.com\/ca\/mudances-molins-de-rei\/#primaryimage","url":"https:\/\/www.mudanzascontrol.com\/wp-content\/uploads\/2025\/03\/Embalaje-370x278.jpg","contentUrl":"https:\/\/www.mudanzascontrol.com\/wp-content\/uploads\/2025\/03\/Embalaje-370x278.jpg"},{"@type":"BreadcrumbList","@id":"https:\/\/www.mudanzascontrol.com\/ca\/mudances-molins-de-rei\/#breadcrumb","itemListElement":[{"@type":"ListItem","position":1,"name":"Portada","item":"https:\/\/www.mudanzascontrol.com\/ca\/inicio\/"},{"@type":"ListItem","position":2,"name":"Mudances Molins de Rei"}]},{"@type":"WebSite","@id":"https:\/\/www.mudanzascontrol.com\/#website","url":"https:\/\/www.mudanzascontrol.com\/","name":"Mudanzas Control","description":"Empresa de Mudanzas en Barcelona","publisher":{"@id":"https:\/\/www.mudanzascontrol.com\/#organization"},"alternateName":"CONTROL Mudanzas Barcelona","potentialAction":[{"@type":"SearchAction","target":{"@type":"EntryPoint","urlTemplate":"https:\/\/www.mudanzascontrol.com\/?s={search_term_string}"},"query-input":{"@type":"PropertyValueSpecification","valueRequired":true,"valueName":"search_term_string"}}],"inLanguage":"ca"},{"@type":"Organization","@id":"https:\/\/www.mudanzascontrol.com\/#organization","name":"CONTROL Mudanzas","url":"https:\/\/www.mudanzascontrol.com\/","logo":{"@type":"ImageObject","inLanguage":"ca","@id":"https:\/\/www.mudanzascontrol.com\/#\/schema\/logo\/image\/","url":"https:\/\/www.mudanzascontrol.com\/wp-content\/uploads\/2019\/08\/Control-Mudanzas-Barcelona.jpg","contentUrl":"https:\/\/www.mudanzascontrol.com\/wp-content\/uploads\/2019\/08\/Control-Mudanzas-Barcelona.jpg","width":500,"height":125,"caption":"CONTROL Mudanzas"},"image":{"@id":"https:\/\/www.mudanzascontrol.com\/#\/schema\/logo\/image\/"},"sameAs":["https:\/\/es-es.facebook.com\/MudanzasControl\/","https:\/\/x.com\/MudanzasControl","https:\/\/www.instagram.com\/mudanzascontrol\/","https:\/\/www.linkedin.com\/company\/control-mudanzas-sl","https:\/\/www.pinterest.es\/mudanzascontrol\/","https:\/\/www.youtube.com\/user\/Guardamuebles1"],"description":"Empresa de mudanzas ubicada en Barcelona","email":"comercial@mudanzascontrol.com","telephone":"933340100","legalName":"CONSORCIO DE TRANSITO Y ORGANIZACI\u00d3N LOG\u00cdSTICA EN MUDANZAS, SLU","vatID":"B61104253","taxID":"B61104253","numberOfEmployees":{"@type":"QuantitativeValue","minValue":"11","maxValue":"50"}}]}},"_links":{"self":[{"href":"https:\/\/www.mudanzascontrol.com\/ca\/wp-json\/wp\/v2\/pages\/6441","targetHints":{"allow":["GET"]}}],"collection":[{"href":"https:\/\/www.mudanzascontrol.com\/ca\/wp-json\/wp\/v2\/pages"}],"about":[{"href":"https:\/\/www.mudanzascontrol.com\/ca\/wp-json\/wp\/v2\/types\/page"}],"author":[{"embeddable":true,"href":"https:\/\/www.mudanzascontrol.com\/ca\/wp-json\/wp\/v2\/users\/5"}],"replies":[{"embeddable":true,"href":"https:\/\/www.mudanzascontrol.com\/ca\/wp-json\/wp\/v2\/comments?post=6441"}],"version-history":[{"count":0,"href":"https:\/\/www.mudanzascontrol.com\/ca\/wp-json\/wp\/v2\/pages\/6441\/revisions"}],"wp:attachment":[{"href":"https:\/\/www.mudanzascontrol.com\/ca\/wp-json\/wp\/v2\/media?parent=6441"}],"curies":[{"name":"wp","href":"https:\/\/api.w.org\/{rel}","templated":true}]}}