{"id":6455,"date":"2020-01-27T10:58:07","date_gmt":"2020-01-27T09:58:07","guid":{"rendered":"https:\/\/www.mudanzascontrol.com\/trasters-molins-de-rei\/"},"modified":"2025-04-05T20:25:13","modified_gmt":"2025-04-05T19:25:13","slug":"trasters-molins-de-rei","status":"publish","type":"page","link":"https:\/\/www.mudanzascontrol.com\/ca\/trasters-molins-de-rei\/","title":{"rendered":"Trasters Molins de Rei"},"content":{"rendered":"<div class=\"wpb-content-wrapper\"><p>[vc_row full_width=&#8221;stretch_row_content_no_spaces&#8221; css=&#8221;.vc_custom_1586625557579{background-image: url(https:\/\/www.mudanzascontrol.com\/wp-content\/uploads\/2019\/12\/trasteros-molins-de-rei.jpg?id=3212) !important;background-position: center !important;background-repeat: no-repeat !important;background-size: cover !important;}&#8221;][vc_column][vc_empty_space height=&#8221;2.3em&#8221; alter_height=&#8221;none&#8221; hide_on_mobile=&#8221;&#8221;][vc_empty_space height=&#8221;6.35em&#8221; alter_height=&#8221;none&#8221; hide_on_mobile=&#8221;1&#8243;][vc_custom_heading text=&#8221;Guardamobles i Trasters Molins de Rei&#8221; font_container=&#8221;tag:h1|text_align:center|color:%23ffffff&#8221; use_theme_fonts=&#8221;yes&#8221; css=&#8221;.vc_custom_1609084884434{margin-top: 0px !important;margin-bottom: 0px !important;background-color: rgba(0,0,0,0.13) !important;*background-color: rgb(0,0,0) !important;}&#8221;][vc_empty_space height=&#8221;7em&#8221; alter_height=&#8221;none&#8221; hide_on_mobile=&#8221;&#8221;][vc_empty_space height=&#8221;5em&#8221; alter_height=&#8221;none&#8221; hide_on_mobile=&#8221;1&#8243;][\/vc_column][\/vc_row][vc_row css=&#8221;.vc_custom_1572289424481{background-position: center !important;background-repeat: no-repeat !important;background-size: cover !important;}&#8221;][vc_column width=&#8221;1\/2&#8243; css=&#8221;.vc_custom_1547546572410{margin-top: 10px !important;margin-left: 0px !important;}&#8221; el_class=&#8221;margin_left_0&#8243;][vc_empty_space height=&#8221;2em&#8221; alter_height=&#8221;none&#8221; hide_on_mobile=&#8221;&#8221;][vc_column_text]<\/p>\n<p>Els nostres guardamobles i trasters per a Molins de Rei estan ubicats a Pallej\u00e0, molt a prop de la parada Quatre Camins. Per aix\u00f2, s\u00f3n f\u00e0cilment accessibles amb transport p\u00fablic, autob\u00fas i vehicle propi. Comptem amb amplis espais i contenidors de diferents mides i preus, per a \u00fas personal, comercial, industrial o professional.  <\/p>\n<p>Suportar grans costos d&#8217;un magatzem propi \u00e9s una c\u00e0rrega que poques vegades mereix la pena costejar, per la qual cosa un traster \u00e9s una gran soluci\u00f3 per comptar amb espais higi\u00e8nics, segurs i a un preu molt m\u00e9s assequible.<\/p>\n<p>La nostra capacitat d&#8217;adaptaci\u00f3 a les necessitats del cient ens permet oferir serveis a particulars, empreses i aut\u00f2noms. Comptem amb <a href=\"https:\/\/www.mudanzascontrol.com\/ca\/guardamobles\/\">guardamobles<\/a> per emmagatzemar les seves eines, productes, mobiliari i objectes de la llar, ja que els nostres espais s&#8217;adapten a les necessitats de cada client. <\/p>\n<p>[\/vc_column_text][vc_empty_space height=&#8221;2em&#8221; alter_height=&#8221;none&#8221; hide_on_mobile=&#8221;&#8221;][vc_row_inner][vc_column_inner width=&#8221;1\/3&#8243; offset=&#8221;vc_hidden-sm vc_hidden-xs&#8221;][vc_single_image image=&#8221;4160&#8243; img_size=&#8221;full&#8221;][\/vc_column_inner][vc_column_inner width=&#8221;1\/3&#8243; offset=&#8221;vc_hidden-sm vc_hidden-xs&#8221;][vc_single_image image=&#8221;4159&#8243; img_size=&#8221;full&#8221;][\/vc_column_inner][vc_column_inner width=&#8221;1\/3&#8243; offset=&#8221;vc_hidden-sm vc_hidden-xs&#8221;][vc_single_image image=&#8221;4522&#8243; img_size=&#8221;full&#8221;][\/vc_column_inner][\/vc_row_inner][vc_empty_space height=&#8221;2em&#8221; alter_height=&#8221;none&#8221; hide_on_mobile=&#8221;&#8221;][\/vc_column][vc_column width=&#8221;1\/2&#8243; css=&#8221;.vc_custom_1549618095091{padding-top: 20px !important;}&#8221; offset=&#8221;vc_hidden-xs&#8221;][vc_single_image image=&#8221;2570&#8243; img_size=&#8221;full&#8221;][\/vc_column][\/vc_row][vc_row full_width=&#8221;stretch_row_content_no_spaces&#8221; css=&#8221;.vc_custom_1548411051696{border-top-width: 10px !important;border-bottom-width: 10px !important;border-top-color: #0b518e !important;border-top-style: solid !important;border-bottom-color: #0b518e !important;border-bottom-style: solid !important;}&#8221;][vc_column][vc_empty_space height=&#8221;2em&#8221; alter_height=&#8221;none&#8221; hide_on_mobile=&#8221;&#8221;][vc_custom_heading text=&#8221;Lloguer de Trasters i Guardamobles&#8221; font_container=&#8221;tag:h2|text_align:center|color:%230b518e&#8221; use_theme_fonts=&#8221;yes&#8221; css=&#8221;.vc_custom_1586619946423{margin-top: 0px !important;margin-bottom: 0px !important;}&#8221;][vc_empty_space height=&#8221;2em&#8221; alter_height=&#8221;none&#8221; hide_on_mobile=&#8221;&#8221;][\/vc_column][\/vc_row][vc_row full_width=&#8221;stretch_row_content_no_spaces&#8221;][vc_column][vc_empty_space height=&#8221;4em&#8221; alter_height=&#8221;none&#8221; hide_on_mobile=&#8221;&#8221;][\/vc_column][\/vc_row][vc_row css=&#8221;.vc_custom_1548412377941{background-color: #1e73be !important;}&#8221;][vc_column][vc_empty_space height=&#8221;2em&#8221; alter_height=&#8221;none&#8221; hide_on_mobile=&#8221;&#8221;][vc_custom_heading text=&#8221;Motius per escollir el nostre guardamobles:&#8221; font_container=&#8221;tag:h2|text_align:center|color:%23ffffff&#8221; use_theme_fonts=&#8221;yes&#8221; css=&#8221;.vc_custom_1586624584207{margin-top: 0px !important;margin-bottom: 0px !important;}&#8221;][vc_empty_space height=&#8221;2em&#8221; alter_height=&#8221;none&#8221; hide_on_mobile=&#8221;&#8221;][\/vc_column][\/vc_row][vc_row css=&#8221;.vc_custom_1548413444783{padding-bottom: 20px !important;background-color: #1e73be !important;}&#8221;][vc_column width=&#8221;1\/2&#8243;][vc_column_text css=&#8221;.vc_custom_1586624564986{padding-right: 10% !important;padding-left: 10% !important;}&#8221;]<\/p>\n<p><span style=\"color: #ffffff\">Tarifes adaptades a l&#8217; espai necessari: a partir d&#8217; un contenidor petit de 10 metres c\u00fabics fins a espais de 200 metres quadrats.<\/span><\/p>\n<p><span style=\"color: #ffffff\">Assessoria personalitzada per trobar el seu traster perfecte. Una persona dedicada a atendre totes les seves consultes. <\/span><\/p>\n<p><span style=\"color: #ffffff\">Personal fix en la nostra plantilla i amb \u00e0mplia experi\u00e8ncia acreditada en el sector, per al transport fins a les nostres instal\u00b7lacions.<\/span><\/p>\n<p>[\/vc_column_text][vc_empty_space height=&#8221;2em&#8221; alter_height=&#8221;none&#8221; hide_on_mobile=&#8221;&#8221;][\/vc_column][vc_column width=&#8221;1\/2&#8243;][vc_column_text css=&#8221;.vc_custom_1586625330488{padding-right: 10% !important;padding-left: 10% !important;}&#8221;]<\/p>\n<p><span style=\"color: #ffffff\">Desmuntatge i muntatge de mobiliari sense sobre cost en el preu de la seva mudan\u00e7a.<\/span><\/p>\n<p><span style=\"color: #ffffff\">Materials d&#8217; embalatge de la m\u00e9s alta qualitat, subministrats en el seu domicili per preparar amb antelaci\u00f3 el seu trasllat.<\/span><\/p>\n<p><span style=\"color: #ffffff\">Assegurances espec\u00edfiques per al tractat i emmagatzematge d&#8217; obres d&#8217; art o b\u00e9ns de gran valor. Consulteu els nostres assessors. <\/span><\/p>\n<p><span style=\"color: #ffffff\">Magatzem protegit amb alarma i c\u00e0meres de seguretat per emmagatzemar els seus b\u00e9ns durant el temps que necessiti amb total tranquil\u00b7litat.<\/span><\/p>\n<p>[\/vc_column_text][\/vc_column][\/vc_row][vc_row full_width=&#8221;stretch_row_content_no_spaces&#8221;][vc_column][vc_empty_space height=&#8221;4em&#8221; alter_height=&#8221;none&#8221; hide_on_mobile=&#8221;&#8221;][\/vc_column][\/vc_row][vc_row css=&#8221;.vc_custom_1568891503406{margin-bottom: 20px !important;background-position: center !important;background-repeat: no-repeat !important;background-size: cover !important;}&#8221;][vc_column width=&#8221;1\/2&#8243; css=&#8221;.vc_custom_1547544523104{background-color: #ffffff !important;}&#8221;][vc_empty_space height=&#8221;4em&#8221; alter_height=&#8221;none&#8221; hide_on_mobile=&#8221;1&#8243;][vc_single_image image=&#8221;2509&#8243; img_size=&#8221;large&#8221;][vc_empty_space height=&#8221;1em&#8221; alter_height=&#8221;none&#8221; hide_on_mobile=&#8221;1&#8243;][\/vc_column][vc_column width=&#8221;1\/2&#8243;][vc_empty_space height=&#8221;2em&#8221; alter_height=&#8221;none&#8221; hide_on_mobile=&#8221;&#8221;][vc_custom_heading text=&#8221;Guardamobles Proper i Asseguran\u00e7a&#8221; font_container=&#8221;tag:h2|font_size:35px|text_align:center|color:%2310228a&#8221; use_theme_fonts=&#8221;yes&#8221; css=&#8221;.vc_custom_1586620183564{margin-top: 0px !important;margin-bottom: 0px !important;}&#8221;][vc_empty_space height=&#8221;2.2em&#8221; alter_height=&#8221;none&#8221; hide_on_mobile=&#8221;&#8221;][vc_column_text]<\/p>\n&#013;\n<p>Als trasters Molins de Rei facilitem serveis flexibles i oferim la disponibilitat de nous trasters per a clients que requereixin m\u00e9s espai per adaptar-se a les seves necessitats. Si redueix la seva ocupaci\u00f3 i allibera un contenidor, la tarifa tamb\u00e9 es veuria disminu\u00efda. Tot aix\u00f2, perqu\u00e8 el client disposi de flexibilitat i tan sols pagui per l&#8217;espai que realment ocupa.  <\/p>&#013;\n<p>Per transportar els seus b\u00e9ns a les nostres instal\u00b7lacions li oferim tarifes per a <a href=\"https:\/\/www.mudanzascontrol.com\/ca\/mudances-molins-de-rei\/\">mudances a Molins de Rei<\/a> ajustades per als serveis de 2, 3 i 4 operaris amb cami\u00f3. Qualsevol equip podr\u00e0 encarregar-se del desmuntatge de mobles, aix\u00ed com de la protecci\u00f3 i embalatge de la mercaderia. Cuideu-vos el seu cas i l&#8217;assessorarem sobre l&#8217;equip que millor dur\u00e0 a terme el seu trasllat fins al nostre guardamobles.  <\/p>&#013;\n<p>Els nostres horaris d&#8217;acc\u00e9s s\u00f3n de 9 a 13 hores i de 16 a 18 hores. Vingui a visitar-nos i comprovar\u00e0 per vost\u00e8 mateix la neteja i ordre dels nostres guardamobles i trasters per a Molins de Rei. <\/p>&#013;\n<p>[\/vc_column_text][vc_empty_space height=&#8221;3.15em&#8221; alter_height=&#8221;none&#8221; hide_on_mobile=&#8221;&#8221;][\/vc_column][\/vc_row][vc_row css=&#8221;.vc_custom_1568891514778{background-position: center !important;background-repeat: no-repeat !important;background-size: cover !important;}&#8221;][vc_column el_id=&#8221;formulario&#8221;]<div id=\"sc_content_642863960\"\n\t\tclass=\"sc_content sc_content_default sc_content_width_1_1\"><div class=\"sc_content_container\">[vc_row_inner][vc_column_inner width=&#8221;1\/2&#8243;][vc_empty_space height=&#8221;4em&#8221; alter_height=&#8221;none&#8221; hide_on_mobile=&#8221;1&#8243;][vc_custom_heading text=&#8221;Pressupost a mida&#8221; font_container=&#8221;tag:p|font_size:23px|text_align:left|color:%23d7d3cd&#8221; use_theme_fonts=&#8221;yes&#8221; css=&#8221;.vc_custom_1549622212231{margin-top: 0px !important;margin-bottom: 0px !important;}&#8221;][vc_empty_space height=&#8221;0.35em&#8221; alter_height=&#8221;none&#8221; hide_on_mobile=&#8221;&#8221;][vc_custom_heading text=&#8221;Sol\u00b7licitar Pressupost per a Guardamobles&#8221; font_container=&#8221;tag:h3|text_align:left|color:%2310228a&#8221; use_theme_fonts=&#8221;yes&#8221; css=&#8221;.vc_custom_1586620044120{margin-top: 0px !important;margin-bottom: 0px !important;}&#8221;][vc_empty_space height=&#8221;2.2em&#8221; alter_height=&#8221;none&#8221; hide_on_mobile=&#8221;&#8221;][vc_column_text]<\/p>&#013;\n<p>En el nostre guardamobles tenim espais des de 10 metres c\u00fabics de fins a magatzems privats de 200 metres quadrats. Oferim ofertes de trasters de diferents mesures per als qui requereixin m\u00e9s espai de magatzem. <\/p>&#013;\n<p>Oferim serveis que s&#8217;adapten a les mesures i necessitats de cada usuari i que tenen personal especialitzat per operar totes les gestions necess\u00e0ries per a l&#8217;emmagatzematge i cust\u00f2dia de mercaderies.<\/p>&#013;\n<p>[\/vc_column_text][vc_empty_space height=&#8221;3.15em&#8221; alter_height=&#8221;none&#8221; hide_on_mobile=&#8221;&#8221;]<div id=\"sc_icons_1096917736\" \n\tclass=\"sc_icons sc_icons_default sc_icons_size_small sc_align_left  vc_custom_1567702652016\"><div class=\"sc_icons_item sc_icons_item_linked\"><h4 class=\"sc_icons_title\"\n\n                 style=\"color: #97b628\"\n                    ><span>Tel\u00e9fono: 93 334 01 00<\/span><\/h4><a href=\"tel:+34933340100\" class=\"sc_icons_link\"><\/a><\/div><\/div><!-- \/.sc_icons -->[vc_empty_space height=&#8221;4.2em&#8221; alter_height=&#8221;none&#8221; hide_on_mobile=&#8221;&#8221;][\/vc_column_inner][vc_column_inner el_class=&#8221;contact_form_7 form1&#8243; width=&#8221;1\/2&#8243; scheme=&#8221;dark&#8221; css=&#8221;.vc_custom_1549621389345{padding-left: 115px !important;}&#8221;][vc_empty_space height=&#8221;3.85em&#8221; alter_height=&#8221;none&#8221; hide_on_mobile=&#8221;&#8221;]\n<div class=\"wpcf7 no-js\" id=\"wpcf7-f920-o1\" lang=\"en-US\" dir=\"ltr\" data-wpcf7-id=\"920\">\n<div class=\"screen-reader-response\"><p role=\"status\" aria-live=\"polite\" aria-atomic=\"true\"><\/p> <ul><\/ul><\/div>\n<form action=\"\/ca\/wp-json\/wp\/v2\/pages\/6455#wpcf7-f920-o1\" method=\"post\" class=\"wpcf7-form init wpcf7-acceptance-as-validation\" aria-label=\"Contact form\" novalidate=\"novalidate\" data-status=\"init\">\n<fieldset class=\"hidden-fields-container\"><input type=\"hidden\" name=\"_wpcf7\" value=\"920\" \/><input type=\"hidden\" name=\"_wpcf7_version\" value=\"6.1.5\" \/><input type=\"hidden\" name=\"_wpcf7_locale\" value=\"en_US\" \/><input type=\"hidden\" name=\"_wpcf7_unit_tag\" value=\"wpcf7-f920-o1\" \/><input type=\"hidden\" name=\"_wpcf7_container_post\" value=\"0\" \/><input type=\"hidden\" name=\"_wpcf7_posted_data_hash\" value=\"\" \/>\n<\/fieldset>\n<div class=\"formulario_contacto\">\n\t<label> <span class=\"wpcf7-form-control-wrap\" data-name=\"nombre\"><input size=\"40\" maxlength=\"400\" class=\"wpcf7-form-control wpcf7-text wpcf7-validates-as-required\" aria-required=\"true\" aria-invalid=\"false\" placeholder=\"Nombre:\" value=\"\" type=\"text\" name=\"nombre\" \/><\/span> <\/label>\n\t<label>\t<span class=\"wpcf7-form-control-wrap\" data-name=\"tel\"><input size=\"40\" maxlength=\"400\" class=\"wpcf7-form-control wpcf7-text wpcf7-validates-as-required\" aria-required=\"true\" aria-invalid=\"false\" placeholder=\"Tel\u00e9fono\" value=\"\" type=\"text\" name=\"tel\" \/><\/span> <\/label>\n\t<label> <span class=\"wpcf7-form-control-wrap\" data-name=\"email\"><input size=\"40\" maxlength=\"400\" class=\"wpcf7-form-control wpcf7-text wpcf7-validates-as-required\" aria-required=\"true\" aria-invalid=\"false\" placeholder=\"email\" value=\"\" type=\"text\" name=\"email\" \/><\/span> <\/label>\n\t<label> <span class=\"wpcf7-form-control-wrap\" data-name=\"fecha\"><input size=\"40\" maxlength=\"400\" class=\"wpcf7-form-control wpcf7-text\" aria-invalid=\"false\" placeholder=\"Fecha prevista del servicio\" value=\"\" type=\"text\" name=\"fecha\" \/><\/span><\/label>\n\t<label><span class=\"wpcf7-form-control-wrap\" data-name=\"comentarios\"><textarea cols=\"40\" rows=\"10\" maxlength=\"2000\" class=\"wpcf7-form-control wpcf7-textarea\" aria-invalid=\"false\" placeholder=\"Comentarios\" name=\"comentarios\"><\/textarea><\/span><\/label>\n\n\t<span class=\"wpcf7-form-control-wrap\" data-name=\"acceptance-129\"><span class=\"wpcf7-form-control wpcf7-acceptance optional\"><span class=\"wpcf7-list-item\"><label><input type=\"checkbox\" name=\"acceptance-129\" value=\"1\" aria-invalid=\"false\" \/><span class=\"wpcf7-list-item-label\">Acepto la <a rel=\"nofollow\" href=\"\/politica-privacidad.pdf\" target=\"_blank\">Pol\u00edtica de Privacidad<\/a>.<\/span><\/label><\/span><\/span><\/span>\n\n\t<div class=\"clear sc_item_button sc_button_wrap\"><input class=\"wpcf7-form-control wpcf7-submit has-spinner sc_button_default2\" type=\"submit\" value=\"Solicitar presupuesto\" \/><\/div>\n<\/div><div class=\"wpcf7-response-output\" aria-hidden=\"true\"><\/div>\n<\/form>\n<\/div>\n[vc_empty_space height=&#8221;1.85em&#8221; alter_height=&#8221;none&#8221; hide_on_mobile=&#8221;&#8221;][\/vc_column_inner][\/vc_row_inner]<\/div><\/div><!-- \/.sc_content -->[\/vc_column][\/vc_row][vc_row full_width=&#8221;stretch_row_content_no_spaces&#8221;][vc_column][vc_empty_space height=&#8221;4em&#8221; alter_height=&#8221;none&#8221; hide_on_mobile=&#8221;&#8221;][\/vc_column][\/vc_row][vc_row css=&#8221;.vc_custom_1568891524908{background-color: #f5f4f3 !important;}&#8221;][vc_column][vc_empty_space height=&#8221;1.9em&#8221; alter_height=&#8221;none&#8221; hide_on_mobile=&#8221;&#8221;]<div id=\"sc_content_118663344\"\n\t\tclass=\"sc_content sc_content_default sc_content_width_1_1\"><div class=\"sc_content_container\">[vc_row_inner][vc_column_inner width=&#8221;1\/2&#8243;][vc_empty_space height=&#8221;2.25em&#8221; alter_height=&#8221;none&#8221; hide_on_mobile=&#8221;&#8221;][vc_custom_heading text=&#8221;Consells&#8221; font_container=&#8221;tag:p|font_size:35px|text_align:left|color:%2344413e&#8221; use_theme_fonts=&#8221;yes&#8221; css=&#8221;.vc_custom_1568904272623{margin-top: 0px !important;margin-bottom: 0px !important;}&#8221;][\/vc_column_inner][vc_column_inner width=&#8221;1\/2&#8243; offset=&#8221;vc_hidden-xs&#8221;][vc_empty_space height=&#8221;2.25em&#8221; alter_height=&#8221;none&#8221; hide_on_mobile=&#8221;1&#8243;]<div class=\"sc_item_button sc_button_wrap sc_align_center\"><a href=\"\/consejos-mudanza\/\" id=\"sc_button_1663952912\" class=\"sc_button sc_button_default sc_button_size_normal sc_button_icon_left\"><span class=\"sc_button_text sc_align_center\" data-text=\"Veure m\u00e9s consells\"><span class=\"sc_button_title\">Veure m\u00e9s consells<\/span><\/span><!-- \/.sc_button_text --><\/a><!-- \/.sc_button --><\/div><!-- \/.sc_item_button -->[\/vc_column_inner][\/vc_row_inner][vc_empty_space height=&#8221;2.8em&#8221; alter_height=&#8221;none&#8221; hide_on_mobile=&#8221;&#8221;][vc_basic_grid post_type=&#8221;post&#8221; max_items=&#8221;3&#8243; item=&#8221;basicGrid_NoAnimation&#8221; grid_id=&#8221;vc_gid:1609084840401-a5318567-1c5f-1&#8243; taxonomies=&#8221;37&#8243;][vc_empty_space height=&#8221;2.8em&#8221; alter_height=&#8221;none&#8221; hide_on_mobile=&#8221;&#8221;]<\/div><\/div><!-- \/.sc_content -->[\/vc_column][\/vc_row][vc_row full_width=&#8221;stretch_row_content_no_spaces&#8221;][vc_column][vc_empty_space height=&#8221;4em&#8221; alter_height=&#8221;none&#8221; hide_on_mobile=&#8221;&#8221;][\/vc_column][\/vc_row][vc_row full_width=&#8221;stretch_row_content_no_spaces&#8221; css=&#8221;.vc_custom_1586528918037{background-image: url(https:\/\/www.mudanzascontrol.com\/wp-content\/uploads\/2019\/03\/guardamuebles3.jpg?id=1551) !important;background-position: center !important;background-repeat: no-repeat !important;background-size: cover !important;}&#8221;][vc_column]<div id=\"sc_content_740489094\"\n\t\tclass=\"sc_content sc_content_default sc_content_width_1_1\"><div class=\"sc_content_container\">[vc_empty_space height=&#8221;2.4em&#8221; alter_height=&#8221;none&#8221; hide_on_mobile=&#8221;1&#8243;][vc_empty_space height=&#8221;1em&#8221; alter_height=&#8221;none&#8221; hide_on_mobile=&#8221;&#8221;][vc_custom_heading text=&#8221;Algun dubte? Estarem encantats d&apos;atendre&apos;l&#8221; font_container=&#8221;tag:p|font_size:35px|text_align:center|color:%23ffffff&#8221; use_theme_fonts=&#8221;yes&#8221;][vc_row_inner el_class=&#8221;mobile_center&#8221;][vc_column_inner][vc_empty_space height=&#8221;0.6em&#8221; alter_height=&#8221;none&#8221; hide_on_mobile=&#8221;&#8221;]<div class=\"sc_item_button sc_button_wrap sc_align_center\"><a href=\"\/contacto\/\" id=\"sc_button_380638196\" class=\"sc_button sc_button_default  vc_custom_1569691266724 sc_button_size_normal sc_button_icon_left\"><span class=\"sc_button_text sc_align_right\" data-text=\"Contacte\"><span class=\"sc_button_title\">Contacte<\/span><\/span><!-- \/.sc_button_text --><\/a><!-- \/.sc_button --><\/div><!-- \/.sc_item_button -->[vc_empty_space height=&#8221;3.4em&#8221; alter_height=&#8221;none&#8221; hide_on_mobile=&#8221;1&#8243;][\/vc_column_inner][\/vc_row_inner]<\/div><\/div><!-- \/.sc_content -->[\/vc_column][\/vc_row]<\/p><\/div>","protected":false},"excerpt":{"rendered":"<p>[vc_row full_width=&#8221;stretch_row_content_no_spaces&#8221; css=&#8221;.vc_custom_1586625557579{background-image: url(https:\/\/www.mudanzascontrol.com\/wp-content\/uploads\/2019\/12\/trasteros-molins-de-rei.jpg?id=3212) !important;background-position: center !important;background-repeat: no-repeat !important;background-size: cover !important;}&#8221;][vc_column][vc_empty_space height=&#8221;2.3em&#8221; alter_height=&#8221;none&#8221; hide_on_mobile=&#8221;&#8221;][vc_empty_space height=&#8221;6.35em&#8221; alter_height=&#8221;none&#8221; hide_on_mobile=&#8221;1&#8243;][vc_custom_heading text=&#8221;Guardamobles i Trasters Molins de Rei&#8221; font_container=&#8221;tag:h1|text_align:center|color:%23ffffff&#8221; use_theme_fonts=&#8221;yes&#8221; css=&#8221;.vc_custom_1609084884434{margin-top: 0px !important;margin-bottom: 0px !important;background-color: rgba(0,0,0,0.13) !important;*background-color: rgb(0,0,0) !important;}&#8221;][vc_empty_space height=&#8221;7em&#8221; alter_height=&#8221;none&#8221; hide_on_mobile=&#8221;&#8221;][vc_empty_space height=&#8221;5em&#8221; alter_height=&#8221;none&#8221; hide_on_mobile=&#8221;1&#8243;][\/vc_column][\/vc_row][vc_row&hellip;<\/p>\n","protected":false},"author":5,"featured_media":0,"parent":0,"menu_order":0,"comment_status":"closed","ping_status":"closed","template":"","meta":{"footnotes":""},"class_list":["post-6455","page","type-page","status-publish","hentry"],"yoast_head":"<!-- This site is optimized with the Yoast SEO Premium plugin v27.1 (Yoast SEO v27.1.1) - https:\/\/yoast.com\/product\/yoast-seo-premium-wordpress\/ -->\n<title>Trasters Molins de Rei - Mudances i Guardamobles Control<\/title>\n<meta name=\"description\" content=\"Disposem de trasters a prop de Molins de Rei, a tan sols 2 minuts de l&#039;estaci\u00f3 Quatre Camins. \u2714\ufe0f Guardamobles econ\u00f2mic a Pallej\u00e0.\" \/>\n<meta name=\"robots\" content=\"index, follow, max-snippet:-1, max-image-preview:large, max-video-preview:-1\" \/>\n<link rel=\"canonical\" href=\"https:\/\/www.mudanzascontrol.com\/ca\/trasters-molins-de-rei\/\" \/>\n<meta property=\"og:locale\" content=\"ca_ES\" \/>\n<meta property=\"og:type\" content=\"article\" \/>\n<meta property=\"og:title\" content=\"Trasters Molins de Rei\" \/>\n<meta property=\"og:description\" content=\"Els nostres guardamobles i trasters per a Molins de Rei estan ubicats a Pallej\u00e0, molt a prop de la parada Quatre Camins. Per aix\u00f2, s\u00f3n f\u00e0cilment\" \/>\n<meta property=\"og:url\" content=\"https:\/\/www.mudanzascontrol.com\/ca\/trasters-molins-de-rei\/\" \/>\n<meta property=\"og:site_name\" content=\"Mudanzas Control\" \/>\n<meta property=\"article:publisher\" content=\"https:\/\/es-es.facebook.com\/MudanzasControl\/\" \/>\n<meta property=\"article:modified_time\" content=\"2025-04-05T19:25:13+00:00\" \/>\n<meta property=\"og:image\" content=\"https:\/\/www.mudanzascontrol.com\/wp-content\/uploads\/2019\/05\/Mudanzas-Barcelona-Control-1.jpg\" \/>\n\t<meta property=\"og:image:width\" content=\"3780\" \/>\n\t<meta property=\"og:image:height\" content=\"2530\" \/>\n\t<meta property=\"og:image:type\" content=\"image\/jpeg\" \/>\n<meta name=\"twitter:card\" content=\"summary_large_image\" \/>\n<meta name=\"twitter:site\" content=\"@MudanzasControl\" \/>\n<meta name=\"twitter:label1\" content=\"Temps estimat de lectura\" \/>\n\t<meta name=\"twitter:data1\" content=\"10 minuts\" \/>\n<script type=\"application\/ld+json\" class=\"yoast-schema-graph\">{\"@context\":\"https:\/\/schema.org\",\"@graph\":[{\"@type\":\"WebPage\",\"@id\":\"https:\/\/www.mudanzascontrol.com\/ca\/trasters-molins-de-rei\/\",\"url\":\"https:\/\/www.mudanzascontrol.com\/ca\/trasters-molins-de-rei\/\",\"name\":\"Trasters Molins de Rei - Mudances i Guardamobles Control\",\"isPartOf\":{\"@id\":\"https:\/\/www.mudanzascontrol.com\/#website\"},\"datePublished\":\"2020-01-27T09:58:07+00:00\",\"dateModified\":\"2025-04-05T19:25:13+00:00\",\"description\":\"Disposem de trasters a prop de Molins de Rei, a tan sols 2 minuts de l'estaci\u00f3 Quatre Camins. \u2714\ufe0f Guardamobles econ\u00f2mic a Pallej\u00e0.\",\"breadcrumb\":{\"@id\":\"https:\/\/www.mudanzascontrol.com\/ca\/trasters-molins-de-rei\/#breadcrumb\"},\"inLanguage\":\"ca\",\"potentialAction\":[{\"@type\":\"ReadAction\",\"target\":[\"https:\/\/www.mudanzascontrol.com\/ca\/trasters-molins-de-rei\/\"]}]},{\"@type\":\"BreadcrumbList\",\"@id\":\"https:\/\/www.mudanzascontrol.com\/ca\/trasters-molins-de-rei\/#breadcrumb\",\"itemListElement\":[{\"@type\":\"ListItem\",\"position\":1,\"name\":\"Portada\",\"item\":\"https:\/\/www.mudanzascontrol.com\/ca\/inicio\/\"},{\"@type\":\"ListItem\",\"position\":2,\"name\":\"Trasters Molins de Rei\"}]},{\"@type\":\"WebSite\",\"@id\":\"https:\/\/www.mudanzascontrol.com\/#website\",\"url\":\"https:\/\/www.mudanzascontrol.com\/\",\"name\":\"Mudanzas Control\",\"description\":\"Empresa de Mudanzas en Barcelona\",\"publisher\":{\"@id\":\"https:\/\/www.mudanzascontrol.com\/#organization\"},\"alternateName\":\"CONTROL Mudanzas Barcelona\",\"potentialAction\":[{\"@type\":\"SearchAction\",\"target\":{\"@type\":\"EntryPoint\",\"urlTemplate\":\"https:\/\/www.mudanzascontrol.com\/?s={search_term_string}\"},\"query-input\":{\"@type\":\"PropertyValueSpecification\",\"valueRequired\":true,\"valueName\":\"search_term_string\"}}],\"inLanguage\":\"ca\"},{\"@type\":\"Organization\",\"@id\":\"https:\/\/www.mudanzascontrol.com\/#organization\",\"name\":\"CONTROL Mudanzas\",\"url\":\"https:\/\/www.mudanzascontrol.com\/\",\"logo\":{\"@type\":\"ImageObject\",\"inLanguage\":\"ca\",\"@id\":\"https:\/\/www.mudanzascontrol.com\/#\/schema\/logo\/image\/\",\"url\":\"https:\/\/www.mudanzascontrol.com\/wp-content\/uploads\/2019\/08\/Control-Mudanzas-Barcelona.jpg\",\"contentUrl\":\"https:\/\/www.mudanzascontrol.com\/wp-content\/uploads\/2019\/08\/Control-Mudanzas-Barcelona.jpg\",\"width\":500,\"height\":125,\"caption\":\"CONTROL Mudanzas\"},\"image\":{\"@id\":\"https:\/\/www.mudanzascontrol.com\/#\/schema\/logo\/image\/\"},\"sameAs\":[\"https:\/\/es-es.facebook.com\/MudanzasControl\/\",\"https:\/\/x.com\/MudanzasControl\",\"https:\/\/www.instagram.com\/mudanzascontrol\/\",\"https:\/\/www.linkedin.com\/company\/control-mudanzas-sl\",\"https:\/\/www.pinterest.es\/mudanzascontrol\/\",\"https:\/\/www.youtube.com\/user\/Guardamuebles1\"],\"description\":\"Empresa de mudanzas ubicada en Barcelona\",\"email\":\"comercial@mudanzascontrol.com\",\"telephone\":\"933340100\",\"legalName\":\"CONSORCIO DE TRANSITO Y ORGANIZACI\u00d3N LOG\u00cdSTICA EN MUDANZAS, SLU\",\"vatID\":\"B61104253\",\"taxID\":\"B61104253\",\"numberOfEmployees\":{\"@type\":\"QuantitativeValue\",\"minValue\":\"11\",\"maxValue\":\"50\"}}]}<\/script>\n<!-- \/ Yoast SEO Premium plugin. -->","yoast_head_json":{"title":"Trasters Molins de Rei - Mudances i Guardamobles Control","description":"Disposem de trasters a prop de Molins de Rei, a tan sols 2 minuts de l'estaci\u00f3 Quatre Camins. \u2714\ufe0f Guardamobles econ\u00f2mic a Pallej\u00e0.","robots":{"index":"index","follow":"follow","max-snippet":"max-snippet:-1","max-image-preview":"max-image-preview:large","max-video-preview":"max-video-preview:-1"},"canonical":"https:\/\/www.mudanzascontrol.com\/ca\/trasters-molins-de-rei\/","og_locale":"ca_ES","og_type":"article","og_title":"Trasters Molins de Rei","og_description":"Els nostres guardamobles i trasters per a Molins de Rei estan ubicats a Pallej\u00e0, molt a prop de la parada Quatre Camins. Per aix\u00f2, s\u00f3n f\u00e0cilment","og_url":"https:\/\/www.mudanzascontrol.com\/ca\/trasters-molins-de-rei\/","og_site_name":"Mudanzas Control","article_publisher":"https:\/\/es-es.facebook.com\/MudanzasControl\/","article_modified_time":"2025-04-05T19:25:13+00:00","og_image":[{"width":3780,"height":2530,"url":"https:\/\/www.mudanzascontrol.com\/wp-content\/uploads\/2019\/05\/Mudanzas-Barcelona-Control-1.jpg","type":"image\/jpeg"}],"twitter_card":"summary_large_image","twitter_site":"@MudanzasControl","twitter_misc":{"Temps estimat de lectura":"10 minuts"},"schema":{"@context":"https:\/\/schema.org","@graph":[{"@type":"WebPage","@id":"https:\/\/www.mudanzascontrol.com\/ca\/trasters-molins-de-rei\/","url":"https:\/\/www.mudanzascontrol.com\/ca\/trasters-molins-de-rei\/","name":"Trasters Molins de Rei - Mudances i Guardamobles Control","isPartOf":{"@id":"https:\/\/www.mudanzascontrol.com\/#website"},"datePublished":"2020-01-27T09:58:07+00:00","dateModified":"2025-04-05T19:25:13+00:00","description":"Disposem de trasters a prop de Molins de Rei, a tan sols 2 minuts de l'estaci\u00f3 Quatre Camins. \u2714\ufe0f Guardamobles econ\u00f2mic a Pallej\u00e0.","breadcrumb":{"@id":"https:\/\/www.mudanzascontrol.com\/ca\/trasters-molins-de-rei\/#breadcrumb"},"inLanguage":"ca","potentialAction":[{"@type":"ReadAction","target":["https:\/\/www.mudanzascontrol.com\/ca\/trasters-molins-de-rei\/"]}]},{"@type":"BreadcrumbList","@id":"https:\/\/www.mudanzascontrol.com\/ca\/trasters-molins-de-rei\/#breadcrumb","itemListElement":[{"@type":"ListItem","position":1,"name":"Portada","item":"https:\/\/www.mudanzascontrol.com\/ca\/inicio\/"},{"@type":"ListItem","position":2,"name":"Trasters Molins de Rei"}]},{"@type":"WebSite","@id":"https:\/\/www.mudanzascontrol.com\/#website","url":"https:\/\/www.mudanzascontrol.com\/","name":"Mudanzas Control","description":"Empresa de Mudanzas en Barcelona","publisher":{"@id":"https:\/\/www.mudanzascontrol.com\/#organization"},"alternateName":"CONTROL Mudanzas Barcelona","potentialAction":[{"@type":"SearchAction","target":{"@type":"EntryPoint","urlTemplate":"https:\/\/www.mudanzascontrol.com\/?s={search_term_string}"},"query-input":{"@type":"PropertyValueSpecification","valueRequired":true,"valueName":"search_term_string"}}],"inLanguage":"ca"},{"@type":"Organization","@id":"https:\/\/www.mudanzascontrol.com\/#organization","name":"CONTROL Mudanzas","url":"https:\/\/www.mudanzascontrol.com\/","logo":{"@type":"ImageObject","inLanguage":"ca","@id":"https:\/\/www.mudanzascontrol.com\/#\/schema\/logo\/image\/","url":"https:\/\/www.mudanzascontrol.com\/wp-content\/uploads\/2019\/08\/Control-Mudanzas-Barcelona.jpg","contentUrl":"https:\/\/www.mudanzascontrol.com\/wp-content\/uploads\/2019\/08\/Control-Mudanzas-Barcelona.jpg","width":500,"height":125,"caption":"CONTROL Mudanzas"},"image":{"@id":"https:\/\/www.mudanzascontrol.com\/#\/schema\/logo\/image\/"},"sameAs":["https:\/\/es-es.facebook.com\/MudanzasControl\/","https:\/\/x.com\/MudanzasControl","https:\/\/www.instagram.com\/mudanzascontrol\/","https:\/\/www.linkedin.com\/company\/control-mudanzas-sl","https:\/\/www.pinterest.es\/mudanzascontrol\/","https:\/\/www.youtube.com\/user\/Guardamuebles1"],"description":"Empresa de mudanzas ubicada en Barcelona","email":"comercial@mudanzascontrol.com","telephone":"933340100","legalName":"CONSORCIO DE TRANSITO Y ORGANIZACI\u00d3N LOG\u00cdSTICA EN MUDANZAS, SLU","vatID":"B61104253","taxID":"B61104253","numberOfEmployees":{"@type":"QuantitativeValue","minValue":"11","maxValue":"50"}}]}},"_links":{"self":[{"href":"https:\/\/www.mudanzascontrol.com\/ca\/wp-json\/wp\/v2\/pages\/6455","targetHints":{"allow":["GET"]}}],"collection":[{"href":"https:\/\/www.mudanzascontrol.com\/ca\/wp-json\/wp\/v2\/pages"}],"about":[{"href":"https:\/\/www.mudanzascontrol.com\/ca\/wp-json\/wp\/v2\/types\/page"}],"author":[{"embeddable":true,"href":"https:\/\/www.mudanzascontrol.com\/ca\/wp-json\/wp\/v2\/users\/5"}],"replies":[{"embeddable":true,"href":"https:\/\/www.mudanzascontrol.com\/ca\/wp-json\/wp\/v2\/comments?post=6455"}],"version-history":[{"count":0,"href":"https:\/\/www.mudanzascontrol.com\/ca\/wp-json\/wp\/v2\/pages\/6455\/revisions"}],"wp:attachment":[{"href":"https:\/\/www.mudanzascontrol.com\/ca\/wp-json\/wp\/v2\/media?parent=6455"}],"curies":[{"name":"wp","href":"https:\/\/api.w.org\/{rel}","templated":true}]}}