{"id":6459,"date":"2020-02-27T15:07:06","date_gmt":"2020-02-27T14:07:06","guid":{"rendered":"https:\/\/www.mudanzascontrol.com\/transport-de-quadres\/"},"modified":"2025-04-05T20:25:14","modified_gmt":"2025-04-05T19:25:14","slug":"transport-de-quadres","status":"publish","type":"page","link":"https:\/\/www.mudanzascontrol.com\/ca\/transport-de-quadres\/","title":{"rendered":"Transport de Quadres"},"content":{"rendered":"<div class=\"wpb-content-wrapper\"><p>[vc_row full_width=&#8221;stretch_row_content_no_spaces&#8221; css=&#8221;.vc_custom_1561452093195{background-image: url(https:\/\/www.mudanzascontrol.com\/wp-content\/uploads\/2019\/02\/traslado-obras-de-arte.jpg?id=1341) !important;background-position: center !important;background-repeat: no-repeat !important;background-size: cover !important;}&#8221;][vc_column][vc_empty_space height=&#8221;4em&#8221; alter_height=&#8221;none&#8221; hide_on_mobile=&#8221;&#8221;][vc_empty_space height=&#8221;6.35em&#8221; alter_height=&#8221;none&#8221; hide_on_mobile=&#8221;1&#8243;][vc_custom_heading text=&#8221;Transport de Quadres i Llen\u00e7os&#8221; font_container=&#8221;tag:h1|text_align:center|color:%23ffffff&#8221; use_theme_fonts=&#8221;yes&#8221; css=&#8221;.vc_custom_1606858998944{margin-top: 0px !important;margin-bottom: 0px !important;background-color: rgba(0,0,0,0.13) !important;*background-color: rgb(0,0,0) !important;border-radius: 20px !important;}&#8221;][vc_empty_space height=&#8221;10em&#8221; alter_height=&#8221;none&#8221; hide_on_mobile=&#8221;&#8221;][vc_empty_space height=&#8221;5em&#8221; alter_height=&#8221;none&#8221; hide_on_mobile=&#8221;1&#8243;][\/vc_column][\/vc_row][vc_row css=&#8221;.vc_custom_1559902085095{background-position: center !important;background-repeat: no-repeat !important;background-size: cover !important;}&#8221;][vc_column width=&#8221;1\/2&#8243; css=&#8221;.vc_custom_1547546572410{margin-top: 10px !important;margin-left: 0px !important;}&#8221; el_class=&#8221;margin_left_0&#8243;][vc_empty_space height=&#8221;1em&#8221; alter_height=&#8221;none&#8221; hide_on_mobile=&#8221;&#8221;][vc_custom_heading text=&#8221;Transport de Quadres&#8221; font_container=&#8221;tag:h2|font_size:35|text_align:center|color:%2310228a&#8221; use_theme_fonts=&#8221;yes&#8221; css=&#8221;.vc_custom_1582812603944{margin-top: 0px !important;margin-bottom: 0px !important;}&#8221;][vc_empty_space height=&#8221;1em&#8221; alter_height=&#8221;none&#8221; hide_on_mobile=&#8221;&#8221;][vc_column_text]Dur a terme el transport d&#8217; un quadre o un tap\u00eds, com qualsevol altra obra d&#8217; art, \u00e9s un treball reservat a experts en la mat\u00e8ria, els quals poden facilitar els mitjans adequats i la seva experi\u00e8ncia per garantir un transport segur.<\/p>\n<p>Som una empresa especialitzada en el muntatge d&#8217;exposicions, aix\u00ed com en el trasllat d&#8217;objectes d&#8217;art, incloent quadres i tapissos. Utilitzem rutes segures acordades pr\u00e8viament amb el client i comptem amb un equip format espec\u00edficament per a aquest servei tan exclusiu. <\/p>\n<p>Treballem per a museus, galeries i col\u00b7leccionistes. Realitzem embalatges espec\u00edfics i ens encarreguem de contractar assegurances clau a clau. Els nostres trasllats s\u00f3n organitzats, nets i efica\u00e7os. Contacti&#8217;ns i l&#8217;assessorem.[\/vc_column_text][vc_empty_space height=&#8221;2em&#8221; alter_height=&#8221;none&#8221; hide_on_mobile=&#8221;&#8221;][vc_row_inner][vc_column_inner width=&#8221;1\/3&#8243; offset=&#8221;vc_hidden-sm vc_hidden-xs&#8221;][vc_single_image image=&#8221;4160&#8243; img_size=&#8221;full&#8221;][\/vc_column_inner][vc_column_inner width=&#8221;1\/3&#8243; offset=&#8221;vc_hidden-sm vc_hidden-xs&#8221;][vc_single_image image=&#8221;4159&#8243; img_size=&#8221;full&#8221;][\/vc_column_inner][vc_column_inner width=&#8221;1\/3&#8243; offset=&#8221;vc_hidden-sm vc_hidden-xs&#8221;][vc_single_image image=&#8221;4522&#8243; img_size=&#8221;full&#8221;][\/vc_column_inner][\/vc_row_inner][vc_empty_space height=&#8221;2em&#8221; alter_height=&#8221;none&#8221; hide_on_mobile=&#8221;&#8221;][\/vc_column][vc_column width=&#8221;1\/2&#8243; css=&#8221;.vc_custom_1556267217112{padding-top: 20px !important;}&#8221;][vc_single_image image=&#8221;2871&#8243; img_size=&#8221;large&#8221;][\/vc_column][\/vc_row][vc_row full_width=&#8221;stretch_row_content_no_spaces&#8221; css=&#8221;.vc_custom_1548411051696{border-top-width: 10px !important;border-bottom-width: 10px !important;border-top-color: #0b518e !important;border-top-style: solid !important;border-bottom-color: #0b518e !important;border-bottom-style: solid !important;}&#8221;][vc_column][vc_empty_space height=&#8221;2em&#8221; alter_height=&#8221;none&#8221; hide_on_mobile=&#8221;&#8221;][vc_custom_heading text=&#8221;L&apos;Art en Moviment&#8221; font_container=&#8221;tag:h2|text_align:center|color:%230b518e&#8221; use_theme_fonts=&#8221;yes&#8221; css=&#8221;.vc_custom_1559822353971{margin-top: 0px !important;margin-bottom: 0px !important;}&#8221;][vc_empty_space height=&#8221;2em&#8221; alter_height=&#8221;none&#8221; hide_on_mobile=&#8221;&#8221;][\/vc_column][\/vc_row][vc_row full_width=&#8221;stretch_row_content_no_spaces&#8221;][vc_column][vc_empty_space height=&#8221;4em&#8221; alter_height=&#8221;none&#8221; hide_on_mobile=&#8221;&#8221;][\/vc_column][\/vc_row][vc_row][vc_column width=&#8221;1\/4&#8243;][vc_single_image image=&#8221;4181&#8243; img_size=&#8221;large&#8221;][vc_empty_space height=&#8221;2em&#8221; hide_on_mobile=&#8221;&#8221;][vc_empty_space height=&#8221;2em&#8221; hide_on_mobile=&#8221;&#8221;][\/vc_column][vc_column width=&#8221;3\/4&#8243;][vc_tta_accordion active_section=&#8221;4&#8243;][vc_tta_section title=&#8221;Experi\u00e8ncia:&#8221; tab_id=&#8221;1553604828770-24dc88df-11c0&#8243;][vc_column_text css=&#8221;.vc_custom_1553605924672{padding-top: 20px !important;padding-bottom: 20px !important;}&#8221;]<strong>Experi\u00e8ncia:<\/strong> El 1984 iniciem la nostra andadura com a empresa de mudances, m\u00e9s de 30 anys despr\u00e9s hem adquirit l&#8217;experi\u00e8ncia necess\u00e0ria per participar en importants trasllats d&#8217;escultures, quadres, tapissos, cer\u00e0miques i altres obres d&#8217;art.[\/vc_column_text][\/vc_tta_section][vc_tta_section title=&#8221;Professionalitat:&#8221; tab_id=&#8221;1553604828873-d1e6d26b-aa6d&#8221;][vc_column_text css=&#8221;.vc_custom_1553605093419{padding-top: 20px !important;padding-bottom: 20px !important;}&#8221;]Professionalitat: La formaci\u00f3 dels nostres directors de projecte garanteixen un pla a mesura adequat a les condicions de cada obra, edifici i trajecte. El personal de moviment est\u00e0 format i instru\u00eft per a les tasques d&#8217;embalatge i manipulaci\u00f3 d&#8217;obres d&#8217;art i comprenen la import\u00e0ncia de preservar la integritat de cada b\u00e9 que transportem.[\/vc_column_text][\/vc_tta_section][vc_tta_section title=&#8221;Fiabilitat:&#8221; tab_id=&#8221;1553604878773-72145738-cd27&#8243;][vc_column_text css=&#8221;.vc_custom_1553605104019{padding-top: 20px !important;padding-bottom: 20px !important;}&#8221;]<strong>Fiabilitat:<\/strong> Organismes p\u00fablics com el Museu Nacional d&#8217;Art de Catalunya i el Museu del Disseny de Barcelona (DHUB) han recorregut als nostres serveis de manera continuada. A m\u00e9s de la confian\u00e7a dipositada pels nostres clients, comptem amb els m\u00e9s prestigiosos certificats de qualitat, gesti\u00f3 de l&#8217;impacte en el medi ambient i Prevenci\u00f3 de Riscos Laborals (normes ISO 9001, ISO 14001, OHSAS 18001).[\/vc_column_text][\/vc_tta_section][vc_tta_section title=&#8221;Capacitat:&#8221; tab_id=&#8221;1553604895952-b7870d59-601a&#8221;][vc_column_text css=&#8221;.vc_custom_1553605111281{padding-top: 20px !important;padding-bottom: 20px !important;}&#8221;]<strong>Capacitat:<\/strong> Posem a disposici\u00f3 del client els materials d&#8217; embalatge m\u00e9s adequats i comptem amb vehicles adequats per al trasllat d&#8217; obres d&#8217; art i mitjans de manipulaci\u00f3 espec\u00edfics: carros a mida, ponts grua, bastides, etc.[\/vc_column_text][\/vc_tta_section][\/vc_tta_accordion][\/vc_column][\/vc_row][vc_row css=&#8221;.vc_custom_1548412377941{background-color: #1e73be !important;}&#8221;][vc_column][vc_empty_space height=&#8221;3em&#8221; alter_height=&#8221;none&#8221; hide_on_mobile=&#8221;&#8221;][vc_custom_heading text=&#8221;Preservaci\u00f3 del patrimoni artisticocultural&#8221; font_container=&#8221;tag:h3|text_align:center|color:%23ffffff&#8221; use_theme_fonts=&#8221;yes&#8221; css=&#8221;.vc_custom_1586530973594{margin-top: 0px !important;margin-bottom: 0px !important;}&#8221;][vc_empty_space height=&#8221;2em&#8221; alter_height=&#8221;none&#8221; hide_on_mobile=&#8221;&#8221;][\/vc_column][\/vc_row][vc_row css=&#8221;.vc_custom_1548413444783{padding-bottom: 20px !important;background-color: #1e73be !important;}&#8221;][vc_column width=&#8221;1\/2&#8243;][vc_column_text css=&#8221;.vc_custom_1586530637883{padding-right: 10% !important;padding-left: 10% !important;}&#8221;]<span style=\"color: #ffffff;\">Planificaci\u00f3 de rutes convingudes amb el client per a cada transport.<\/span><\/p>\n<p><span style=\"color: #ffffff;\">Directors de projecte i personal de moviment, formats espec\u00edficament.<\/span><\/p>\n<p><span style=\"color: #ffffff;\">Embalatges a mida per a cada obra, segons les seves especificacions.<\/span>[\/vc_column_text][vc_empty_space height=&#8221;2em&#8221; alter_height=&#8221;none&#8221; hide_on_mobile=&#8221;&#8221;][\/vc_column][vc_column width=&#8221;1\/2&#8243;][vc_column_text css=&#8221;.vc_custom_1586530868420{padding-right: 10% !important;padding-left: 10% !important;}&#8221;]<span style=\"font-weight: 400; color: #ffffff;\">Tra\u00e7abilitat de tot el proc\u00e9s de trasllat i vehicles amb seguiment via GPS.<\/span><\/p>\n<p><span style=\"font-weight: 400; color: #ffffff;\">Coordinaci\u00f3 d&#8217; Activitats Empresarials per part del nostre departament de P.R.L.<\/span><\/p>\n<p><span style=\"color: #ffffff;\">Contractaci\u00f3 d&#8217; assegurances clau a clau per a tot servei de transport de quadres i tapissos.<\/span>[\/vc_column_text][\/vc_column][\/vc_row][vc_row full_width=&#8221;stretch_row_content_no_spaces&#8221;][vc_column][vc_empty_space height=&#8221;4em&#8221; alter_height=&#8221;none&#8221; hide_on_mobile=&#8221;&#8221;][\/vc_column][\/vc_row][vc_row css=&#8221;.vc_custom_1550490391017{background-position: center !important;background-repeat: no-repeat !important;background-size: cover !important;}&#8221;][vc_column width=&#8221;1\/2&#8243; css=&#8221;.vc_custom_1547544523104{background-color: #ffffff !important;}&#8221;][vc_empty_space height=&#8221;3em&#8221; alter_height=&#8221;none&#8221; hide_on_mobile=&#8221;1&#8243;][vc_single_image image=&#8221;2446&#8243; img_size=&#8221;large&#8221;][vc_empty_space height=&#8221;1em&#8221; alter_height=&#8221;none&#8221; hide_on_mobile=&#8221;&#8221;][\/vc_column][vc_column width=&#8221;1\/2&#8243;][vc_empty_space height=&#8221;2em&#8221; alter_height=&#8221;none&#8221; hide_on_mobile=&#8221;&#8221;][vc_custom_heading text=&#8221;Lliuraments en condicions ideals&#8221; font_container=&#8221;tag:h3|text_align:left|color:%2310228a&#8221; use_theme_fonts=&#8221;yes&#8221; css=&#8221;.vc_custom_1586530985388{margin-top: 0px !important;margin-bottom: 0px !important;}&#8221;][vc_empty_space height=&#8221;1em&#8221; alter_height=&#8221;none&#8221; hide_on_mobile=&#8221;&#8221;][vc_column_text]Comptem amb una flota de camions moderna i adaptada a les necessitats del servei per garantir l&#8217;estabilitat de temperatura i humitat durant el transport. Naturalment, aquests vehicles tamb\u00e9 equipen sistemes anti incendi, suspensi\u00f3 pneum\u00e0tica integral i plataforma elevadora posterior, entre altres avantatges. Tot aix\u00f2, per garantir que el transport no afecti la integritat dels quadres i obres traslladades.[\/vc_column_text][vc_empty_space height=&#8221;2em&#8221; alter_height=&#8221;none&#8221; hide_on_mobile=&#8221;&#8221;][vc_custom_heading text=&#8221;Embalatges a mida&#8221; font_container=&#8221;tag:h3|text_align:left|color:%2310228a&#8221; use_theme_fonts=&#8221;yes&#8221; css=&#8221;.vc_custom_1586530999179{margin-top: 0px !important;margin-bottom: 0px !important;}&#8221;][vc_empty_space height=&#8221;1em&#8221; alter_height=&#8221;none&#8221; hide_on_mobile=&#8221;&#8221;][vc_column_text]Tenim els millors materials de protecci\u00f3 per realitzar embalatges de qualsevol obra d&#8217; art: tapissos, est\u00e0tues, quadres, etc.<\/p>\n<p>Comptem amb embalatges de fusta de diverses categories, podent realitzar embalatges a mida de cada obra i tenint en compte les necessitats de preservaci\u00f3 de cada obra. Confeccionem embalatges amb escumes a\u00efllants com poliestirens i poli\u00e8ster, aix\u00ed com paper kraft per oferir un perfecte a\u00efllament durant el trasllat. <\/p>\n<p>Tamb\u00e9 oferim la possibilitat de realitzar embalatges especials fins i tot per a obres tridimensionals. Oferim m\u00e0xima seguretat per a les seves peces d&#8217;art durant el seu transport perqu\u00e8 a m\u00e9s d&#8217;utilitzar materials innovadors, comptem amb els contactes necessaris per involucrar els professionals m\u00e9s adequats en cada projecte.[\/vc_column_text][vc_empty_space height=&#8221;2.2em&#8221; alter_height=&#8221;none&#8221; hide_on_mobile=&#8221;&#8221;][\/vc_column][\/vc_row][vc_row css=&#8221;.vc_custom_1556269471876{background-position: center !important;background-repeat: no-repeat !important;background-size: cover !important;}&#8221;][vc_column el_id=&#8221;formulario&#8221;]<div id=\"sc_content_206354755\"\n\t\tclass=\"sc_content sc_content_default sc_content_width_1_1\"><div class=\"sc_content_container\">[vc_empty_space height=&#8221;4em&#8221; alter_height=&#8221;none&#8221; hide_on_mobile=&#8221;1&#8243;][vc_row_inner][vc_column_inner width=&#8221;1\/2&#8243;][vc_empty_space height=&#8221;4em&#8221; alter_height=&#8221;none&#8221; hide_on_mobile=&#8221;1&#8243;][vc_custom_heading text=&#8221;Pressupost a mida&#8221; font_container=&#8221;tag:p|font_size:23px|text_align:left|color:%23d7d3cd&#8221; use_theme_fonts=&#8221;yes&#8221; css=&#8221;.vc_custom_1549622212231{margin-top: 0px !important;margin-bottom: 0px !important;}&#8221;][vc_empty_space height=&#8221;0.35em&#8221; alter_height=&#8221;none&#8221; hide_on_mobile=&#8221;&#8221;][vc_custom_heading text=&#8221;Conegui el seu assessor personal&#8221; font_container=&#8221;tag:h3|text_align:left|color:%2310228a&#8221; use_theme_fonts=&#8221;yes&#8221; css=&#8221;.vc_custom_1556197607089{margin-top: 0px !important;margin-bottom: 0px !important;}&#8221;][vc_empty_space height=&#8221;2.2em&#8221; alter_height=&#8221;none&#8221; hide_on_mobile=&#8221;&#8221;][vc_column_text]Els clients que necessitin transportar quadres i altres estris molt delicats poden consultar els nostres \u00faltims projectes a trav\u00e9s de les xarxes socials com Twitter, Facebook, Instagram o simplement poden contactar-nos enviant un email amb el formulari de contacte que es troba a continuaci\u00f3 o trucant al nostre n\u00famero de tel\u00e8fon 933 34 01 00.<\/p>\n<p>El nostre equip d&#8217;assessors respondr\u00e0 r\u00e0pidament i li faran arribar un pressupost sense comprom\u00eds perqu\u00e8 pugui comptar amb una empresa de transport d&#8217;objectes d&#8217;art l\u00edder a Barcelona.[\/vc_column_text][vc_empty_space height=&#8221;3.15em&#8221; alter_height=&#8221;none&#8221; hide_on_mobile=&#8221;&#8221;]<div id=\"sc_icons_66499207\" \n\tclass=\"sc_icons sc_icons_default sc_icons_size_small sc_align_left  vc_custom_1567697907114\"><div class=\"sc_icons_item sc_icons_item_linked\"><h4 class=\"sc_icons_title\"\n\n                 style=\"color: #97b628\"\n                    ><span>Tel\u00e9fono: 93 334 01 00<\/span><\/h4><a href=\"tel:+34933340100\" class=\"sc_icons_link\"><\/a><\/div><\/div><!-- \/.sc_icons -->[vc_empty_space height=&#8221;4.2em&#8221; alter_height=&#8221;none&#8221; hide_on_mobile=&#8221;&#8221;][\/vc_column_inner][vc_column_inner el_class=&#8221;contact_form_7 form1&#8243; width=&#8221;1\/2&#8243; scheme=&#8221;dark&#8221; css=&#8221;.vc_custom_1549621389345{padding-left: 115px !important;}&#8221;][vc_empty_space height=&#8221;3.85em&#8221; alter_height=&#8221;none&#8221; hide_on_mobile=&#8221;&#8221;]\n<div class=\"wpcf7 no-js\" id=\"wpcf7-f920-o1\" lang=\"en-US\" dir=\"ltr\" data-wpcf7-id=\"920\">\n<div class=\"screen-reader-response\"><p role=\"status\" aria-live=\"polite\" aria-atomic=\"true\"><\/p> <ul><\/ul><\/div>\n<form action=\"\/ca\/wp-json\/wp\/v2\/pages\/6459#wpcf7-f920-o1\" method=\"post\" class=\"wpcf7-form init wpcf7-acceptance-as-validation\" aria-label=\"Contact form\" novalidate=\"novalidate\" data-status=\"init\">\n<fieldset class=\"hidden-fields-container\"><input type=\"hidden\" name=\"_wpcf7\" value=\"920\" \/><input type=\"hidden\" name=\"_wpcf7_version\" value=\"6.1.5\" \/><input type=\"hidden\" name=\"_wpcf7_locale\" value=\"en_US\" \/><input type=\"hidden\" name=\"_wpcf7_unit_tag\" value=\"wpcf7-f920-o1\" \/><input type=\"hidden\" name=\"_wpcf7_container_post\" value=\"0\" \/><input type=\"hidden\" name=\"_wpcf7_posted_data_hash\" value=\"\" \/>\n<\/fieldset>\n<div class=\"formulario_contacto\">\n\t<label> <span class=\"wpcf7-form-control-wrap\" data-name=\"nombre\"><input size=\"40\" maxlength=\"400\" class=\"wpcf7-form-control wpcf7-text wpcf7-validates-as-required\" aria-required=\"true\" aria-invalid=\"false\" placeholder=\"Nombre:\" value=\"\" type=\"text\" name=\"nombre\" \/><\/span> <\/label>\n\t<label>\t<span class=\"wpcf7-form-control-wrap\" data-name=\"tel\"><input size=\"40\" maxlength=\"400\" class=\"wpcf7-form-control wpcf7-text wpcf7-validates-as-required\" aria-required=\"true\" aria-invalid=\"false\" placeholder=\"Tel\u00e9fono\" value=\"\" type=\"text\" name=\"tel\" \/><\/span> <\/label>\n\t<label> <span class=\"wpcf7-form-control-wrap\" data-name=\"email\"><input size=\"40\" maxlength=\"400\" class=\"wpcf7-form-control wpcf7-text wpcf7-validates-as-required\" aria-required=\"true\" aria-invalid=\"false\" placeholder=\"email\" value=\"\" type=\"text\" name=\"email\" \/><\/span> <\/label>\n\t<label> <span class=\"wpcf7-form-control-wrap\" data-name=\"fecha\"><input size=\"40\" maxlength=\"400\" class=\"wpcf7-form-control wpcf7-text\" aria-invalid=\"false\" placeholder=\"Fecha prevista del servicio\" value=\"\" type=\"text\" name=\"fecha\" \/><\/span><\/label>\n\t<label><span class=\"wpcf7-form-control-wrap\" data-name=\"comentarios\"><textarea cols=\"40\" rows=\"10\" maxlength=\"2000\" class=\"wpcf7-form-control wpcf7-textarea\" aria-invalid=\"false\" placeholder=\"Comentarios\" name=\"comentarios\"><\/textarea><\/span><\/label>\n\n\t<span class=\"wpcf7-form-control-wrap\" data-name=\"acceptance-129\"><span class=\"wpcf7-form-control wpcf7-acceptance optional\"><span class=\"wpcf7-list-item\"><label><input type=\"checkbox\" name=\"acceptance-129\" value=\"1\" aria-invalid=\"false\" \/><span class=\"wpcf7-list-item-label\">Acepto la <a rel=\"nofollow\" href=\"\/politica-privacidad.pdf\" target=\"_blank\">Pol\u00edtica de Privacidad<\/a>.<\/span><\/label><\/span><\/span><\/span>\n\n\t<div class=\"clear sc_item_button sc_button_wrap\"><input class=\"wpcf7-form-control wpcf7-submit has-spinner sc_button_default2\" type=\"submit\" value=\"Solicitar presupuesto\" \/><\/div>\n<\/div><div class=\"wpcf7-response-output\" aria-hidden=\"true\"><\/div>\n<\/form>\n<\/div>\n[vc_empty_space height=&#8221;1.85em&#8221; alter_height=&#8221;none&#8221; hide_on_mobile=&#8221;&#8221;][\/vc_column_inner][\/vc_row_inner]<\/div><\/div><!-- \/.sc_content -->[\/vc_column][\/vc_row][vc_row full_width=&#8221;stretch_row_content_no_spaces&#8221;][vc_column][vc_empty_space height=&#8221;4em&#8221; alter_height=&#8221;none&#8221; hide_on_mobile=&#8221;&#8221;][\/vc_column][\/vc_row][vc_row css=&#8221;.vc_custom_1570918967292{padding-right: 20px !important;padding-left: 20px !important;background-color: #f5f4f3 !important;}&#8221;][vc_column][vc_empty_space height=&#8221;1.9em&#8221; alter_height=&#8221;none&#8221; hide_on_mobile=&#8221;&#8221;]<div id=\"sc_content_586891523\"\n\t\tclass=\"sc_content sc_content_default sc_content_width_1_1\"><div class=\"sc_content_container\">[vc_row_inner][vc_column_inner width=&#8221;1\/2&#8243;][vc_empty_space height=&#8221;2em&#8221; alter_height=&#8221;none&#8221; hide_on_mobile=&#8221;1&#8243;][vc_custom_heading text=&#8221;Projectes&#8221; font_container=&#8221;tag:h6|font_size:35px|text_align:left|color:%2344413e&#8221; use_theme_fonts=&#8221;yes&#8221; css=&#8221;.vc_custom_1581115338155{margin-top: 0px !important;margin-bottom: 0px !important;}&#8221; link=&#8221;|||&#8221;][vc_empty_space height=&#8221;2.25em&#8221; alter_height=&#8221;none&#8221; hide_on_mobile=&#8221;&#8221;][\/vc_column_inner][vc_column_inner width=&#8221;1\/2&#8243; offset=&#8221;vc_hidden-xs&#8221;][vc_empty_space height=&#8221;2em&#8221; alter_height=&#8221;none&#8221; hide_on_mobile=&#8221;1&#8243;]<div class=\"sc_item_button sc_button_wrap sc_align_center\"><a href=\"\/proyectos-recientes\/\" id=\"sc_button_171339727\" class=\"sc_button sc_button_default sc_button_size_normal sc_button_icon_left\"><span class=\"sc_button_text sc_align_center\" data-text=\"Veure m\u00e9s Projectes\"><span class=\"sc_button_title\">Veure m\u00e9s Projectes<\/span><\/span><!-- \/.sc_button_text --><\/a><!-- \/.sc_button --><\/div><!-- \/.sc_item_button -->[vc_empty_space height=&#8221;2.25em&#8221; alter_height=&#8221;none&#8221; hide_on_mobile=&#8221;&#8221;][\/vc_column_inner][\/vc_row_inner][vc_basic_grid post_type=&#8221;post&#8221; max_items=&#8221;3&#8243; item=&#8221;basicGrid_NoAnimation&#8221; grid_id=&#8221;vc_gid:1609083551599-5804feb5-f0f6-3&#8243; taxonomies=&#8221;29&#8243;][vc_empty_space height=&#8221;2.8em&#8221; alter_height=&#8221;none&#8221; hide_on_mobile=&#8221;&#8221;]<\/div><\/div><!-- \/.sc_content -->[\/vc_column][\/vc_row][vc_row][vc_column][vc_empty_space height=&#8221;3em&#8221; alter_height=&#8221;none&#8221; hide_on_mobile=&#8221;&#8221;][\/vc_column][\/vc_row][vc_row full_width=&#8221;stretch_row_content_no_spaces&#8221; css=&#8221;.vc_custom_1569601806062{background-image: url(https:\/\/www.mudanzascontrol.com\/wp-content\/uploads\/2019\/02\/transporte-de-obras-de-arte2.jpg?id=1350) !important;background-position: center !important;background-repeat: no-repeat !important;background-size: cover !important;}&#8221;][vc_column]<div id=\"sc_content_1390225128\"\n\t\tclass=\"sc_content sc_content_default sc_content_width_1_1\"><div class=\"sc_content_container\">[vc_empty_space height=&#8221;2.4em&#8221; alter_height=&#8221;none&#8221; hide_on_mobile=&#8221;1&#8243;][vc_empty_space height=&#8221;4.4em&#8221; alter_height=&#8221;none&#8221; hide_on_mobile=&#8221;&#8221;][vc_row_inner el_class=&#8221;mobile_center&#8221;][vc_column_inner]<div class=\"sc_item_button sc_button_wrap sc_align_center\"><a href=\"\/contacto\/\" id=\"sc_button_416803325\" class=\"sc_button sc_button_default  vc_custom_1556192093321 sc_button_size_normal sc_button_icon_left\"><span class=\"sc_button_text sc_align_right\" data-text=\"Contacte\"><span class=\"sc_button_title\">Contacte<\/span><\/span><!-- \/.sc_button_text --><\/a><!-- \/.sc_button --><\/div><!-- \/.sc_item_button -->[\/vc_column_inner][\/vc_row_inner][vc_empty_space height=&#8221;5.35em&#8221; alter_height=&#8221;none&#8221; hide_on_mobile=&#8221;1&#8243;][vc_empty_space height=&#8221;2.3em&#8221; alter_height=&#8221;none&#8221; hide_on_mobile=&#8221;&#8221;]<\/div><\/div><!-- \/.sc_content -->[\/vc_column][\/vc_row]<\/p>\n<\/div>","protected":false},"excerpt":{"rendered":"<p>[vc_row full_width=&#8221;stretch_row_content_no_spaces&#8221; css=&#8221;.vc_custom_1561452093195{background-image: url(https:\/\/www.mudanzascontrol.com\/wp-content\/uploads\/2019\/02\/traslado-obras-de-arte.jpg?id=1341) !important;background-position: center !important;background-repeat: no-repeat !important;background-size: cover !important;}&#8221;][vc_column][vc_empty_space height=&#8221;4em&#8221; alter_height=&#8221;none&#8221; hide_on_mobile=&#8221;&#8221;][vc_empty_space height=&#8221;6.35em&#8221; alter_height=&#8221;none&#8221; hide_on_mobile=&#8221;1&#8243;][vc_custom_heading text=&#8221;Transport de Quadres i Llen\u00e7os&#8221; font_container=&#8221;tag:h1|text_align:center|color:%23ffffff&#8221; use_theme_fonts=&#8221;yes&#8221; css=&#8221;.vc_custom_1606858998944{margin-top: 0px !important;margin-bottom: 0px !important;background-color: rgba(0,0,0,0.13) !important;*background-color: rgb(0,0,0) !important;border-radius: 20px !important;}&#8221;][vc_empty_space height=&#8221;10em&#8221; alter_height=&#8221;none&#8221; hide_on_mobile=&#8221;&#8221;][vc_empty_space height=&#8221;5em&#8221; alter_height=&#8221;none&#8221;&hellip;<\/p>\n","protected":false},"author":5,"featured_media":0,"parent":0,"menu_order":0,"comment_status":"closed","ping_status":"closed","template":"","meta":{"footnotes":""},"class_list":["post-6459","page","type-page","status-publish","hentry"],"yoast_head":"<!-- This site is optimized with the Yoast SEO Premium plugin v27.1 (Yoast SEO v27.1.1) - https:\/\/yoast.com\/product\/yoast-seo-premium-wordpress\/ -->\n<title>Transport de Quadres i Lienzos | Mudanzas Control<\/title>\n<meta name=\"description\" content=\"El transport de quadres i llen\u00e7os de cert valor s&#039; ha de fer per professionals. Gestionem el seu trasllat amb mitjans adequats.\" \/>\n<meta name=\"robots\" content=\"index, follow, max-snippet:-1, max-image-preview:large, max-video-preview:-1\" \/>\n<link rel=\"canonical\" href=\"https:\/\/www.mudanzascontrol.com\/ca\/transport-de-quadres\/\" \/>\n<meta property=\"og:locale\" content=\"ca_ES\" \/>\n<meta property=\"og:type\" content=\"article\" \/>\n<meta property=\"og:title\" content=\"Transport de Quadres\" \/>\n<meta property=\"og:description\" content=\"Dur a terme el transport d&#039; un quadre o un tap\u00eds, com qualsevol altra obra d&#039; art, \u00e9s un treball reservat a experts en la mat\u00e8ria, els quals poden\" \/>\n<meta property=\"og:url\" content=\"https:\/\/www.mudanzascontrol.com\/ca\/transport-de-quadres\/\" \/>\n<meta property=\"og:site_name\" content=\"Mudanzas Control\" \/>\n<meta property=\"article:publisher\" content=\"https:\/\/es-es.facebook.com\/MudanzasControl\/\" \/>\n<meta property=\"article:modified_time\" content=\"2025-04-05T19:25:14+00:00\" \/>\n<meta property=\"og:image\" content=\"https:\/\/www.mudanzascontrol.com\/wp-content\/uploads\/2019\/05\/Mudanzas-Barcelona-Control-1.jpg\" \/>\n\t<meta property=\"og:image:width\" content=\"3780\" \/>\n\t<meta property=\"og:image:height\" content=\"2530\" \/>\n\t<meta property=\"og:image:type\" content=\"image\/jpeg\" \/>\n<meta name=\"twitter:card\" content=\"summary_large_image\" \/>\n<meta name=\"twitter:site\" content=\"@MudanzasControl\" \/>\n<meta name=\"twitter:label1\" content=\"Temps estimat de lectura\" \/>\n\t<meta name=\"twitter:data1\" content=\"12 minuts\" \/>\n<script type=\"application\/ld+json\" class=\"yoast-schema-graph\">{\"@context\":\"https:\/\/schema.org\",\"@graph\":[{\"@type\":\"WebPage\",\"@id\":\"https:\/\/www.mudanzascontrol.com\/ca\/transport-de-quadres\/\",\"url\":\"https:\/\/www.mudanzascontrol.com\/ca\/transport-de-quadres\/\",\"name\":\"Transport de Quadres i Lienzos | Mudanzas Control\",\"isPartOf\":{\"@id\":\"https:\/\/www.mudanzascontrol.com\/#website\"},\"datePublished\":\"2020-02-27T14:07:06+00:00\",\"dateModified\":\"2025-04-05T19:25:14+00:00\",\"description\":\"El transport de quadres i llen\u00e7os de cert valor s' ha de fer per professionals. Gestionem el seu trasllat amb mitjans adequats.\",\"breadcrumb\":{\"@id\":\"https:\/\/www.mudanzascontrol.com\/ca\/transport-de-quadres\/#breadcrumb\"},\"inLanguage\":\"ca\",\"potentialAction\":[{\"@type\":\"ReadAction\",\"target\":[\"https:\/\/www.mudanzascontrol.com\/ca\/transport-de-quadres\/\"]}]},{\"@type\":\"BreadcrumbList\",\"@id\":\"https:\/\/www.mudanzascontrol.com\/ca\/transport-de-quadres\/#breadcrumb\",\"itemListElement\":[{\"@type\":\"ListItem\",\"position\":1,\"name\":\"Portada\",\"item\":\"https:\/\/www.mudanzascontrol.com\/ca\/inicio\/\"},{\"@type\":\"ListItem\",\"position\":2,\"name\":\"Transport de Quadres\"}]},{\"@type\":\"WebSite\",\"@id\":\"https:\/\/www.mudanzascontrol.com\/#website\",\"url\":\"https:\/\/www.mudanzascontrol.com\/\",\"name\":\"Mudanzas Control\",\"description\":\"Empresa de Mudanzas en Barcelona\",\"publisher\":{\"@id\":\"https:\/\/www.mudanzascontrol.com\/#organization\"},\"alternateName\":\"CONTROL Mudanzas Barcelona\",\"potentialAction\":[{\"@type\":\"SearchAction\",\"target\":{\"@type\":\"EntryPoint\",\"urlTemplate\":\"https:\/\/www.mudanzascontrol.com\/?s={search_term_string}\"},\"query-input\":{\"@type\":\"PropertyValueSpecification\",\"valueRequired\":true,\"valueName\":\"search_term_string\"}}],\"inLanguage\":\"ca\"},{\"@type\":\"Organization\",\"@id\":\"https:\/\/www.mudanzascontrol.com\/#organization\",\"name\":\"CONTROL Mudanzas\",\"url\":\"https:\/\/www.mudanzascontrol.com\/\",\"logo\":{\"@type\":\"ImageObject\",\"inLanguage\":\"ca\",\"@id\":\"https:\/\/www.mudanzascontrol.com\/#\/schema\/logo\/image\/\",\"url\":\"https:\/\/www.mudanzascontrol.com\/wp-content\/uploads\/2019\/08\/Control-Mudanzas-Barcelona.jpg\",\"contentUrl\":\"https:\/\/www.mudanzascontrol.com\/wp-content\/uploads\/2019\/08\/Control-Mudanzas-Barcelona.jpg\",\"width\":500,\"height\":125,\"caption\":\"CONTROL Mudanzas\"},\"image\":{\"@id\":\"https:\/\/www.mudanzascontrol.com\/#\/schema\/logo\/image\/\"},\"sameAs\":[\"https:\/\/es-es.facebook.com\/MudanzasControl\/\",\"https:\/\/x.com\/MudanzasControl\",\"https:\/\/www.instagram.com\/mudanzascontrol\/\",\"https:\/\/www.linkedin.com\/company\/control-mudanzas-sl\",\"https:\/\/www.pinterest.es\/mudanzascontrol\/\",\"https:\/\/www.youtube.com\/user\/Guardamuebles1\"],\"description\":\"Empresa de mudanzas ubicada en Barcelona\",\"email\":\"comercial@mudanzascontrol.com\",\"telephone\":\"933340100\",\"legalName\":\"CONSORCIO DE TRANSITO Y ORGANIZACI\u00d3N LOG\u00cdSTICA EN MUDANZAS, SLU\",\"vatID\":\"B61104253\",\"taxID\":\"B61104253\",\"numberOfEmployees\":{\"@type\":\"QuantitativeValue\",\"minValue\":\"11\",\"maxValue\":\"50\"}}]}<\/script>\n<!-- \/ Yoast SEO Premium plugin. -->","yoast_head_json":{"title":"Transport de Quadres i Lienzos | Mudanzas Control","description":"El transport de quadres i llen\u00e7os de cert valor s' ha de fer per professionals. Gestionem el seu trasllat amb mitjans adequats.","robots":{"index":"index","follow":"follow","max-snippet":"max-snippet:-1","max-image-preview":"max-image-preview:large","max-video-preview":"max-video-preview:-1"},"canonical":"https:\/\/www.mudanzascontrol.com\/ca\/transport-de-quadres\/","og_locale":"ca_ES","og_type":"article","og_title":"Transport de Quadres","og_description":"Dur a terme el transport d' un quadre o un tap\u00eds, com qualsevol altra obra d' art, \u00e9s un treball reservat a experts en la mat\u00e8ria, els quals poden","og_url":"https:\/\/www.mudanzascontrol.com\/ca\/transport-de-quadres\/","og_site_name":"Mudanzas Control","article_publisher":"https:\/\/es-es.facebook.com\/MudanzasControl\/","article_modified_time":"2025-04-05T19:25:14+00:00","og_image":[{"width":3780,"height":2530,"url":"https:\/\/www.mudanzascontrol.com\/wp-content\/uploads\/2019\/05\/Mudanzas-Barcelona-Control-1.jpg","type":"image\/jpeg"}],"twitter_card":"summary_large_image","twitter_site":"@MudanzasControl","twitter_misc":{"Temps estimat de lectura":"12 minuts"},"schema":{"@context":"https:\/\/schema.org","@graph":[{"@type":"WebPage","@id":"https:\/\/www.mudanzascontrol.com\/ca\/transport-de-quadres\/","url":"https:\/\/www.mudanzascontrol.com\/ca\/transport-de-quadres\/","name":"Transport de Quadres i Lienzos | Mudanzas Control","isPartOf":{"@id":"https:\/\/www.mudanzascontrol.com\/#website"},"datePublished":"2020-02-27T14:07:06+00:00","dateModified":"2025-04-05T19:25:14+00:00","description":"El transport de quadres i llen\u00e7os de cert valor s' ha de fer per professionals. Gestionem el seu trasllat amb mitjans adequats.","breadcrumb":{"@id":"https:\/\/www.mudanzascontrol.com\/ca\/transport-de-quadres\/#breadcrumb"},"inLanguage":"ca","potentialAction":[{"@type":"ReadAction","target":["https:\/\/www.mudanzascontrol.com\/ca\/transport-de-quadres\/"]}]},{"@type":"BreadcrumbList","@id":"https:\/\/www.mudanzascontrol.com\/ca\/transport-de-quadres\/#breadcrumb","itemListElement":[{"@type":"ListItem","position":1,"name":"Portada","item":"https:\/\/www.mudanzascontrol.com\/ca\/inicio\/"},{"@type":"ListItem","position":2,"name":"Transport de Quadres"}]},{"@type":"WebSite","@id":"https:\/\/www.mudanzascontrol.com\/#website","url":"https:\/\/www.mudanzascontrol.com\/","name":"Mudanzas Control","description":"Empresa de Mudanzas en Barcelona","publisher":{"@id":"https:\/\/www.mudanzascontrol.com\/#organization"},"alternateName":"CONTROL Mudanzas Barcelona","potentialAction":[{"@type":"SearchAction","target":{"@type":"EntryPoint","urlTemplate":"https:\/\/www.mudanzascontrol.com\/?s={search_term_string}"},"query-input":{"@type":"PropertyValueSpecification","valueRequired":true,"valueName":"search_term_string"}}],"inLanguage":"ca"},{"@type":"Organization","@id":"https:\/\/www.mudanzascontrol.com\/#organization","name":"CONTROL Mudanzas","url":"https:\/\/www.mudanzascontrol.com\/","logo":{"@type":"ImageObject","inLanguage":"ca","@id":"https:\/\/www.mudanzascontrol.com\/#\/schema\/logo\/image\/","url":"https:\/\/www.mudanzascontrol.com\/wp-content\/uploads\/2019\/08\/Control-Mudanzas-Barcelona.jpg","contentUrl":"https:\/\/www.mudanzascontrol.com\/wp-content\/uploads\/2019\/08\/Control-Mudanzas-Barcelona.jpg","width":500,"height":125,"caption":"CONTROL Mudanzas"},"image":{"@id":"https:\/\/www.mudanzascontrol.com\/#\/schema\/logo\/image\/"},"sameAs":["https:\/\/es-es.facebook.com\/MudanzasControl\/","https:\/\/x.com\/MudanzasControl","https:\/\/www.instagram.com\/mudanzascontrol\/","https:\/\/www.linkedin.com\/company\/control-mudanzas-sl","https:\/\/www.pinterest.es\/mudanzascontrol\/","https:\/\/www.youtube.com\/user\/Guardamuebles1"],"description":"Empresa de mudanzas ubicada en Barcelona","email":"comercial@mudanzascontrol.com","telephone":"933340100","legalName":"CONSORCIO DE TRANSITO Y ORGANIZACI\u00d3N LOG\u00cdSTICA EN MUDANZAS, SLU","vatID":"B61104253","taxID":"B61104253","numberOfEmployees":{"@type":"QuantitativeValue","minValue":"11","maxValue":"50"}}]}},"_links":{"self":[{"href":"https:\/\/www.mudanzascontrol.com\/ca\/wp-json\/wp\/v2\/pages\/6459","targetHints":{"allow":["GET"]}}],"collection":[{"href":"https:\/\/www.mudanzascontrol.com\/ca\/wp-json\/wp\/v2\/pages"}],"about":[{"href":"https:\/\/www.mudanzascontrol.com\/ca\/wp-json\/wp\/v2\/types\/page"}],"author":[{"embeddable":true,"href":"https:\/\/www.mudanzascontrol.com\/ca\/wp-json\/wp\/v2\/users\/5"}],"replies":[{"embeddable":true,"href":"https:\/\/www.mudanzascontrol.com\/ca\/wp-json\/wp\/v2\/comments?post=6459"}],"version-history":[{"count":0,"href":"https:\/\/www.mudanzascontrol.com\/ca\/wp-json\/wp\/v2\/pages\/6459\/revisions"}],"wp:attachment":[{"href":"https:\/\/www.mudanzascontrol.com\/ca\/wp-json\/wp\/v2\/media?parent=6459"}],"curies":[{"name":"wp","href":"https:\/\/api.w.org\/{rel}","templated":true}]}}